{"id":10495,"date":"2025-05-13T12:34:19","date_gmt":"2025-05-13T10:34:19","guid":{"rendered":"https:\/\/rubyni.com\/i-nostri-prodotti\/vitamina-c"},"modified":"2026-08-26T10:22:26","modified_gmt":"2026-08-26T08:22:26","slug":"rubyni-vitamina-c","status":"publish","type":"page","link":"https:\/\/rubyni.com\/it\/i-nostri-prodotti\/rubyni-essentials\/rubyni-vitamina-c","title":{"rendered":"Vitamina C"},"content":{"rendered":"<p>[et_pb_section fb_built=&#8221;1&#8243; admin_label=&#8221;Breadcrumbs-Container&#8221; module_class=&#8221;breadcrumbs-wrapper&#8221; _builder_version=&#8221;4.27.6&#8243; _module_preset=&#8221;default&#8221; custom_margin=&#8221;6rem||-4rem||false|false&#8221; custom_padding=&#8221;0px||0px||false|false&#8221; global_colors_info=&#8221;{}&#8221;][et_pb_row module_class=&#8221;breadcrumbs-row&#8221; _builder_version=&#8221;4.27.6&#8243; _module_preset=&#8221;default&#8221; max_width=&#8221;2560px&#8221; module_alignment=&#8221;center&#8221; custom_margin=&#8221;0px||0px||false|false&#8221; custom_padding=&#8221;0px||0px||false|false&#8221; global_colors_info=&#8221;{}&#8221;][et_pb_column type=&#8221;4_4&#8243; module_class=&#8221;breadcrumbs-row-col&#8221; _builder_version=&#8221;4.27.6&#8243; _module_preset=&#8221;default&#8221; global_colors_info=&#8221;{}&#8221;][lwp_divi_breadcrumbs font_icon=&#8221;&#x39;||divi||400&#8243; use_custom_home_link=&#8221;on&#8221; home_link=&#8221;#&#8221; module_class=&#8221;breadcrumbs-item&#8221; _builder_version=&#8221;4.27.6&#8243; _module_preset=&#8221;default&#8221; global_colors_info=&#8221;{}&#8221;][\/lwp_divi_breadcrumbs][\/et_pb_column][\/et_pb_row][\/et_pb_section][et_pb_section fb_built=&#8221;1&#8243; custom_padding_last_edited=&#8221;on|desktop&#8221; disabled_on=&#8221;off|off|off&#8221; admin_label=&#8221;Top Section &#8211; Slider + MYFA Elemente&#8221; module_class=&#8221;layout-relaunch-product-header&#8221; _builder_version=&#8221;4.27.4&#8243; _module_preset=&#8221;default&#8221; background_enable_color=&#8221;off&#8221; custom_margin=&#8221;25px||||false|false&#8221; custom_margin_tablet=&#8221;3rem||||false|false&#8221; custom_margin_phone=&#8221;3rem||||false|false&#8221; custom_margin_last_edited=&#8221;on|tablet&#8221; custom_padding=&#8221;|1rem||1rem|false|false&#8221; custom_padding_tablet=&#8221;|1rem||1rem|false|false&#8221; custom_padding_phone=&#8221;20px||||false|false&#8221; global_colors_info=&#8221;{}&#8221;][et_pb_row column_structure=&#8221;1_2,1_2&#8243; custom_padding_last_edited=&#8221;off|tablet&#8221; module_class=&#8221;product-img-wrapper&#8221; _builder_version=&#8221;4.27.4&#8243; _module_preset=&#8221;default&#8221; width_tablet=&#8221;100%&#8221; width_phone=&#8221;100%&#8221; width_last_edited=&#8221;on|tablet&#8221; custom_padding=&#8221;0px||||false|false&#8221; custom_padding_tablet=&#8221;6rem|1rem||1rem|false|false&#8221; custom_padding_phone=&#8221;||||false|false&#8221; global_colors_info=&#8221;{}&#8221;][et_pb_column type=&#8221;1_2&#8243; module_class=&#8221;custom-produktslider&#8221; _builder_version=&#8221;4.27.4&#8243; _module_preset=&#8221;default&#8221; global_colors_info=&#8221;{}&#8221;][et_pb_image src=&#8221;https:\/\/rubyni.com\/wp-content\/uploads\/2025\/08\/C-mit-Kapseln.webp&#8221; alt=&#8221;Confezione in PET di Rubyni Vitamina C, con due capsule marroni davanti alla confezione&#8221; title_text=&#8221;Lattina in PET di rubyni Vitamina C come mockup per illustrare la pagina del prodotto&#8221; _builder_version=&#8221;4.27.4&#8243; _module_preset=&#8221;default&#8221; custom_margin=&#8221;||0px||false|false&#8221; custom_padding=&#8221;||0px||false|false&#8221; global_colors_info=&#8221;{}&#8221;][\/et_pb_image][et_pb_image src=&#8221;https:\/\/rubyni.com\/wp-content\/uploads\/2025\/08\/C-Health-Claims.webp&#8221; alt=&#8221;Confezione in PET di rubyni Vitamina C con due capsule marroni sopra il coperchio, incorniciate dalle indicazioni sulla salute.&#8221; title_text=&#8221;Lattina in PET di rubyni Vitamina C con indicazioni sulla salute&#8221; _builder_version=&#8221;4.27.4&#8243; _module_preset=&#8221;default&#8221; custom_margin=&#8221;||0px||false|false&#8221; custom_padding=&#8221;||0px||false|false&#8221; global_colors_info=&#8221;{}&#8221;][\/et_pb_image][et_pb_image src=&#8221;https:\/\/rubyni.com\/wp-content\/uploads\/2025\/08\/C-Etikett.webp&#8221; alt=&#8221;Lattina in PET di rubyni Vitamina C con l&#8217;etichetta aperta&#8221; title_text=&#8221;Bottiglietta in PET di rubyni Vitamina C con l&#8217;elenco degli ingredienti&#8221; _builder_version=&#8221;4.27.4&#8243; _module_preset=&#8221;default&#8221; custom_margin=&#8221;||0px||false|false&#8221; custom_padding=&#8221;||0px||false|false&#8221; global_colors_info=&#8221;{}&#8221;][\/et_pb_image][et_pb_image src=&#8221;https:\/\/rubyni.com\/wp-content\/uploads\/2026\/02\/VitaminC_Slide4.webp&#8221; alt=&#8221;A sinistra nella foto c&#8217;\u00e8 una bustina in PET marrone scuro con un&#8217;etichetta nera (da fonti naturali, vegana, biologica). A destra c\u2019\u00e8 una donna che sorride e si porta una capsula alla bocca. Nell\u2019immagine c\u2019\u00e8 scritto: \u00abPerch\u00e9 la vitamina C? Il tuttofare per la tua salute. La vitamina C \u00e8 essenziale \u2013 per un sistema immunitario forte, una pelle sana e pi\u00f9 vitalit\u00e0.\u00bb  &#8221; title_text=&#8221;Immagine pubblicitaria per \u201crubyni Vitamin C\u201d&#8221; _builder_version=&#8221;4.27.5&#8243; _module_preset=&#8221;default&#8221; custom_margin=&#8221;||0px||false|false&#8221; custom_padding=&#8221;||0px||false|false&#8221; global_colors_info=&#8221;{}&#8221;][\/et_pb_image][et_pb_image src=&#8221;https:\/\/rubyni.com\/wp-content\/uploads\/2026\/02\/VitaminC_Zertifikat.webp&#8221; alt=&#8221;Immagine con una confezione del prodotto, testo e illustrazione del certificato di analisi della GBAGROUP&#8221; title_text=&#8221;Diapositiva che attesta la qualit\u00e0 certificata del prodotto&#8221; _builder_version=&#8221;4.27.5&#8243; _module_preset=&#8221;default&#8221; custom_margin=&#8221;||0px||false|false&#8221; custom_padding=&#8221;||0px||false|false&#8221; global_colors_info=&#8221;{}&#8221;][\/et_pb_image][et_pb_code module_class=&#8221;custom-slider-nav&#8221; _builder_version=&#8221;4.27.4&#8243; _module_preset=&#8221;default&#8221; custom_margin=&#8221;0px||0px||false|false&#8221; custom_padding=&#8221;0px||0px||false|false&#8221; global_colors_info=&#8221;{}&#8221;]<\/p>\n<div class=\"custom-produktslider-nav\"><\/div>\n<p>[\/et_pb_code][\/et_pb_column][et_pb_column type=&#8221;1_2&#8243; module_class=&#8221;product-img-wrapper-text&#8221; _builder_version=&#8221;4.27.4&#8243; _module_preset=&#8221;default&#8221; global_colors_info=&#8221;{}&#8221;][et_pb_text module_class=&#8221;h2-gross produkt-top hfinger-produkttitel-rechts&#8221; _builder_version=&#8221;4.27.6&#8243; _module_preset=&#8221;default&#8221; text_font_size=&#8221;20px&#8221; header_font=&#8221;Roboto|500|||||||&#8221; header_font_size=&#8221;50px&#8221; header_line_height=&#8221;1.2em&#8221; header_2_font=&#8221;Roboto|300|||||||&#8221; header_2_font_size=&#8221;50px&#8221; header_2_line_height=&#8221;1.2em&#8221; custom_margin=&#8221;||1rem||false|false&#8221; global_colors_info=&#8221;{}&#8221;]<\/p>\n<h2>rubyni<sup>\u00ae<\/sup> Vitamina C<\/h2>\n<h1>vitamina C di origine vegetale ricavata da acerola biologica e amla biologica<\/h1>\n<p>[\/et_pb_text][et_pb_text module_class=&#8221;h2-gross produkt-top hfinger-produkttext&#8221; _builder_version=&#8221;4.27.6&#8243; _module_preset=&#8221;default&#8221; text_font_size=&#8221;20px&#8221; header_font=&#8221;Roboto|500|||||||&#8221; header_font_size=&#8221;50px&#8221; header_line_height=&#8221;1.2em&#8221; header_2_font=&#8221;Roboto|500|||||||&#8221; header_2_font_size=&#8221;50px&#8221; header_2_line_height=&#8221;1.2em&#8221; global_colors_info=&#8221;{}&#8221;]<\/p>\n<p><strong>Integratore alimentare con vitamina C ricavata da polvere di acerola biologica ed estratto di amla biologico. 100% vegano, senza glutine e senza lattosio, 100% biologico. <\/strong><\/p>\n<p><strong>Ingredienti<\/strong>: estratto di frutto di amla biologico (da <em>Emblica officinalis<\/em>, 50% di vitamina C), polvere di frutto di acerola biologica (da <em>Malpighia glabra<\/em>, liofilizzata, 20% di vitamina C), agente di rivestimento idrossipropilmetilcellulosa (involucro della capsula di origine vegetale).<\/p>\n<p><strong>Una capsula contiene 164 mg di polvere di acerola e 359 mg di estratto di amla, per un totale di 212 mg di vitamina C \u2013 pari al 266% del fabbisogno giornaliero secondo i NRV*.  <\/strong><\/p>\n<p>*NRV = Valore di riferimento nutrizionale (per gli adulti secondo il regolamento sull&#8217;informazione alimentare (LMIV))<\/p>\n<p><strong>Modalit\u00e0 d&#8217;uso<\/strong>: assumere una o due capsule al giorno con acqua a sufficienza, senza masticarle \u2013 non a stomaco vuoto. Distribuire le due capsule in due assunzioni separate. Non superare la dose giornaliera raccomandata.  <\/p>\n<p><strong>Nota:<\/strong> gli integratori alimentari non devono essere utilizzati come sostituto di una dieta equilibrata e varia, n\u00e9 sostituire uno stile di vita sano.<\/p>\n<p>[\/et_pb_text][et_pb_code admin_label=&#8221;abbonamento 10%&#8221; module_class=&#8221;myfa-product-info-abo&#8221; _builder_version=&#8221;4.27.4&#8243; _module_preset=&#8221;default&#8221; custom_margin=&#8221;||1rem||false|false&#8221; global_module=&#8221;12990&#8243; locked=&#8221;off&#8221; global_colors_info=&#8221;{}&#8221;]<\/p>\n<div id=\"aboText\" class=\"product-abo-text\">Ordina un abbonamento e risparmia il 10%.<\/div>\n<p>[\/et_pb_code][et_pb_code disabled_on=&#8221;on|on|on&#8221; module_class=&#8221;myfa-product-info-2&#8243; _builder_version=&#8221;4.27.6&#8243; _module_preset=&#8221;default&#8221; custom_margin=&#8221;||1rem||false|false&#8221; disabled=&#8221;on&#8221; global_colors_info=&#8221;{}&#8221;]<\/p>\n<div id=\"priceOverview\" class=\"fw-bold mb-3 mt-3\">60 capsule <span isprice=\"\"><\/span> \u20ac | 90 capsule <span isprice=\"\"><\/span> \u20ac<\/div>\n<p>[\/et_pb_code][et_pb_code module_class=&#8221;myfa-product-info-1&#8243; _builder_version=&#8221;4.27.4&#8243; _module_preset=&#8221;default&#8221; custom_margin=&#8221;||1rem||false|false&#8221; global_colors_info=&#8221;{}&#8221;]<\/p>\n<div class=\"product-info\"><!-- [et_pb_line_break_holder] -->  <\/p>\n<h3 id=\"priceSection\"><!-- [et_pb_line_break_holder] -->  60 capsule 59,90 \u20ac<!-- [et_pb_line_break_holder] -->  <\/h3>\n<p><!-- [et_pb_line_break_holder] -->  <span id=\"productDetailInformation\">IVA inclusa, spese di spedizione escluse<\/span><!-- [et_pb_line_break_holder] --><\/div>\n<p>[\/et_pb_code][et_pb_code admin_label=&#8221;Warenkorb\/Mengenauswahl&#8221; module_class=&#8221;myfa-product-info-1&#8243; _builder_version=&#8221;4.27.6&#8243; _module_preset=&#8221;default&#8221; global_module=&#8221;12762&#8243; saved_tabs=&#8221;all&#8221; global_colors_info=&#8221;{}&#8221;]<!-- Italian Version --><!-- [et_pb_line_break_holder] --><\/p>\n<div class=\"warenkorb-button\"><!-- [et_pb_line_break_holder] -->    <\/p>\n<div class=\"selection-row row g-3 justify-content-start justify-content-xxl-between align-items-end mb-3\"><!-- [et_pb_line_break_holder] -->        <\/p>\n<div class=\"size col-6\"><!-- [et_pb_line_break_holder] -->            <\/p>\n<div id=\"productContentLabel\" class=\"hl\">Contenuto<\/div>\n<p><!-- [et_pb_line_break_holder] -->            <select aria-label=\"Seleziona pacchetto\" class=\"form-select\" id=\"productSelect\"><!-- [et_pb_line_break_holder] --><option value=\"1\" selected=\"\">60 capsule<\/option><!-- [et_pb_line_break_holder] -->            <\/select><!-- [et_pb_line_break_holder] -->        <\/div>\n<p><!-- [et_pb_line_break_holder] -->        <\/p>\n<div class=\"amount col-6\"><!-- [et_pb_line_break_holder] -->            <\/p>\n<div id=\"productQuantityLabel\" class=\"hl\">Quantit\u00e0<\/div>\n<p><!-- [et_pb_line_break_holder] -->            <\/p>\n<div class=\"kit-plus-minus\"><!-- [et_pb_line_break_holder] -->                <\/p>\n<div class=\"minus\"><i class=\"bi-dash\"><\/i><\/div>\n<p><!-- [et_pb_line_break_holder] -->                <input aria-label=\"Seleziona la quantita\" value=\"1\" type=\"text\" name=\"\" id=\"productQuantity\"><!-- [et_pb_line_break_holder] -->                <\/p>\n<div class=\"plus\"><i class=\"bi-plus\"><\/i><\/div>\n<p><!-- [et_pb_line_break_holder] -->            <\/div>\n<p><!-- [et_pb_line_break_holder] -->        <\/div>\n<p><!-- [et_pb_line_break_holder] -->        <\/p>\n<div class=\"abo col-6\"><!-- [et_pb_line_break_holder] -->            <\/p>\n<div id=\"productIntervalLabel\" class=\"hl\">Ordine singolo\/Abbonamento<\/div>\n<p><!-- [et_pb_line_break_holder] -->            <select aria-label=\"Seleziona l abbonamento\" class=\"form-select\" name=\"\" id=\"productInterval\"><!-- [et_pb_line_break_holder] --><option value=\"0\">consegna una tantum<\/option><!-- [et_pb_line_break_holder] -->            <\/select><!-- [et_pb_line_break_holder] -->        <\/div>\n<p><!-- [et_pb_line_break_holder] -->        <\/p>\n<div class=\"button col-6\"><!-- [et_pb_line_break_holder] -->            <button type=\"submit\" id=\"productCmd\" class=\"btn btn-primary text-nowrap btn-primary-animate\">Aggiungi al<!-- [et_pb_line_break_holder] -->                carrello<\/button><!-- [et_pb_line_break_holder] -->        <\/div>\n<p><!-- [et_pb_line_break_holder] -->    <\/div>\n<p><!-- [et_pb_line_break_holder] --><\/div>\n<p>[\/et_pb_code][et_pb_code admin_label=&#8221;Icone&#8221; module_class=&#8221;product-icons-wrapper&#8221; _builder_version=&#8221;4.27.6&#8243; _module_preset=&#8221;default&#8221; hover_enabled=&#8221;0&#8243; global_colors_info=&#8221;{}&#8221; sticky_enabled=&#8221;0&#8243;]<\/p>\n<div class=\"product-icons\"><!-- [et_pb_line_break_holder] --><img decoding=\"async\" src=\"\/wp-content\/uploads\/2025\/08\/produkt_vegan.png\" alt=\"vegan\"><!-- [et_pb_line_break_holder] --><img decoding=\"async\" src=\"\/wp-content\/uploads\/2025\/08\/produkt_oeko_005.png\" alt=\"biologisch\"><!-- [et_pb_line_break_holder] --><img decoding=\"async\" src=\"\/wp-content\/uploads\/2025\/08\/produkt_glutenfrei.png\" alt=\"glutenfrei\"><!-- [et_pb_line_break_holder] --><img decoding=\"async\" src=\"\/wp-content\/uploads\/2025\/08\/produkt_laktosefrei.png\" alt=\"laktosefrei\"><!-- [et_pb_line_break_holder] --><\/div>\n<p>[\/et_pb_code][\/et_pb_column][\/et_pb_row][\/et_pb_section][et_pb_section fb_built=&#8221;1&#8243; admin_label=&#8221;myFactory Code Produkt Code Schnipsel&#8221; _builder_version=&#8221;4.27.4&#8243; _module_preset=&#8221;default&#8221; custom_margin=&#8221;0px|0px|0px|0px|false|false&#8221; custom_padding=&#8221;0px|0px|0px|0px|false|false&#8221; global_colors_info=&#8221;{}&#8221;][et_pb_row _builder_version=&#8221;4.27.4&#8243; _module_preset=&#8221;default&#8221; custom_margin=&#8221;0px|0px|0px|0px|false|false&#8221; custom_padding=&#8221;0px|0px|0px|0px|false|false&#8221; global_colors_info=&#8221;{}&#8221;][et_pb_column type=&#8221;4_4&#8243; _builder_version=&#8221;4.27.4&#8243; _module_preset=&#8221;default&#8221; global_colors_info=&#8221;{}&#8221;][et_pb_code _builder_version=&#8221;4.27.4&#8243; _module_preset=&#8221;default&#8221; custom_margin=&#8221;0px|0px|0px|0px|false|false&#8221; custom_padding=&#8221;0px|0px|0px|0px|false|false&#8221; global_colors_info=&#8221;{}&#8221;]<script><!-- [et_pb_line_break_holder] -->let productInfo = [<!-- [et_pb_line_break_holder] -->  {<!-- [et_pb_line_break_holder] -->    contentDesc: \"180 Kapseln\",<!-- [et_pb_line_break_holder] -->    content: 180,<!-- [et_pb_line_break_holder] -->    productID: 322,<!-- [et_pb_line_break_holder] -->    netWeight: 103,<!-- [et_pb_line_break_holder] -->    dailyDose: 1,<!-- [et_pb_line_break_holder] -->    price: 29.9,<!-- [et_pb_line_break_holder] -->    aboDiscount: 0.1,<!-- [et_pb_line_break_holder] -->    abos: [<!-- [et_pb_line_break_holder] -->      {<!-- [et_pb_line_break_holder] -->        months: 1,<!-- [et_pb_line_break_holder] -->        productID: 395,<!-- [et_pb_line_break_holder] -->      },<!-- [et_pb_line_break_holder] -->      {<!-- [et_pb_line_break_holder] -->        months: 2,<!-- [et_pb_line_break_holder] -->        productID: 396,<!-- [et_pb_line_break_holder] -->      },<!-- [et_pb_line_break_holder] -->      {<!-- [et_pb_line_break_holder] -->        months: 3,<!-- [et_pb_line_break_holder] -->        productID: 397,<!-- [et_pb_line_break_holder] -->      },<!-- [et_pb_line_break_holder] -->    ],<!-- [et_pb_line_break_holder] -->  },<!-- [et_pb_line_break_holder] -->];<!-- [et_pb_line_break_holder] --><\/script>[\/et_pb_code][\/et_pb_column][\/et_pb_row][\/et_pb_section][et_pb_section fb_built=&#8221;1&#8243; custom_padding_last_edited=&#8221;on|phone&#8221; disabled_on=&#8221;off|off|off&#8221; admin_label=&#8221;Text links &#8211; Video rechts&#8221; module_class=&#8221;interim-lineheight-container&#8221; _builder_version=&#8221;4.27.6&#8243; _module_preset=&#8221;default&#8221; background_color=&#8221;#FFFFFF&#8221; custom_padding=&#8221;32px||32px||false|false&#8221; custom_padding_tablet=&#8221;&#8221; custom_padding_phone=&#8221;0px|1rem|0px|1rem|false|false&#8221; locked=&#8221;off&#8221; global_colors_info=&#8221;{}&#8221;][et_pb_row column_structure=&#8221;3_5,2_5&#8243; disabled_on=&#8221;off|off|off&#8221; module_class=&#8221;interim-custom-50-50&#8243; _builder_version=&#8221;4.27.6&#8243; _module_preset=&#8221;default&#8221; width_tablet=&#8221;100%&#8221; width_phone=&#8221;100%&#8221; width_last_edited=&#8221;on|tablet&#8221; custom_margin=&#8221;|auto||auto|false|false&#8221; custom_margin_tablet=&#8221;0px|||0px|false|false&#8221; custom_margin_phone=&#8221;0px|||0px|false|false&#8221; custom_margin_last_edited=&#8221;on|tablet&#8221; custom_padding=&#8221;|1rem||1rem|false|false&#8221; global_colors_info=&#8221;{}&#8221;][et_pb_column type=&#8221;3_5&#8243; module_class=&#8221;col-left-interim col-custom-60&#8243; _builder_version=&#8221;4.27.6&#8243; _module_preset=&#8221;default&#8221; global_colors_info=&#8221;{}&#8221;][et_pb_text module_class=&#8221;interim-textblock&#8221; _builder_version=&#8221;4.27.6&#8243; _module_preset=&#8221;default&#8221; header_2_font=&#8221;Roboto|500|||||||&#8221; header_2_font_size=&#8221;50px&#8221; header_2_line_height=&#8221;1.2em&#8221; header_3_font=&#8221;&#8211;et_global_body_font|300|||||||&#8221; header_3_font_size=&#8221;24px&#8221; width=&#8221;100%&#8221; width_tablet=&#8221;100%&#8221; width_phone=&#8221;100%&#8221; width_last_edited=&#8221;on|tablet&#8221; global_colors_info=&#8221;{}&#8221;]<\/p>\n<h2>rubyni<sup>\u00ae<\/sup> Vitamina C da fonti naturali<\/h2>\n<p>Per le nostre capsule di vitamina C rubyni utilizziamo due frutti che hanno naturalmente un alto contenuto di vitamina C: la ciliegia acerola e l\u2019amla, l\u2019uva spina indiana.<\/p>\n<p>La vitamina C svolge un ruolo importante in diverse funzioni dell&#8217;organismo. Tra le altre cose, contribuisce al normale metabolismo energetico e al normale funzionamento del sistema immunitario.<sup>1<\/sup> <\/p>\n<p>&nbsp;<\/p>\n<ul>\n<li><strong>Estratto di frutto di amla biologico e polvere di frutto di acerola biologica con vitamina C  <\/strong><\/li>\n<li><strong>Una capsula contiene 212 mg di vitamina C, due capsule forniscono 425 mg di vitamina C  <\/strong><\/li>\n<li><strong>vegano, senza lattosio e senza glutine<\/strong><\/li>\n<li><strong>100% biologico<\/strong><\/li>\n<li><strong>Senza conservanti n\u00e9 riempitivi aggiunti<\/strong><\/li>\n<\/ul>\n<p>[\/et_pb_text][\/et_pb_column][et_pb_column type=&#8221;2_5&#8243; module_class=&#8221;col-right-interim&#8221; disabled_on=&#8221;on|on|off&#8221; _builder_version=&#8221;4.27.5&#8243; _module_preset=&#8221;default&#8221; global_colors_info=&#8221;{}&#8221;][et_pb_video src_webm=&#8221;https:\/\/rubyni.com\/wp-content\/uploads\/2025\/07\/rubyni-essentials-vitamin-c-acerolakirsche-am-Baum.webmhd.webm&#8221; module_class=&#8221;video-rechts autoplay-video&#8221; _builder_version=&#8221;4.27.6&#8243; _module_preset=&#8221;default&#8221; global_colors_info=&#8221;{}&#8221;][\/et_pb_video][\/et_pb_column][\/et_pb_row][\/et_pb_section][et_pb_section fb_built=&#8221;1&#8243; custom_padding_last_edited=&#8221;on|phone&#8221; admin_label=&#8221;Bild links &#8211; Text rechts&#8221; module_class=&#8221;interim-lineheight-container&#8221; _builder_version=&#8221;4.27.6&#8243; _module_preset=&#8221;default&#8221; custom_margin_tablet=&#8221;&#8221; custom_margin_phone=&#8221;&#8221; custom_margin_last_edited=&#8221;on|phone&#8221; custom_padding=&#8221;32px||32px||false|false&#8221; custom_padding_tablet=&#8221;0px||||false|false&#8221; custom_padding_phone=&#8221;0px|1rem|0px|1rem|false|false&#8221; locked=&#8221;off&#8221; global_colors_info=&#8221;{}&#8221;][et_pb_row column_structure=&#8221;2_5,3_5&#8243; disabled_on=&#8221;off|off|off&#8221; module_class=&#8221;interim-custom-50-50&#8243; _builder_version=&#8221;4.27.6&#8243; _module_preset=&#8221;default&#8221; width_tablet=&#8221;100%&#8221; width_phone=&#8221;100%&#8221; width_last_edited=&#8221;on|tablet&#8221; module_alignment=&#8221;center&#8221; custom_margin=&#8221;|0px||auto|false|false&#8221; custom_margin_tablet=&#8221;0px|||0px|false|false&#8221; custom_margin_phone=&#8221;0px|||0px|false|false&#8221; custom_margin_last_edited=&#8221;on|desktop&#8221; custom_padding=&#8221;|1rem||1rem|false|false&#8221; global_colors_info=&#8221;{}&#8221;][et_pb_column type=&#8221;2_5&#8243; module_class=&#8221;col-left-interim&#8221; disabled_on=&#8221;on|on|off&#8221; _builder_version=&#8221;4.27.6&#8243; _module_preset=&#8221;default&#8221; positioning=&#8221;none&#8221; custom_padding=&#8221;|0px||0px|false|false&#8221; global_colors_info=&#8221;{}&#8221;][et_pb_image src=&#8221;https:\/\/rubyni.com\/wp-content\/uploads\/2025\/07\/rubyni-essentials-vitamin-c-entspannte-frau.webp&#8221; alt=&#8221;Una ragazza dai lunghi capelli castani, con indosso una maglietta beige dal taglio casual, \u00e8 comodamente sdraiata su una poltrona. Ha le mani intrecciate dietro la testa, gli occhi chiusi e sorride.   &#8221; title_text=&#8221;rubyni\u00ae Vitamina C: un elemento fondamentale per avere pi\u00f9 energia e vitalit\u00e0&#8221; disabled_on=&#8221;on|off|off&#8221; module_class=&#8221;interim-bild&#8221; _builder_version=&#8221;4.27.6&#8243; _module_preset=&#8221;default&#8221; width=&#8221;100%&#8221; module_alignment=&#8221;left&#8221; custom_margin=&#8221;|0px|||false|false&#8221; custom_padding=&#8221;||||false|false&#8221; global_colors_info=&#8221;{}&#8221;][\/et_pb_image][\/et_pb_column][et_pb_column type=&#8221;3_5&#8243; module_class=&#8221;col-right-interim col-custom-60&#8243; _builder_version=&#8221;4.27.5&#8243; _module_preset=&#8221;default&#8221; global_colors_info=&#8221;{}&#8221;][et_pb_text module_class=&#8221;interim-textblock&#8221; _builder_version=&#8221;4.27.6&#8243; _module_preset=&#8221;default&#8221; header_2_font=&#8221;Roboto|500|||||||&#8221; header_2_font_size=&#8221;50px&#8221; header_2_line_height=&#8221;1.2em&#8221; header_3_font=&#8221;&#8211;et_global_body_font|300|||||||&#8221; header_3_font_size=&#8221;24px&#8221; width=&#8221;100%&#8221; width_tablet=&#8221;100%&#8221; width_phone=&#8221;100%&#8221; width_last_edited=&#8221;on|tablet&#8221; custom_padding_phone=&#8221;||||false|false&#8221; custom_padding_last_edited=&#8221;off|phone&#8221; global_colors_info=&#8221;{}&#8221;]<\/p>\n<h2>Di quanta vitamina C ha bisogno il tuo corpo?<\/h2>\n<p>La vitamina C si trova, tra l\u2019altro, nella frutta e nella verdura. Il tuo corpo non \u00e8 in grado di produrla da solo. Per questo devi assumerne regolarmente quantit\u00e0 sufficienti attraverso l\u2019alimentazione.<sup>2<\/sup> Ma cosa significa esattamente?  <\/p>\n<p>La Societ\u00e0 tedesca per l\u2019alimentazione (DGE) raccomanda alle donne un apporto giornaliero di 95 mg di vitamina C. Per gli uomini sono 110 mg al giorno. Se sei incinta, allatti o fumi, il tuo fabbisogno di vitamina C potrebbe essere maggiore. Anche in caso di attivit\u00e0 fisica intensa o in determinate situazioni di vita, il fabbisogno pu\u00f2 variare.<sup>3,4,5<\/sup>  <\/p>\n<p>L&#8217;Unione Europea (UE) indica un fabbisogno giornaliero di 80 mg di vitamina C per entrambi i sessi. Si tratta del cosiddetto valore di riferimento nutrizionale (abbreviato: NRV). <sup> <\/sup>Questo serve come riferimento nella produzione di integratori alimentari per quanto riguarda il dosaggio di vitamine e minerali.<sup>6<\/sup><\/p>\n<p>[\/et_pb_text][\/et_pb_column][\/et_pb_row][\/et_pb_section][et_pb_section fb_built=&#8221;1&#8243; custom_padding_last_edited=&#8221;on|phone&#8221; disabled_on=&#8221;off|off|off&#8221; admin_label=&#8221;Text links &#8211; Bild rechts&#8221; module_class=&#8221;interim-lineheight-container&#8221; _builder_version=&#8221;4.27.6&#8243; _module_preset=&#8221;default&#8221; background_color=&#8221;#FFFFFF&#8221; custom_padding=&#8221;32px||32px||false|false&#8221; custom_padding_tablet=&#8221;&#8221; custom_padding_phone=&#8221;0px|1rem|0px|1rem|false|false&#8221; locked=&#8221;off&#8221; global_colors_info=&#8221;{}&#8221;][et_pb_row column_structure=&#8221;3_5,2_5&#8243; disabled_on=&#8221;off|off|off&#8221; module_class=&#8221;interim-custom-50-50&#8243; _builder_version=&#8221;4.27.6&#8243; _module_preset=&#8221;default&#8221; width_tablet=&#8221;100%&#8221; width_phone=&#8221;100%&#8221; width_last_edited=&#8221;on|tablet&#8221; custom_margin=&#8221;|auto||auto|false|false&#8221; custom_margin_tablet=&#8221;0px|||0px|false|false&#8221; custom_margin_phone=&#8221;0px|||0px|false|false&#8221; custom_margin_last_edited=&#8221;on|tablet&#8221; custom_padding=&#8221;|1rem||1rem|false|false&#8221; global_colors_info=&#8221;{}&#8221;][et_pb_column type=&#8221;3_5&#8243; module_class=&#8221;col-left-interim col-custom-60&#8243; _builder_version=&#8221;4.27.6&#8243; _module_preset=&#8221;default&#8221; global_colors_info=&#8221;{}&#8221;][et_pb_text module_class=&#8221;interim-textblock&#8221; _builder_version=&#8221;4.27.6&#8243; _module_preset=&#8221;default&#8221; header_2_font=&#8221;Roboto|500|||||||&#8221; header_2_font_size=&#8221;50px&#8221; header_2_line_height=&#8221;1.2em&#8221; header_3_font=&#8221;&#8211;et_global_body_font|300|||||||&#8221; header_3_font_size=&#8221;24px&#8221; width=&#8221;100%&#8221; width_tablet=&#8221;100%&#8221; width_phone=&#8221;100%&#8221; width_last_edited=&#8221;on|tablet&#8221; global_colors_info=&#8221;{}&#8221;]<\/p>\n<h2>Quali frutti contengono particolarmente tanta vitamina C?<\/h2>\n<p>Cosa ti viene in mente quando senti parlare di vitamina C? La maggior parte delle persone pensa subito a un limone o a un\u2019arancia. Eppure ci sono frutti che ne contengono molto di pi\u00f9. Tra questi ci sono la ciliegia acerola e l\u2019amla, l\u2019uva spina indiana.   <\/p>\n<p>L\u2019acerola \u00e8 originaria del Brasile ed \u00e8 uno dei frutti pi\u00f9 ricchi di vitamina C. A seconda del grado di maturazione e della lavorazione, 100 g di questo frutto possono contenere fino a 1.700 mg di vitamina C. Anche l\u2019amla fornisce diverse centinaia di milligrammi di questa vitamina ogni 100 g di frutto. A titolo di confronto: un limone contiene circa 50 mg di vitamina C per 100 g di frutto.<sup>7,8,9<\/sup>   <\/p>\n<p>[\/et_pb_text][\/et_pb_column][et_pb_column type=&#8221;2_5&#8243; module_class=&#8221;col-right-interim&#8221; disabled_on=&#8221;on|on|off&#8221; _builder_version=&#8221;4.27.5&#8243; _module_preset=&#8221;default&#8221; global_colors_info=&#8221;{}&#8221;][et_pb_image src=&#8221;https:\/\/rubyni.com\/wp-content\/uploads\/2025\/07\/rubyni-essentials-vitamin-c-acerolapulver.webp&#8221; alt=&#8221;Su un tavolo di legno nero c&#8217;\u00e8 una ciotola di ceramica scura contenente polvere di acerola; sul tavolo si vedono delle bacche di acerola e, sullo sfondo, un&#8217;altra ciotola con della polvere rossa.&#8221; title_text=&#8221;rubyni\u00ae Vitamina C: un elemento fondamentale per avere pi\u00f9 energia e vitalit\u00e0&#8221; align=&#8221;right&#8221; disabled_on=&#8221;on|off|off&#8221; module_class=&#8221;interim-bild&#8221; _builder_version=&#8221;4.27.6&#8243; _module_preset=&#8221;default&#8221; width=&#8221;100%&#8221; module_alignment=&#8221;right&#8221; global_colors_info=&#8221;{}&#8221;][\/et_pb_image][\/et_pb_column][\/et_pb_row][\/et_pb_section][et_pb_section fb_built=&#8221;1&#8243; custom_padding_last_edited=&#8221;on|phone&#8221; admin_label=&#8221;Bild links &#8211; Text rechts&#8221; module_class=&#8221;interim-lineheight-container&#8221; _builder_version=&#8221;4.27.6&#8243; _module_preset=&#8221;default&#8221; custom_margin_tablet=&#8221;&#8221; custom_margin_phone=&#8221;&#8221; custom_margin_last_edited=&#8221;on|phone&#8221; custom_padding=&#8221;32px||32px||false|false&#8221; custom_padding_tablet=&#8221;0px||||false|false&#8221; custom_padding_phone=&#8221;0px|1rem|0px|1rem|false|false&#8221; locked=&#8221;off&#8221; global_colors_info=&#8221;{}&#8221;][et_pb_row column_structure=&#8221;2_5,3_5&#8243; disabled_on=&#8221;off|off|off&#8221; module_class=&#8221;interim-custom-50-50&#8243; _builder_version=&#8221;4.27.6&#8243; _module_preset=&#8221;default&#8221; width_tablet=&#8221;100%&#8221; width_phone=&#8221;100%&#8221; width_last_edited=&#8221;on|tablet&#8221; module_alignment=&#8221;center&#8221; custom_margin=&#8221;|0px||auto|false|false&#8221; custom_margin_tablet=&#8221;0px|||0px|false|false&#8221; custom_margin_phone=&#8221;0px|||0px|false|false&#8221; custom_margin_last_edited=&#8221;on|desktop&#8221; custom_padding=&#8221;|1rem||1rem|false|false&#8221; global_colors_info=&#8221;{}&#8221;][et_pb_column type=&#8221;2_5&#8243; module_class=&#8221;col-left-interim&#8221; disabled_on=&#8221;on|on|off&#8221; _builder_version=&#8221;4.27.6&#8243; _module_preset=&#8221;default&#8221; positioning=&#8221;none&#8221; custom_padding=&#8221;|0px||0px|false|false&#8221; global_colors_info=&#8221;{}&#8221;][et_pb_image src=&#8221;https:\/\/rubyni.com\/wp-content\/uploads\/2025\/07\/rubyni-essentials-vitamin-c-amla-beeren.webp&#8221; alt=&#8221;Bacche mature di amla appese al ramo, primo piano.&#8221; title_text=&#8221;rubyni\u00ae Vitamina C: un elemento fondamentale per avere pi\u00f9 energia e vitalit\u00e0&#8221; disabled_on=&#8221;on|off|off&#8221; module_class=&#8221;interim-bild&#8221; _builder_version=&#8221;4.27.6&#8243; _module_preset=&#8221;default&#8221; width=&#8221;100%&#8221; module_alignment=&#8221;left&#8221; custom_margin=&#8221;|0px|||false|false&#8221; custom_padding=&#8221;||||false|false&#8221; global_colors_info=&#8221;{}&#8221;][\/et_pb_image][\/et_pb_column][et_pb_column type=&#8221;3_5&#8243; module_class=&#8221;col-right-interim col-custom-60&#8243; _builder_version=&#8221;4.27.5&#8243; _module_preset=&#8221;default&#8221; global_colors_info=&#8221;{}&#8221;][et_pb_text module_class=&#8221;interim-textblock&#8221; _builder_version=&#8221;4.27.6&#8243; _module_preset=&#8221;default&#8221; header_2_font=&#8221;Roboto|500|||||||&#8221; header_2_font_size=&#8221;50px&#8221; header_2_line_height=&#8221;1.2em&#8221; header_3_font=&#8221;&#8211;et_global_body_font|300|||||||&#8221; header_3_font_size=&#8221;24px&#8221; width=&#8221;100%&#8221; width_tablet=&#8221;100%&#8221; width_phone=&#8221;100%&#8221; width_last_edited=&#8221;on|tablet&#8221; custom_padding_phone=&#8221;||||false|false&#8221; custom_padding_last_edited=&#8221;off|phone&#8221; global_colors_info=&#8221;{}&#8221;]<\/p>\n<h2>rubyni<sup>\u00ae<\/sup> Vitamina C: ecco cosa c&#8217;\u00e8 nelle nostre capsule<\/h2>\n<p>Una capsula di rubyni Vitamina C contiene 164 mg di polvere di acerola e 359 mg di estratto di amla, che insieme forniscono 212 mg di vitamina C. Questo corrisponde al 266% del fabbisogno giornaliero di vitamina C secondo il valore di riferimento nutrizionale (NRV*). <\/p>\n<p>Due capsule forniscono 328 mg di polvere di acerola e 718 mg di estratto di amla e contengono 425 mg di vitamina C, ovvero il 531% dei valori di riferimento nutrizionali (NRV)*.<\/p>\n<p>*NRV = Valore di riferimento nutrizionale (per gli adulti secondo il regolamento sull\u2019informazione alimentare (LMIV))<\/p>\n<p>[\/et_pb_text][\/et_pb_column][\/et_pb_row][\/et_pb_section][et_pb_section fb_built=&#8221;1&#8243; custom_padding_last_edited=&#8221;on|phone&#8221; disabled_on=&#8221;off|off|off&#8221; admin_label=&#8221;Text links &#8211; Bild rechts&#8221; module_class=&#8221;interim-lineheight-container&#8221; _builder_version=&#8221;4.27.6&#8243; _module_preset=&#8221;default&#8221; background_color=&#8221;#FFFFFF&#8221; custom_padding=&#8221;32px||32px||false|false&#8221; custom_padding_tablet=&#8221;&#8221; custom_padding_phone=&#8221;0px|1rem|0px|1rem|false|false&#8221; locked=&#8221;off&#8221; global_colors_info=&#8221;{}&#8221;][et_pb_row column_structure=&#8221;3_5,2_5&#8243; disabled_on=&#8221;off|off|off&#8221; module_class=&#8221;interim-custom-50-50&#8243; _builder_version=&#8221;4.27.6&#8243; _module_preset=&#8221;default&#8221; width_tablet=&#8221;100%&#8221; width_phone=&#8221;100%&#8221; width_last_edited=&#8221;on|tablet&#8221; custom_margin=&#8221;|auto||auto|false|false&#8221; custom_margin_tablet=&#8221;0px|||0px|false|false&#8221; custom_margin_phone=&#8221;0px|||0px|false|false&#8221; custom_margin_last_edited=&#8221;on|tablet&#8221; custom_padding=&#8221;|1rem||1rem|false|false&#8221; global_colors_info=&#8221;{}&#8221;][et_pb_column type=&#8221;3_5&#8243; module_class=&#8221;col-left-interim col-custom-60&#8243; _builder_version=&#8221;4.27.6&#8243; _module_preset=&#8221;default&#8221; global_colors_info=&#8221;{}&#8221;][et_pb_text module_class=&#8221;interim-textblock&#8221; _builder_version=&#8221;4.27.6&#8243; _module_preset=&#8221;default&#8221; header_2_font=&#8221;Roboto|500|||||||&#8221; header_2_font_size=&#8221;50px&#8221; header_2_line_height=&#8221;1.2em&#8221; header_3_font=&#8221;&#8211;et_global_body_font|300|||||||&#8221; header_3_font_size=&#8221;24px&#8221; width=&#8221;100%&#8221; width_tablet=&#8221;100%&#8221; width_phone=&#8221;100%&#8221; width_last_edited=&#8221;on|tablet&#8221; global_colors_info=&#8221;{}&#8221;]<\/p>\n<h2>rubyni<sup>\u00ae<\/sup> Vitamina C in breve<\/h2>\n<p>rubyni Vitamina C \u00e8 un integratore alimentare che contiene due diverse fonti vegetali di vitamina C: estratto di frutto di amla biologico (da <em>Emblica officinalis<\/em>) e polvere di frutto di acerola biologica (da <em>Malpighia glabra<\/em>).<\/p>\n<p>Per la nostra polvere di acerola biologica usiamo frutti selezionati provenienti dal Brasile. Il frutto dell\u2019amla \u00e8 noto anche come \u201cuva spina indiana\u201d. I nostri frutti vengono coltivati, tra l\u2019altro, negli altipiani di Ooty: questa regione dell\u2019India \u00e8 famosa per la coltivazione dell\u2019amla.  <\/p>\n<p>Il contenuto di vitamina C viene standardizzato durante la lavorazione delle materie prime, in modo da garantire una composizione costante del prodotto.<\/p>\n<p>[\/et_pb_text][\/et_pb_column][et_pb_column type=&#8221;2_5&#8243; module_class=&#8221;col-right-interim&#8221; disabled_on=&#8221;on|on|off&#8221; _builder_version=&#8221;4.27.5&#8243; _module_preset=&#8221;default&#8221; global_colors_info=&#8221;{}&#8221;][et_pb_image src=&#8221;https:\/\/rubyni.com\/wp-content\/uploads\/2025\/07\/rubyni-essentials-vitamin-c-amla-an-Zweig.webp&#8221; alt=&#8221;Si vede un ramoscello che spunta da un ramo e punta verso il cielo. Su di esso pendono bacche mature di amla. &#8221; title_text=&#8221;rubyni\u00ae Vitamina C: un elemento fondamentale per avere pi\u00f9 energia e vitalit\u00e0&#8221; align=&#8221;right&#8221; disabled_on=&#8221;on|off|off&#8221; module_class=&#8221;interim-bild&#8221; _builder_version=&#8221;4.27.6&#8243; _module_preset=&#8221;default&#8221; width=&#8221;100%&#8221; module_alignment=&#8221;right&#8221; global_colors_info=&#8221;{}&#8221;][\/et_pb_image][\/et_pb_column][\/et_pb_row][\/et_pb_section][et_pb_section fb_built=&#8221;1&#8243; custom_padding_last_edited=&#8221;on|phone&#8221; admin_label=&#8221;Bild links &#8211; Text rechts&#8221; module_class=&#8221;interim-lineheight-container&#8221; _builder_version=&#8221;4.27.6&#8243; _module_preset=&#8221;default&#8221; custom_margin_tablet=&#8221;&#8221; custom_margin_phone=&#8221;&#8221; custom_margin_last_edited=&#8221;on|phone&#8221; custom_padding=&#8221;32px||32px||false|false&#8221; custom_padding_tablet=&#8221;0px||||false|false&#8221; custom_padding_phone=&#8221;0px|1rem|0px|1rem|false|false&#8221; locked=&#8221;off&#8221; global_colors_info=&#8221;{}&#8221;][et_pb_row column_structure=&#8221;2_5,3_5&#8243; disabled_on=&#8221;off|off|off&#8221; module_class=&#8221;interim-custom-50-50&#8243; _builder_version=&#8221;4.27.6&#8243; _module_preset=&#8221;default&#8221; width_tablet=&#8221;100%&#8221; width_phone=&#8221;100%&#8221; width_last_edited=&#8221;on|tablet&#8221; module_alignment=&#8221;center&#8221; custom_margin=&#8221;|0px||auto|false|false&#8221; custom_margin_tablet=&#8221;0px|||0px|false|false&#8221; custom_margin_phone=&#8221;0px|||0px|false|false&#8221; custom_margin_last_edited=&#8221;on|desktop&#8221; custom_padding=&#8221;|1rem||1rem|false|false&#8221; global_colors_info=&#8221;{}&#8221;][et_pb_column type=&#8221;2_5&#8243; module_class=&#8221;col-left-interim&#8221; disabled_on=&#8221;on|on|off&#8221; _builder_version=&#8221;4.27.6&#8243; _module_preset=&#8221;default&#8221; positioning=&#8221;none&#8221; custom_padding=&#8221;|0px||0px|false|false&#8221; global_colors_info=&#8221;{}&#8221;][et_pb_image src=&#8221;https:\/\/rubyni.com\/wp-content\/uploads\/2025\/07\/rubyni-essentials-vitamin-c-frau-mit-sohn-beim-lernen-.webp&#8221; alt=&#8221;La mamma, con i capelli corti e grigi e un maglione turchese, \u00e8 appoggiata alla scrivania del figlio diciassettenne. Lui \u00e8 in primo piano, in piedi davanti al tavolo, con un blocco per appunti e una penna in mano. Lei sorride, lui sembra concentrato. Lei lo sta aiutando a fare i compiti.     &#8221; title_text=&#8221;rubyni\u00ae Vitamina C: un elemento fondamentale per avere pi\u00f9 energia e vitalit\u00e0&#8221; disabled_on=&#8221;on|off|off&#8221; module_class=&#8221;interim-bild&#8221; _builder_version=&#8221;4.27.6&#8243; _module_preset=&#8221;default&#8221; width=&#8221;100%&#8221; module_alignment=&#8221;left&#8221; custom_margin=&#8221;|0px|||false|false&#8221; custom_padding=&#8221;||||false|false&#8221; global_colors_info=&#8221;{}&#8221;][\/et_pb_image][\/et_pb_column][et_pb_column type=&#8221;3_5&#8243; module_class=&#8221;col-right-interim col-custom-60&#8243; _builder_version=&#8221;4.27.5&#8243; _module_preset=&#8221;default&#8221; global_colors_info=&#8221;{}&#8221;][et_pb_text module_class=&#8221;interim-textblock&#8221; _builder_version=&#8221;4.27.6&#8243; _module_preset=&#8221;default&#8221; header_2_font=&#8221;Roboto|500|||||||&#8221; header_2_font_size=&#8221;50px&#8221; header_2_line_height=&#8221;1.2em&#8221; header_3_font=&#8221;&#8211;et_global_body_font|300|||||||&#8221; header_3_font_size=&#8221;24px&#8221; width=&#8221;100%&#8221; width_tablet=&#8221;100%&#8221; width_phone=&#8221;100%&#8221; width_last_edited=&#8221;on|tablet&#8221; custom_padding_phone=&#8221;||||false|false&#8221; custom_padding_last_edited=&#8221;off|phone&#8221; global_colors_info=&#8221;{}&#8221;]<\/p>\n<h3>Buono a sapersi<\/h3>\n<h2>Vitamina C: una sostanza nutritiva con molteplici funzioni nell\u2019organismo<\/h2>\n<p>Di sicuro avrai gi\u00e0 sentito dire che la vitamina C aiuta il sistema immunitario a funzionare normalmente. Ma questa sostanza nutritiva \u00e8 coinvolta anche in altri processi all\u2019interno dell\u2019organismo. Tra le altre cose, contribuisce alla normale formazione del collagene, necessario per il normale funzionamento di vasi sanguigni, ossa, cartilagini, gengive, denti e pelle. Il collagene \u00e8 la proteina pi\u00f9 diffusa nel corpo umano ed \u00e8, tra l\u2019altro, una componente importante del tessuto connettivo.<sup>1,10<\/sup>   <sup><\/sup><\/p>\n<p>Inoltre, la vitamina C contribuisce al normale metabolismo energetico e alla riduzione della stanchezza e dell&#8217;affaticamento.<\/p>\n<p>Segui una dieta vegetariana o vegana? Allora potrebbe essere utile abbinare i pasti ricchi di ferro alla vitamina C: la vitamina C aumenta l\u2019assorbimento del ferro presente negli alimenti, in particolare in quelli di origine vegetale come legumi, fiocchi d\u2019avena o semi di zucca.<sup>1,4,11<\/sup> <\/p>\n<p>[\/et_pb_text][\/et_pb_column][\/et_pb_row][\/et_pb_section][et_pb_section fb_built=&#8221;1&#8243; custom_padding_last_edited=&#8221;on|phone&#8221; disabled_on=&#8221;off|off|off&#8221; admin_label=&#8221;Text links &#8211; Bild rechts&#8221; module_class=&#8221;interim-lineheight-container&#8221; _builder_version=&#8221;4.27.6&#8243; _module_preset=&#8221;default&#8221; background_color=&#8221;#FFFFFF&#8221; custom_padding=&#8221;32px||32px||false|false&#8221; custom_padding_tablet=&#8221;&#8221; custom_padding_phone=&#8221;0px|1rem|0px|1rem|false|false&#8221; locked=&#8221;off&#8221; global_colors_info=&#8221;{}&#8221;][et_pb_row column_structure=&#8221;3_5,2_5&#8243; disabled_on=&#8221;off|off|off&#8221; module_class=&#8221;interim-custom-50-50&#8243; _builder_version=&#8221;4.27.6&#8243; _module_preset=&#8221;default&#8221; width_tablet=&#8221;100%&#8221; width_phone=&#8221;100%&#8221; width_last_edited=&#8221;on|tablet&#8221; custom_margin=&#8221;|auto||auto|false|false&#8221; custom_margin_tablet=&#8221;0px|||0px|false|false&#8221; custom_margin_phone=&#8221;0px|||0px|false|false&#8221; custom_margin_last_edited=&#8221;on|tablet&#8221; custom_padding=&#8221;|1rem||1rem|false|false&#8221; global_colors_info=&#8221;{}&#8221;][et_pb_column type=&#8221;3_5&#8243; module_class=&#8221;col-left-interim col-custom-60&#8243; _builder_version=&#8221;4.27.6&#8243; _module_preset=&#8221;default&#8221; global_colors_info=&#8221;{}&#8221;][et_pb_text module_class=&#8221;interim-textblock&#8221; _builder_version=&#8221;4.27.6&#8243; _module_preset=&#8221;default&#8221; header_2_font=&#8221;Roboto|500|||||||&#8221; header_2_font_size=&#8221;50px&#8221; header_2_line_height=&#8221;1.2em&#8221; header_3_font=&#8221;&#8211;et_global_body_font|300|||||||&#8221; header_3_font_size=&#8221;24px&#8221; width=&#8221;100%&#8221; width_tablet=&#8221;100%&#8221; width_phone=&#8221;100%&#8221; width_last_edited=&#8221;on|tablet&#8221; global_colors_info=&#8221;{}&#8221;]<\/p>\n<h2>Che cosa c&#8217;entra la vitamina C con lo stress ossidativo?<\/h2>\n<p>La vitamina C aiuta a proteggere le cellule dallo stress ossidativo. Lo stress ossidativo pu\u00f2 essere causato dai cosiddetti radicali liberi. Si tratta di molecole molto reattive che si formano naturalmente durante il metabolismo o a causa di fattori esterni, come ad esempio l\u2019esposizione alle radiazioni, e che possono danneggiare le strutture cellulari.<sup>1,12,13<\/sup>  <sup><\/sup><\/p>\n<p>La vitamina C \u00e8 importante anche per i tuoi nervi: contribuisce al normale funzionamento del sistema nervoso e alla normale funzione psichica. Inoltre, favorisce la normale produzione di neurotrasmettitori. I neurotrasmettitori sono sostanze che, tra le altre cose, trasmettono gli stimoli da una cellula nervosa all\u2019altra.<sup>1,14<\/sup>  <\/p>\n<p>[\/et_pb_text][\/et_pb_column][et_pb_column type=&#8221;2_5&#8243; module_class=&#8221;col-right-interim&#8221; disabled_on=&#8221;on|on|off&#8221; _builder_version=&#8221;4.27.5&#8243; _module_preset=&#8221;default&#8221; global_colors_info=&#8221;{}&#8221;][et_pb_image src=&#8221;https:\/\/rubyni.com\/wp-content\/uploads\/2026\/04\/rubyni-vitamin-C-lachende-frau.webp&#8221; alt=&#8221;Una donna sorridente con i capelli raccolti indossa una camicetta chiara e sembra piena di energia su uno sfondo sfocato all\u2019aperto.&#8221; title_text=&#8221;Immagine che illustra i vantaggi del prodotto.&#8221; align=&#8221;right&#8221; disabled_on=&#8221;on|off|off&#8221; module_class=&#8221;interim-bild&#8221; _builder_version=&#8221;4.27.6&#8243; _module_preset=&#8221;default&#8221; width=&#8221;100%&#8221; module_alignment=&#8221;right&#8221; global_colors_info=&#8221;{}&#8221;][\/et_pb_image][\/et_pb_column][\/et_pb_row][\/et_pb_section][et_pb_section fb_built=&#8221;1&#8243; custom_padding_last_edited=&#8221;on|phone&#8221; admin_label=&#8221;Bild links &#8211; Text rechts&#8221; module_class=&#8221;interim-lineheight-container&#8221; _builder_version=&#8221;4.27.6&#8243; _module_preset=&#8221;default&#8221; custom_margin_tablet=&#8221;&#8221; custom_margin_phone=&#8221;&#8221; custom_margin_last_edited=&#8221;on|phone&#8221; custom_padding=&#8221;32px||32px||false|false&#8221; custom_padding_tablet=&#8221;0px||||false|false&#8221; custom_padding_phone=&#8221;0px|1rem|0px|1rem|false|false&#8221; locked=&#8221;off&#8221; global_colors_info=&#8221;{}&#8221;][et_pb_row column_structure=&#8221;2_5,3_5&#8243; disabled_on=&#8221;off|off|off&#8221; module_class=&#8221;interim-custom-50-50&#8243; _builder_version=&#8221;4.27.6&#8243; _module_preset=&#8221;default&#8221; width_tablet=&#8221;100%&#8221; width_phone=&#8221;100%&#8221; width_last_edited=&#8221;on|tablet&#8221; module_alignment=&#8221;center&#8221; custom_margin=&#8221;|0px||auto|false|false&#8221; custom_margin_tablet=&#8221;0px|||0px|false|false&#8221; custom_margin_phone=&#8221;0px|||0px|false|false&#8221; custom_margin_last_edited=&#8221;on|desktop&#8221; custom_padding=&#8221;|1rem||1rem|false|false&#8221; global_colors_info=&#8221;{}&#8221;][et_pb_column type=&#8221;2_5&#8243; module_class=&#8221;col-left-interim&#8221; disabled_on=&#8221;on|on|off&#8221; _builder_version=&#8221;4.27.6&#8243; _module_preset=&#8221;default&#8221; positioning=&#8221;none&#8221; custom_padding=&#8221;|0px||0px|false|false&#8221; global_colors_info=&#8221;{}&#8221;][et_pb_image src=&#8221;https:\/\/rubyni.com\/wp-content\/uploads\/2026\/04\/rubyni-vitamin-c-frau-haelt-dose-in-die-sonne.webp&#8221; alt=&#8221;Una donna con gli occhiali da sole sorride alla luce del sole e tiene in mano una confezione in PET dell\u2019integratore alimentare Rubyni alla vitamina C, mentre si trova all\u2019aperto in mezzo alla natura.&#8221; title_text=&#8221;Immagine che illustra i vantaggi del prodotto.&#8221; disabled_on=&#8221;on|off|off&#8221; module_class=&#8221;interim-bild&#8221; _builder_version=&#8221;4.27.6&#8243; _module_preset=&#8221;default&#8221; width=&#8221;100%&#8221; module_alignment=&#8221;left&#8221; custom_margin=&#8221;|0px|||false|false&#8221; custom_padding=&#8221;||||false|false&#8221; global_colors_info=&#8221;{}&#8221;][\/et_pb_image][\/et_pb_column][et_pb_column type=&#8221;3_5&#8243; module_class=&#8221;col-right-interim col-custom-60&#8243; _builder_version=&#8221;4.27.5&#8243; _module_preset=&#8221;default&#8221; global_colors_info=&#8221;{}&#8221;][et_pb_text module_class=&#8221;interim-textblock&#8221; _builder_version=&#8221;4.27.6&#8243; _module_preset=&#8221;default&#8221; header_2_font=&#8221;Roboto|500|||||||&#8221; header_2_font_size=&#8221;50px&#8221; header_2_line_height=&#8221;1.2em&#8221; header_3_font=&#8221;&#8211;et_global_body_font|300|||||||&#8221; header_3_font_size=&#8221;24px&#8221; width=&#8221;100%&#8221; width_tablet=&#8221;100%&#8221; width_phone=&#8221;100%&#8221; width_last_edited=&#8221;on|tablet&#8221; custom_padding_phone=&#8221;||||false|false&#8221; custom_padding_last_edited=&#8221;off|phone&#8221; global_colors_info=&#8221;{}&#8221;]<\/p>\n<h2>Animali, persone e vitamina C: lo sapevi?<\/h2>\n<p>Lo sapevi che la maggior parte degli animali \u00e8 in grado di produrre da sola la vitamina C? Cani, gatti e molte specie di uccelli la sintetizzano ogni giorno nel proprio corpo, senza bisogno di frutta o integratori. <\/p>\n<p>L&#8217;uomo, per\u00f2, \u00e8 una delle poche eccezioni. Proprio come le scimmie e i porcellini d&#8217;India, nel corso dell&#8217;evoluzione abbiamo perso la capacit\u00e0 di produrre autonomamente la vitamina C. Per questo dobbiamo assumerla regolarmente attraverso la nostra alimentazione.<sup>15<\/sup>  <\/p>\n<p>La vitamina C (acido ascorbico) \u00e8 presente in natura in numerosi tipi di frutta e verdura, dove \u00e8 integrata nella matrice alimentare naturale insieme ad altre sostanze vegetali. Per gli integratori alimentari, la vitamina C pu\u00f2 essere ricavata da queste fonti vegetali naturali oppure prodotta industrialmente. In entrambi i casi si tratta chimicamente dello stesso acido ascorbico: la differenza sta nella sua origine e nel modo in cui \u00e8 integrata nella matrice vegetale naturale.  <\/p>\n<p>[\/et_pb_text][\/et_pb_column][\/et_pb_row][\/et_pb_section][et_pb_section fb_built=&#8221;1&#8243; custom_padding_last_edited=&#8221;on|tablet&#8221; admin_label=&#8221;Produktseite Health Claims&#8221; module_class=&#8221;overflow-hidden claims-container&#8221; _builder_version=&#8221;4.27.6&#8243; _module_preset=&#8221;default&#8221; custom_padding_tablet=&#8221;|1rem||1rem|false|false&#8221; custom_padding_phone=&#8221;20px||0px||false|false&#8221; global_colors_info=&#8221;{}&#8221;][et_pb_row module_class=&#8221;hfinger-producttext-wrapper claims-wrapper&#8221; _builder_version=&#8221;4.27.6&#8243; _module_preset=&#8221;default&#8221; width_tablet=&#8221;100%&#8221; width_phone=&#8221;100%&#8221; width_last_edited=&#8221;on|tablet&#8221; max_width=&#8221;2560px&#8221; custom_padding=&#8221;|0px||0px|false|false&#8221; locked=&#8221;off&#8221; global_colors_info=&#8221;{}&#8221;][et_pb_column type=&#8221;4_4&#8243; module_class=&#8221;claims-wrapper-col&#8221; _builder_version=&#8221;4.27.6&#8243; _module_preset=&#8221;default&#8221; global_colors_info=&#8221;{}&#8221;][et_pb_text module_class=&#8221;claims-text&#8221; _builder_version=&#8221;4.27.6&#8243; _module_preset=&#8221;default&#8221; custom_padding=&#8221;|0px||0px|false|false&#8221; global_colors_info=&#8221;{}&#8221;]<\/p>\n<h2>Che ruolo ha la vitamina C nell&#8217;organismo (dichiarazioni sulla salute)?<\/h2>\n<p>La vitamina C contribuisce a numerose funzioni normali dell&#8217;organismo:<\/p>\n<h2>Vitamina C<\/h2>\n<ul>\n<li>contribuisce al normale funzionamento del sistema immunitario durante e dopo un\u2019attivit\u00e0 fisica intensa*<\/li>\n<li>contribuisce alla normale produzione di collagene<\/li>\n<li>per il corretto funzionamento dei vasi sanguigni<\/li>\n<li>per il corretto funzionamento delle ossa<\/li>\n<li>per il corretto funzionamento della cartilagine<\/li>\n<li>per il corretto funzionamento delle gengive<\/li>\n<li>per il corretto funzionamento della pelle<\/li>\n<li>per il corretto funzionamento dei denti<\/li>\n<li>contribuisce al normale metabolismo energetico<\/li>\n<li>contribuisce al normale funzionamento del sistema nervoso<\/li>\n<li>contribuisce al normale funzionamento psicologico<\/li>\n<li>contribuisce al corretto funzionamento del sistema immunitario<\/li>\n<li>aiuta a proteggere le cellule dallo stress ossidativo<\/li>\n<li>aiuta a ridurre la stanchezza e l&#8217;affaticamento<\/li>\n<li>contribuisce alla rigenerazione della forma ridotta della vitamina E<\/li>\n<li>aumenta l&#8217;assorbimento del ferro<\/li>\n<\/ul>\n<p>*Vale per un\u2019assunzione giornaliera aggiuntiva di 200 mg di vitamina C.<\/p>\n<p>[\/et_pb_text][\/et_pb_column][\/et_pb_row][\/et_pb_section][et_pb_section fb_built=&#8221;1&#8243; custom_padding_last_edited=&#8221;on|tablet&#8221; admin_label=&#8221;FAQs&#8221; module_class=&#8221;overflow-hidden faq-container&#8221; _builder_version=&#8221;4.27.6&#8243; _module_preset=&#8221;default&#8221; custom_padding_tablet=&#8221;|1rem||1rem|false|false&#8221; custom_padding_phone=&#8221;20px||0px||false|false&#8221; locked=&#8221;off&#8221; global_colors_info=&#8221;{}&#8221;][et_pb_row module_class=&#8221;hfinger-producttext-wrapper faq-wrapper&#8221; _builder_version=&#8221;4.27.6&#8243; _module_preset=&#8221;default&#8221; width_tablet=&#8221;100%&#8221; width_phone=&#8221;100%&#8221; width_last_edited=&#8221;on|tablet&#8221; max_width=&#8221;2560px&#8221; custom_padding=&#8221;|0px||0px|false|false&#8221; locked=&#8221;off&#8221; global_colors_info=&#8221;{}&#8221;][et_pb_column type=&#8221;4_4&#8243; module_class=&#8221;faq-wrapper-col&#8221; _builder_version=&#8221;4.27.6&#8243; _module_preset=&#8221;default&#8221; global_colors_info=&#8221;{}&#8221;][et_pb_text module_class=&#8221;faq-text&#8221; _builder_version=&#8221;4.27.6&#8243; _module_preset=&#8221;default&#8221; custom_padding=&#8221;|0px||0px|false|false&#8221; global_colors_info=&#8221;{}&#8221;]<\/p>\n<h3>Cosa rende la vitamina C di rubyni cos\u00ec speciale?<\/h3>\n<p>rubyni Vitamin C contiene questa sostanza nutritiva proveniente da due fonti vegetali: nelle nostre capsule c\u2019\u00e8 polvere di acerola biologica e l\u2019estratto di amla biologico, noto anche come uva spina indiana. Entrambi questi frutti contengono naturalmente elevate quantit\u00e0 di vitamina C. Il suo contenuto viene standardizzato durante la lavorazione delle materie prime per le nostre capsule. In questo modo si ottiene una composizione costante del prodotto.  <\/p>\n<h3>Quanta vitamina C di Rubyni dovrei prendere ogni giorno?<\/h3>\n<p>Una capsula di rubyni Vitamina C contiene 212 milligrammi di vitamina C, pari al 266% del fabbisogno giornaliero di vitamina C secondo il valore di riferimento nutrizionale (NRV*). Due capsule contengono 425 milligrammi di vitamina C, ovvero il 531% secondo i valori di riferimento nutrizionali (NRV*).  Ti consigliamo di assumere da una a due capsule al giorno con acqua a sufficienza, preferibilmente durante un pasto. Distribuisci le due capsule in due momenti diversi della giornata. Non superare la dose giornaliera raccomandata.  <\/p>\n<p>*NRV = Valore di riferimento nutrizionale (per gli adulti secondo il regolamento sull\u2019informazione alimentare (LMIV))<\/p>\n<h3>Rubyni Vitamin C \u00e8 vegano e privo di glutine e lattosio?<\/h3>\n<p>S\u00ec, la vitamina C di rubyni \u00e8 composta al 100% da ingredienti vegani, racchiusi in un involucro vegetale (a base di idrossipropilmetilcellulosa): la vitamina C proviene dai frutti dell\u2019acerola e dell\u2019amla. Tutti gli ingredienti sono vegani, senza lattosio e senza glutine. <\/p>\n<h3>Quali sono le funzioni della vitamina C nell&#8217;organismo?<\/h3>\n<p>La vitamina C contribuisce a molte funzioni fondamentali dell\u2019organismo: sostiene il normale funzionamento del sistema immunitario, contribuisce al normale metabolismo energetico e aiuta a proteggere le cellule dallo stress ossidativo. Inoltre, svolge un ruolo nella normale formazione del collagene. Questo \u00e8 importante per la pelle, le ossa, la cartilagine, le gengive, i denti e i vasi sanguigni.<sup>1<\/sup>  <\/p>\n<p>[\/et_pb_text][\/et_pb_column][\/et_pb_row][\/et_pb_section][et_pb_section fb_built=&#8221;1&#8243; custom_padding_last_edited=&#8221;on|phone&#8221; admin_label=&#8221;Quellen&#8221; module_class=&#8221;quellen-container&#8221; _builder_version=&#8221;4.27.6&#8243; _module_preset=&#8221;default&#8221; custom_margin=&#8221;||0px||false|false&#8221; custom_padding=&#8221;0px||20px||false|false&#8221; custom_padding_tablet=&#8221;||20px||false|false&#8221; custom_padding_phone=&#8221;20px||0px||false|false&#8221; global_colors_info=&#8221;{}&#8221;][et_pb_row custom_padding_last_edited=&#8221;on|tablet&#8221; module_class=&#8221;quellen-wrapper&#8221; _builder_version=&#8221;4.27.6&#8243; _module_preset=&#8221;default&#8221; width_tablet=&#8221;100%&#8221; width_phone=&#8221;100%&#8221; width_last_edited=&#8221;on|desktop&#8221; max_width=&#8221;2560px&#8221; custom_padding_tablet=&#8221;|1rem||1rem|false|false&#8221; custom_padding_phone=&#8221;|1rem||1rem|false|false&#8221; global_colors_info=&#8221;{}&#8221;][et_pb_column type=&#8221;4_4&#8243; module_class=&#8221;quellen-wrapper-col&#8221; _builder_version=&#8221;4.27.6&#8243; _module_preset=&#8221;default&#8221; global_colors_info=&#8221;{}&#8221;][et_pb_accordion module_class=&#8221;quellen-akkordeon&#8221; _builder_version=&#8221;4.27.6&#8243; _module_preset=&#8221;default&#8221; global_colors_info=&#8221;{}&#8221;][et_pb_accordion_item title=&#8221;Riferimenti:&#8221; open=&#8221;on&#8221; _builder_version=&#8221;4.27.6&#8243; _module_preset=&#8221;default&#8221; global_colors_info=&#8221;{}&#8221;]Fonti:<br \/>\n1) Regolamento (UE) n. 432\/2012 della Commissione del 16 maggio 2012 che stabilisce un elenco di indicazioni sulla salute ammesse relative agli alimenti, diverse da quelle relative alla riduzione del rischio di malattia, nonch\u00e9 allo sviluppo e alla salute dei bambini. Aggiornato al 20\/08\/2025. https:\/\/eur-lex.europa.eu\/legal-content\/DE\/TXT\/?uri=CELEX%3A02012R0432-20250820, consultato l\u2019ultima volta il 18\/06\/2026<br \/>\n2) Istituto federale per la valutazione dei rischi. La vitamina C non si trova solo nella frutta e nella verdura. Aggiornato al.     16.03.2026. https:\/\/www.bfr.bund.de\/fragen-und-antworten\/thema\/vitamin-c-steckt-nicht-nur-in-obst-und-gemuese\/, consultato l\u2019ultima volta il 18\/06\/2026<br \/>\n3) Societ\u00e0 tedesca per l\u2019alimentazione (DGE). Valore di riferimento: vitamina C. Aggiornato al 2015. https:\/\/www.dge.de\/wissenschaft\/referenzwerte\/vitamin-c\/, consultato l\u2019ultima volta il 18\/06\/2026<br \/>\n4) Societ\u00e0 tedesca per l\u2019alimentazione (DGE). Domande e risposte selezionate sulla vitamina C. Aggiornato al 2015. https:\/\/www.dge.de\/gesunde-ernaehrung\/faq\/vitamin-c\/, consultato l\u2019ultima volta il 18\/06\/2025<br \/>\n5) Portale della sanit\u00e0 pubblica austriaco. Vitamina C. Aggiornato al 31\/10\/2024. https:\/\/www.gesundheit.gv.at\/leben\/ernaehrung\/vitamine-mineralstoffe\/wasserloesliche-vitamine\/vitamin-c.html, consultato l\u2019ultima volta il 18\/06\/2026<br \/>\n6) Regolamento (UE) n. 1169\/2011 del Parlamento europeo e del Consiglio del 25 ottobre 2011. https:\/\/eur-lex.europa.eu\/legal-content\/DE\/TXT\/PDF\/?uri=CELEX:32011R1169&#038;from=EN, consultato l\u2019ultima volta il 18\/06\/2026<br \/>\n7) Apotheken Umschau. Acerola: il miracolo della vitamina C. Aggiornato all\u20198 maggio 2023. https:\/\/www.apotheken-umschau.de\/gesund-bleiben\/ernaehrung\/acerola-das-vitamin-c-wunder-712701.html, consultato l\u2019ultima volta il 18\/06\/2026<br \/>\n8) Alkandari, Dina et al. Sviluppo di un alimento funzionale (pane in teglia) utilizzando polvere di frutti di amla. Journal of food science and technology vol.             56,4 (2019): 2287-2295. https:\/\/pmc.ncbi.nlm.nih.gov\/articles\/PMC6443718\/<br \/>\n9) Centro federale per l\u2019alimentazione. Quali sono gli alimenti pi\u00f9 ricchi di vitamina C? Aggiornato al 22\/12\/2021. https:\/\/www.bzfe.de\/presse\/pressemeldungen-archiv-2024-und-frueher\/worin-ist-am-meisten-vitamin-c-enthalten, consultato l\u2019ultima volta il 18\/06\/2026<br \/>\n10) DocCheck Flexikon. Collagene. Aggiornato al 22\/04\/2026. https:\/\/flexikon.doccheck.com\/de\/Kollagen, consultato l\u2019ultima volta il 18\/06\/2026<br \/>\n11) Apotheken Umschau. Mangiare ricco di ferro: ecco come fare. Aggiornato al 10\/01\/2022. https:\/\/www.apotheken-umschau.de\/gesund-bleiben\/ernaehrung\/eisenreich-essen-so-gelingt-es-719507.html, consultato l\u2019ultima volta il 18\/06\/2026<br \/>\n12) DocCheck Flexikon. Stress ossidativo. Aggiornato al 14\/07\/2024. https:\/\/flexikon.doccheck.com\/de\/Oxidativer_Stress, consultato l\u2019ultima volta il 18\/06\/2026<br \/>\n13) Conoscenze specialistiche. Stress ossidativo. Aggiornato al 8 maggio 2026. https:\/\/medicoconsult.de\/oxidativer-stress\/, consultato l\u2019ultima volta il 22\/06\/2026<br \/>\n14) Portale della sanit\u00e0 pubblica austriaca. Neurotrasmettitori. Aggiornato al https:\/\/www.gesundheit.gv.at\/lexikon\/N\/lexikon-neurotransmitter.html, consultato l\u2019ultima volta il 18\/06\/2026<br \/>\n15) Drouin G et al. The Genetics of Vitamin C Loss in Vertebrates. Curr Genomics. Agosto 2011; 12 (5): 371\u2013378.                     https:\/\/pmc.ncbi.nlm.nih.gov\/articles\/PMC3145266\/[\/et_pb_accordion_item][\/et_pb_accordion][\/et_pb_column][\/et_pb_row][\/et_pb_section][et_pb_section fb_built=&#8221;1&#8243; custom_padding_last_edited=&#8221;on|phone&#8221; disabled_on=&#8221;off|off|off&#8221; module_class=&#8221;kundenrezensionen-header&#8221; _builder_version=&#8221;4.27.4&#8243; _module_preset=&#8221;default&#8221; custom_margin=&#8221;0px||||false|false&#8221; custom_margin_tablet=&#8221;0px||||false|false&#8221; custom_margin_phone=&#8221;0px||0px||false|false&#8221; custom_margin_last_edited=&#8221;on|phone&#8221; custom_padding=&#8221;||0px||false|false&#8221; custom_padding_tablet=&#8221;||0px||false|false&#8221; custom_padding_phone=&#8221;0px||0px||false|false&#8221; global_module=&#8221;374&#8243; saved_tabs=&#8221;all&#8221; locked=&#8221;off&#8221; global_colors_info=&#8221;{}&#8221;][et_pb_row custom_padding_last_edited=&#8221;on|desktop&#8221; _builder_version=&#8221;4.21.0&#8243; _module_preset=&#8221;default&#8221; width_tablet=&#8221;100%&#8221; width_phone=&#8221;&#8221; width_last_edited=&#8221;on|tablet&#8221; custom_margin=&#8221;||||false|false&#8221; custom_padding=&#8221;||||false|false&#8221; custom_padding_tablet=&#8221;|1rem||1rem|false|false&#8221; custom_padding_phone=&#8221;&#8221; global_colors_info=&#8221;{}&#8221;][et_pb_column type=&#8221;4_4&#8243; _builder_version=&#8221;4.20.0&#8243; _module_preset=&#8221;default&#8221; global_colors_info=&#8221;{}&#8221;][et_pb_text content_tablet=&#8221;<\/p>\n<h2 style=%22text-align: left;%22>Loro sono convinti del valore di rubyni<sup>\u00ae<\/sup><\/h2>\n<p style=%22text-align: left;%22>Es freut uns, dass bereits sehr viele Kunden, Sportler und Fachleute von rubyni<sup>\u00ae<\/sup> begeistert sind.<\/p>\n<p>&#8221; content_last_edited=&#8221;off|desktop&#8221; module_class=&#8221;kundenrezension-top&#8221; _builder_version=&#8221;4.27.6&#8243; _module_preset=&#8221;default&#8221; text_font=&#8221;roboto 300||||||||&#8221; header_2_font=&#8221;roboto 300||||||||&#8221; global_colors_info=&#8221;{}&#8221; custom_css_main_element_last_edited=&#8221;on|tablet&#8221;]<\/p>\n<h2>Convinti da rubyni<sup>\u00ae<\/sup><\/h2>\n<h3>ESPERIENZE CHE ISPIRANO FIDUCIA<\/h3>\n<p>[\/et_pb_text][\/et_pb_column][\/et_pb_row][\/et_pb_section][et_pb_section fb_built=&#8221;1&#8243; custom_padding_last_edited=&#8221;on|tablet&#8221; disabled_on=&#8221;off|off|off&#8221; module_class=&#8221;referenzen-container&#8221; _builder_version=&#8221;4.27.6&#8243; _module_preset=&#8221;default&#8221; width=&#8221;80%&#8221; width_tablet=&#8221;90%&#8221; width_phone=&#8221;70%&#8221; width_last_edited=&#8221;on|phone&#8221; max_width=&#8221;1920px&#8221; module_alignment=&#8221;center&#8221; custom_margin=&#8221;0px|0px||0px|false|false&#8221; custom_padding=&#8221;0px||20px||false|false&#8221; custom_padding_tablet=&#8221;0px|1rem||1rem|false|false&#8221; custom_padding_phone=&#8221;30px|1rem||1rem|false|false&#8221; global_module=&#8221;373&#8243; saved_tabs=&#8221;all&#8221; locked=&#8221;off&#8221; global_colors_info=&#8221;{}&#8221;][et_pb_row custom_padding_last_edited=&#8221;off|desktop&#8221; module_class=&#8221;kundenrezension-wrapper&#8221; _builder_version=&#8221;4.27.6&#8243; _module_preset=&#8221;default&#8221; positioning=&#8221;none&#8221; width=&#8221;100%&#8221; max_width=&#8221;100vw&#8221; custom_padding=&#8221;0px||0px||false|false&#8221; custom_padding_phone=&#8221;|0rem||0rem|false|false&#8221; global_colors_info=&#8221;{}&#8221;][et_pb_column type=&#8221;4_4&#8243; module_class=&#8221;referenzen-wrapper-col&#8221; _builder_version=&#8221;4.27.6&#8243; _module_preset=&#8221;default&#8221; positioning=&#8221;none&#8221; global_colors_info=&#8221;{}&#8221;][et_pb_image src=&#8221;https:\/\/rubyni.com\/wp-content\/uploads\/2023\/06\/Tobi_Haas-1.webp&#8221; alt=&#8221;Tobias Angerer&#8221; title_text=&#8221;Tobias Angerer&#8221; align_tablet=&#8221;center&#8221; align_phone=&#8221;center&#8221; align_last_edited=&#8221;off|desktop&#8221; _builder_version=&#8221;4.27.6&#8243; _module_preset=&#8221;default&#8221; custom_margin=&#8221;||||false|false&#8221; custom_padding=&#8221;||||false|false&#8221; global_colors_info=&#8221;{}&#8221;][\/et_pb_image][et_pb_text content_tablet=&#8221;<\/p>\n<p>Tobias Angerer<\/p>\n<h5>Sciatore di fondo<\/h5>\n<p>&#8221; content_phone=&#8221;<\/p>\n<p>Tobias Angerer<\/p>\n<h5>Sciatore di fondo<\/h5>\n<p>&#8221; content_last_edited=&#8221;on|desktop&#8221; module_class=&#8221;kundenrezension-name&#8221; _builder_version=&#8221;4.27.6&#8243; _module_preset=&#8221;default&#8221; header_5_text_align=&#8221;left&#8221; vertical_offset=&#8221;70%&#8221; horizontal_offset=&#8221;30%&#8221; horizontal_offset_tablet=&#8221;30%&#8221; horizontal_offset_phone=&#8221;0%&#8221; horizontal_offset_last_edited=&#8221;on|desktop&#8221; position_origin_a_last_edited=&#8221;off|desktop&#8221; position_origin_f_last_edited=&#8221;off|desktop&#8221; position_origin_r_phone=&#8221;top_left&#8221; position_origin_r_last_edited=&#8221;off|desktop&#8221; width=&#8221;100%&#8221; positioning_tablet=&#8221;relative&#8221; positioning_phone=&#8221;relative&#8221; positioning_last_edited=&#8221;off|desktop&#8221; text_orientation_last_edited=&#8221;off|desktop&#8221; global_colors_info=&#8221;{}&#8221; positioning__hover_enabled=&#8221;off|hover&#8221; position_origin_a__hover_enabled=&#8221;off|hover&#8221; position_origin_f__hover_enabled=&#8221;off|hover&#8221; position_origin_r__hover_enabled=&#8221;off|hover&#8221; custom_css_main_element_last_edited=&#8221;on|phone&#8221; custom_css_main_element_phone=&#8221;text-align: center !important;&#8221; custom_css_after_last_edited=&#8221;off|desktop&#8221; positioning__hover=&#8221;absolute&#8221;]<\/p>\n<p>Tobias Angerer<\/p>\n<h5>Sciatore di fondo<\/h5>\n<p>[\/et_pb_text][et_pb_text content_phone=&#8221;<\/p>\n<h4 style=%22text-align: center;%22>Come ex atleta professionista e persona attenta alla salute, le mie prestazioni fisiche e il mio benessere sono estremamente importanti per me. Ecco perch\u00e9 assumo rubyni\u00ae con sambuco, ormai parte della mia routine quotidiana. Sono convinto degli effetti positivi delle bacche di sambuco sul mio sistema immunitario, sul mio bilancio energetico e sulla mia forma fisica, soprattutto durante la rigenerazione dopo periodi di stress.  <\/h4>\n<p>&#8221; content_last_edited=&#8221;off|desktop&#8221; module_class=&#8221;kundenrezension-text&#8221; _builder_version=&#8221;4.27.6&#8243; _module_preset=&#8221;default&#8221; text_font=&#8221;|300|||||||&#8221; width=&#8221;100%&#8221; global_colors_info=&#8221;{}&#8221;]<\/p>\n<h4>Come ex atleta professionista e persona attenta alla salute, le mie prestazioni fisiche e il mio benessere sono estremamente importanti per me. Ecco perch\u00e9 assumo rubyni<sup>\u00ae<\/sup> con sambuco, ormai parte della mia routine quotidiana. Sono convinto degli effetti positivi delle bacche di sambuco sul mio sistema immunitario, sui miei livelli di energia e sulla mia forma fisica, soprattutto durante la rigenerazione dopo periodi di sforzo.  <\/h4>\n<p>[\/et_pb_text][\/et_pb_column][\/et_pb_row][et_pb_row custom_padding_last_edited=&#8221;off|desktop&#8221; module_class=&#8221;kundenrezension-wrapper&#8221; _builder_version=&#8221;4.27.6&#8243; _module_preset=&#8221;default&#8221; positioning=&#8221;none&#8221; width=&#8221;100%&#8221; max_width=&#8221;100vw&#8221; custom_padding=&#8221;0px||0px||false|false&#8221; custom_padding_phone=&#8221;|0rem||0rem|false|false&#8221; global_colors_info=&#8221;{}&#8221;][et_pb_column type=&#8221;4_4&#8243; module_class=&#8221;referenzen-wrapper-col&#8221; _builder_version=&#8221;4.27.6&#8243; _module_preset=&#8221;default&#8221; positioning=&#8221;none&#8221; global_colors_info=&#8221;{}&#8221;][et_pb_image src=&#8221;https:\/\/rubyni.com\/wp-content\/uploads\/2023\/06\/Andrea-Sokol-1.webp&#8221; alt=&#8221;Andrea Sokol&#8221; title_text=&#8221;Andrea Sokol&#8221; align_tablet=&#8221;center&#8221; align_phone=&#8221;center&#8221; align_last_edited=&#8221;off|desktop&#8221; _builder_version=&#8221;4.27.6&#8243; _module_preset=&#8221;default&#8221; global_colors_info=&#8221;{}&#8221;][\/et_pb_image][et_pb_text content_phone=&#8221;<\/p>\n<p style=%22text-align: center;%22>Tobias Angerer<\/p>\n<h6 style=%22text-align: center;%22>Sciatore di fondo<\/h6>\n<p>&#8221; content_last_edited=&#8221;off|desktop&#8221; module_class=&#8221;kundenrezension-name&#8221; _builder_version=&#8221;4.27.6&#8243; _module_preset=&#8221;default&#8221; vertical_offset=&#8221;70%&#8221; horizontal_offset=&#8221;30%&#8221; horizontal_offset_tablet=&#8221;30%&#8221; horizontal_offset_phone=&#8221;0%&#8221; horizontal_offset_last_edited=&#8221;on|desktop&#8221; position_origin_a_last_edited=&#8221;off|desktop&#8221; position_origin_f_last_edited=&#8221;off|desktop&#8221; position_origin_r_phone=&#8221;top_left&#8221; position_origin_r_last_edited=&#8221;off|desktop&#8221; width=&#8221;100%&#8221; positioning_tablet=&#8221;relative&#8221; positioning_phone=&#8221;relative&#8221; positioning_last_edited=&#8221;off|desktop&#8221; global_colors_info=&#8221;{}&#8221; positioning__hover_enabled=&#8221;off|desktop&#8221; position_origin_a__hover_enabled=&#8221;off|desktop&#8221; position_origin_f__hover_enabled=&#8221;off|desktop&#8221; position_origin_r__hover_enabled=&#8221;off|desktop&#8221; custom_css_main_element_last_edited=&#8221;on|phone&#8221; custom_css_main_element_phone=&#8221;text-align: center !important;&#8221; custom_css_after_last_edited=&#8221;off|desktop&#8221; positioning__hover=&#8221;absolute&#8221;]<\/p>\n<p>Andrea Sokol<\/p>\n<h5>Fitoterapeuta | Consulente di nutrizione e salute<\/h5>\n<p>[\/et_pb_text][et_pb_text content_phone=&#8221;<\/p>\n<p style=%22text-align: center;%22><em>Il tuo contenuto va qui. Puoi modificare o rimuovere questo testo in linea o nelle impostazioni del modulo Contenuto. Inoltre, puoi personalizzare ogni aspetto di questo contenuto nelle impostazioni del modulo Design e persino applicare un CSS personalizzato a questo testo nelle impostazioni del modulo Avanzate.  <\/em><\/p>\n<p>&#8221; content_last_edited=&#8221;off|desktop&#8221; module_class=&#8221;kundenrezension-text&#8221; _builder_version=&#8221;4.27.6&#8243; _module_preset=&#8221;default&#8221; text_font=&#8221;|300|||||||&#8221; width=&#8221;100%&#8221; global_colors_info=&#8221;{}&#8221;]<\/p>\n<h4>Lavoro come consulente per la nutrizione e la salute e sono una fitoterapeuta qualificata. Trasparenza, sostenibilit\u00e0 e qualit\u00e0 sono molto importanti per me. E devo dire che rubyni<sup>\u00ae<\/sup> mi ha completamente conquistata come marchio. Le capsule contengono solo ingredienti naturali di altissima qualit\u00e0, la cui efficacia \u00e8 stata dimostrata da studi e che forniscono all&#8217;organismo importanti nutrienti. Ho pubblicato diversi video sul mio percorso personale con rubyni<g id=\"gid_1\">\u00ae<\/g> sul mio canale YouTube Ohlala &amp; Solala. L\u00ec ti racconto ancora di pi\u00f9 cosa rende questo integratore alimentare cos\u00ec speciale dal mio punto di vista.     <\/h4>\n<p>[\/et_pb_text][\/et_pb_column][\/et_pb_row][et_pb_row custom_padding_last_edited=&#8221;off|desktop&#8221; module_class=&#8221;kundenrezension-wrapper&#8221; _builder_version=&#8221;4.27.6&#8243; _module_preset=&#8221;default&#8221; positioning=&#8221;none&#8221; width=&#8221;100%&#8221; max_width=&#8221;100vw&#8221; custom_padding=&#8221;0px||0px||false|false&#8221; custom_padding_phone=&#8221;|0rem||0rem|false|false&#8221; global_colors_info=&#8221;{}&#8221;][et_pb_column type=&#8221;4_4&#8243; module_class=&#8221;referenzen-wrapper-col&#8221; _builder_version=&#8221;4.27.6&#8243; _module_preset=&#8221;default&#8221; positioning=&#8221;none&#8221; global_colors_info=&#8221;{}&#8221;][et_pb_image src=&#8221;https:\/\/rubyni.com\/wp-content\/uploads\/2023\/06\/hanna_kebinger-1.webp&#8221; alt=&#8221;Hanna Kebinger&#8221; title_text=&#8221;Hanna Kebinger&#8221; align_tablet=&#8221;center&#8221; align_phone=&#8221;center&#8221; align_last_edited=&#8221;off|desktop&#8221; module_class=&#8221;kunden-img&#8221; _builder_version=&#8221;4.27.6&#8243; _module_preset=&#8221;default&#8221; global_colors_info=&#8221;{}&#8221;][\/et_pb_image][et_pb_text content_phone=&#8221;<\/p>\n<p style=%22text-align: center;%22>Tobias Angerer<\/p>\n<h6 style=%22text-align: center;%22>Sciatore di fondo<\/h6>\n<p>&#8221; content_last_edited=&#8221;off|desktop&#8221; module_class=&#8221;kundenrezension-name&#8221; _builder_version=&#8221;4.27.6&#8243; _module_preset=&#8221;default&#8221; vertical_offset=&#8221;70%&#8221; horizontal_offset=&#8221;30%&#8221; horizontal_offset_tablet=&#8221;30%&#8221; horizontal_offset_phone=&#8221;0%&#8221; horizontal_offset_last_edited=&#8221;on|desktop&#8221; position_origin_a_last_edited=&#8221;off|desktop&#8221; position_origin_f_last_edited=&#8221;off|desktop&#8221; position_origin_r_phone=&#8221;top_left&#8221; position_origin_r_last_edited=&#8221;off|desktop&#8221; width=&#8221;100%&#8221; positioning_tablet=&#8221;relative&#8221; positioning_phone=&#8221;relative&#8221; positioning_last_edited=&#8221;off|desktop&#8221; global_colors_info=&#8221;{}&#8221; positioning__hover_enabled=&#8221;off|desktop&#8221; position_origin_a__hover_enabled=&#8221;off|desktop&#8221; position_origin_f__hover_enabled=&#8221;off|desktop&#8221; position_origin_r__hover_enabled=&#8221;off|desktop&#8221; custom_css_main_element_last_edited=&#8221;on|phone&#8221; custom_css_main_element_phone=&#8221;text-align: center !important;&#8221; custom_css_after_last_edited=&#8221;off|desktop&#8221; positioning__hover=&#8221;absolute&#8221;]<\/p>\n<p>Hanna Kebinger<\/p>\n<h5>Biatleta<\/h5>\n<p>[\/et_pb_text][et_pb_text content_phone=&#8221;<\/p>\n<p style=%22text-align: center;%22><em>Il tuo contenuto va qui. Puoi modificare o rimuovere questo testo in linea o nelle impostazioni del modulo Contenuto. Inoltre, puoi personalizzare ogni aspetto di questo contenuto nelle impostazioni del modulo Design e persino applicare un CSS personalizzato a questo testo nelle impostazioni del modulo Avanzate.  <\/em><\/p>\n<p>&#8221; content_last_edited=&#8221;off|desktop&#8221; module_class=&#8221;kundenrezension-text&#8221; _builder_version=&#8221;4.27.6&#8243; _module_preset=&#8221;default&#8221; text_font=&#8221;|300|||||||&#8221; width=&#8221;100%&#8221; global_colors_info=&#8221;{}&#8221;]<\/p>\n<h4>Come biatleta, devo essere in forma e in grado di esibirmi in qualsiasi momento. In passato ho avuto molti problemi in questo senso. Il mio corpo si \u00e8 ripetutamente indebolito e ho dovuto sopportare molti problemi. Quando ho cercato una soluzione per sostenere il mio sistema immunitario a lungo termine, il mio naturopata mi ha fatto conoscere le bacche di sambuco come superfood, tra le altre cose. Ora assumo rubyni<sup>\u00ae<\/sup> con bacche di sambuco ogni giorno. Le capsule sono utilissime anche quando sono in viaggio durante la Coppa del Mondo. Rubyni<sup>\u00ae<\/sup> \u00e8 un valido aiuto per me durante le fasi di stress della competizione e il mio sistema immunitario \u00e8 finalmente tornato in forma.      <\/h4>\n<p>[\/et_pb_text][\/et_pb_column][\/et_pb_row][et_pb_row custom_padding_last_edited=&#8221;off|desktop&#8221; module_class=&#8221;kundenrezension-wrapper&#8221; _builder_version=&#8221;4.27.6&#8243; _module_preset=&#8221;default&#8221; positioning=&#8221;none&#8221; width=&#8221;100%&#8221; max_width=&#8221;100vw&#8221; custom_padding=&#8221;0px||0px||false|false&#8221; custom_padding_phone=&#8221;|0rem||0rem|false|false&#8221; global_colors_info=&#8221;{}&#8221;][et_pb_column type=&#8221;4_4&#8243; module_class=&#8221;referenzen-wrapper-col&#8221; _builder_version=&#8221;4.27.6&#8243; _module_preset=&#8221;default&#8221; positioning=&#8221;none&#8221; global_colors_info=&#8221;{}&#8221;][et_pb_image src=&#8221;https:\/\/rubyni.com\/wp-content\/uploads\/2023\/06\/michaela-doell.webp&#8221; alt=&#8221;Prof Dr Michaela Doell&#8221; title_text=&#8221;Prof Dr Michaela Doell&#8221; align_tablet=&#8221;center&#8221; align_phone=&#8221;center&#8221; align_last_edited=&#8221;off|desktop&#8221; module_class=&#8221;kunden-img&#8221; _builder_version=&#8221;4.27.6&#8243; _module_preset=&#8221;default&#8221; global_colors_info=&#8221;{}&#8221;][\/et_pb_image][et_pb_text content_phone=&#8221;<\/p>\n<p style=%22text-align: center;%22>Tobias Angerer<\/p>\n<h6 style=%22text-align: center;%22>Sciatore di fondo<\/h6>\n<p>&#8221; content_last_edited=&#8221;off|desktop&#8221; module_class=&#8221;kundenrezension-name&#8221; _builder_version=&#8221;4.27.6&#8243; _module_preset=&#8221;default&#8221; vertical_offset=&#8221;70%&#8221; horizontal_offset=&#8221;30%&#8221; horizontal_offset_tablet=&#8221;30%&#8221; horizontal_offset_phone=&#8221;0%&#8221; horizontal_offset_last_edited=&#8221;on|desktop&#8221; position_origin_a_last_edited=&#8221;off|desktop&#8221; position_origin_f_last_edited=&#8221;off|desktop&#8221; position_origin_r_phone=&#8221;top_left&#8221; position_origin_r_last_edited=&#8221;off|desktop&#8221; width=&#8221;100%&#8221; positioning_tablet=&#8221;relative&#8221; positioning_phone=&#8221;relative&#8221; positioning_last_edited=&#8221;off|desktop&#8221; global_colors_info=&#8221;{}&#8221; positioning__hover_enabled=&#8221;off|desktop&#8221; position_origin_a__hover_enabled=&#8221;off|desktop&#8221; position_origin_f__hover_enabled=&#8221;off|desktop&#8221; position_origin_r__hover_enabled=&#8221;off|desktop&#8221; custom_css_main_element_last_edited=&#8221;on|phone&#8221; custom_css_main_element_phone=&#8221;text-align: center !important;&#8221; custom_css_after_last_edited=&#8221;off|desktop&#8221; positioning__hover=&#8221;absolute&#8221;]<\/p>\n<p>Prof. Dr. rer. nat. Michaela D\u00f6ll  <\/p>\n<h5>Esperto in medicina nutrizionale<\/h5>\n<p>[\/et_pb_text][et_pb_text content_phone=&#8221;<\/p>\n<p style=%22text-align: center;%22><em>Il tuo contenuto va qui. Puoi modificare o rimuovere questo testo in linea o nelle impostazioni del modulo Contenuto. Inoltre, puoi personalizzare ogni aspetto di questo contenuto nelle impostazioni del modulo Design e persino applicare un CSS personalizzato a questo testo nelle impostazioni del modulo Avanzate.  <\/em><\/p>\n<p>&#8221; content_last_edited=&#8221;off|desktop&#8221; module_class=&#8221;kundenrezension-text&#8221; _builder_version=&#8221;4.27.6&#8243; _module_preset=&#8221;default&#8221; text_font=&#8221;|300|||||||&#8221; width=&#8221;100%&#8221; global_colors_info=&#8221;{}&#8221;]<\/p>\n<h4>Da oltre 25 anni mi occupo di medicina olistica e naturopatica, con particolare interesse per i temi legati alla nutrizione e alla biologia. Durante questo periodo mi sono dedicato intensamente allo studio dei risultati delle ricerche pi\u00f9 recenti (ad esempio sulla medicina ortomolecolare, l&#8217;epigenetica, la nutrigenomica e la fitoterapia). La filosofia di rubyni, che consiste nell&#8217;utilizzare estratti completi con il profilo d&#8217;azione integrale dell&#8217;intera matrice del frutto, mi ha affascinato e convinto fin dall&#8217;inizio. Per questo ho accettato volentieri l&#8217;incarico di sviluppare nuovi prodotti che contenessero rubyni, ma allo stesso tempo, in un&#8217;ottica di sinergia d&#8217;azione, anche altri ingredienti per uno scopo specifico.   <\/h4>\n<p>[\/et_pb_text][\/et_pb_column][\/et_pb_row][\/et_pb_section]<\/p>\n","protected":false},"excerpt":{"rendered":"<p><div class=\"et_pb_module lwp_divi_breadcrumbs lwp_divi_breadcrumbs_0 breadcrumbs-item\">\n\t\t\t\t\n\t\t\t\t\n\t\t\t\t\n\t\t\t\t\n\t\t\t\t\n\t\t\t\t\n\t\t\t\t<div class=\"et_pb_module_inner\">\n\t\t\t\t\t<div class=\"lwp-breadcrumbs\"> <span class=\"before\"><\/span> <span vocab=\"https:\/\/schema.org\/\" typeof=\"BreadcrumbList\"><span property=\"itemListElement\" typeof=\"ListItem\"><a property=\"item\" typeof=\"WebPage\" href=\"#\" class=\"home\"><span property=\"name\">Home<\/span><\/a><meta property=\"position\" content=\"1\"><\/span> <span class=\"separator et-pb-icon\">9<\/span> <\/span><\/div>\n\t\t\t\t<\/div>\n\t\t\t<\/div>rubyni\u00ae Vitamina C vitamina C di origine vegetale ricavata da acerola biologica e amla biologicaIntegratore alimentare con vitamina C ricavata da polvere di acerola biologica ed estratto di amla biologico. 100% vegano, senza glutine e senza lattosio, 100% biologico. Ingredienti: estratto di frutto di amla biologico (da Emblica [&hellip;]<\/p>\n","protected":false},"author":1,"featured_media":12523,"parent":17890,"menu_order":0,"comment_status":"closed","ping_status":"closed","template":"page-no-header.php","meta":{"_acf_changed":false,"_et_pb_use_builder":"on","_et_pb_old_content":"","_et_gb_content_width":"","footnotes":""},"class_list":["post-10495","page","type-page","status-publish","has-post-thumbnail","hentry"],"acf":[],"yoast_head":"<!-- This site is optimized with the Yoast SEO Premium plugin v27.7 (Yoast SEO v27.7) - https:\/\/yoast.com\/product\/yoast-seo-premium-wordpress\/ -->\r\n<title>rubyni Vitamina C da fonti naturali<\/title>\r\n<meta name=\"description\" content=\"Capsule di vitamina C rubyni con vitamina C ricavata da polvere di acerola biologica ed estratto di amla biologico. Vegane e di alta qualit\u00e0.\" \/>\r\n<meta name=\"robots\" content=\"index, follow, max-snippet:-1, max-image-preview:large, max-video-preview:-1\" \/>\r\n<link rel=\"canonical\" href=\"https:\/\/rubyni.com\/produkte\/rubyni-essentials\/rubyni-vitamin-c\" \/>\r\n<meta property=\"og:locale\" content=\"it_IT\" \/>\r\n<meta property=\"og:type\" content=\"article\" \/>\r\n<meta property=\"og:title\" content=\"Vitamina C\" \/>\r\n<meta property=\"og:description\" content=\"Capsule di vitamina C rubyni con vitamina C ricavata da polvere di acerola biologica ed estratto di amla biologico. Vegane e di alta qualit\u00e0.\" \/>\r\n<meta property=\"og:url\" content=\"https:\/\/rubyni.com\/produkte\/rubyni-essentials\/rubyni-vitamin-c\" \/>\r\n<meta property=\"og:site_name\" content=\"rubyni\" \/>\r\n<meta property=\"article:modified_time\" content=\"2026-08-26T08:22:26+00:00\" \/>\r\n<meta property=\"og:image\" content=\"https:\/\/rubyni.com\/wp-content\/uploads\/2025\/08\/C-mit-Kapseln.webp\" \/>\r\n\t<meta property=\"og:image:width\" content=\"960\" \/>\r\n\t<meta property=\"og:image:height\" content=\"960\" \/>\r\n\t<meta property=\"og:image:type\" content=\"image\/webp\" \/>\r\n<meta name=\"twitter:card\" content=\"summary_large_image\" \/>\r\n<script type=\"application\/ld+json\" class=\"yoast-schema-graph\">{\"@context\":\"https:\\\/\\\/schema.org\",\"@graph\":[{\"@type\":\"WebPage\",\"@id\":\"https:\\\/\\\/rubyni.com\\\/produkte\\\/rubyni-essentials\\\/rubyni-vitamin-c\",\"url\":\"https:\\\/\\\/rubyni.com\\\/produkte\\\/rubyni-essentials\\\/rubyni-vitamin-c\",\"name\":\"rubyni Vitamina C da fonti naturali\",\"isPartOf\":{\"@id\":\"https:\\\/\\\/rubyni.com\\\/#website\"},\"primaryImageOfPage\":{\"@id\":\"https:\\\/\\\/rubyni.com\\\/produkte\\\/rubyni-essentials\\\/rubyni-vitamin-c#primaryimage\"},\"image\":{\"@id\":\"https:\\\/\\\/rubyni.com\\\/produkte\\\/rubyni-essentials\\\/rubyni-vitamin-c#primaryimage\"},\"thumbnailUrl\":\"https:\\\/\\\/rubyni.com\\\/wp-content\\\/uploads\\\/2025\\\/08\\\/C-mit-Kapseln.webp\",\"datePublished\":\"2025-05-13T10:34:19+00:00\",\"dateModified\":\"2026-08-26T08:22:26+00:00\",\"description\":\"Capsule di vitamina C rubyni con vitamina C ricavata da polvere di acerola biologica ed estratto di amla biologico. Vegane e di alta qualit\u00e0.\",\"breadcrumb\":{\"@id\":\"https:\\\/\\\/rubyni.com\\\/produkte\\\/rubyni-essentials\\\/rubyni-vitamin-c#breadcrumb\"},\"inLanguage\":\"it-IT\",\"potentialAction\":[{\"@type\":\"ReadAction\",\"target\":[\"https:\\\/\\\/rubyni.com\\\/produkte\\\/rubyni-essentials\\\/rubyni-vitamin-c\"]}]},{\"@type\":\"ImageObject\",\"inLanguage\":\"it-IT\",\"@id\":\"https:\\\/\\\/rubyni.com\\\/produkte\\\/rubyni-essentials\\\/rubyni-vitamin-c#primaryimage\",\"url\":\"https:\\\/\\\/rubyni.com\\\/wp-content\\\/uploads\\\/2025\\\/08\\\/C-mit-Kapseln.webp\",\"contentUrl\":\"https:\\\/\\\/rubyni.com\\\/wp-content\\\/uploads\\\/2025\\\/08\\\/C-mit-Kapseln.webp\",\"width\":960,\"height\":960},{\"@type\":\"BreadcrumbList\",\"@id\":\"https:\\\/\\\/rubyni.com\\\/produkte\\\/rubyni-essentials\\\/rubyni-vitamin-c#breadcrumb\",\"itemListElement\":[{\"@type\":\"ListItem\",\"position\":1,\"name\":\"Startseite\",\"item\":\"https:\\\/\\\/rubyni.com\\\/\"},{\"@type\":\"ListItem\",\"position\":2,\"name\":\"I nostri prodotti\",\"item\":\"https:\\\/\\\/rubyni.com\\\/it\\\/i-nostri-prodotti\"},{\"@type\":\"ListItem\",\"position\":3,\"name\":\"rubyni Essentials\",\"item\":\"https:\\\/\\\/rubyni.com\\\/produkte\\\/rubyni-essentials\"},{\"@type\":\"ListItem\",\"position\":4,\"name\":\"Vitamina C\"}]},{\"@type\":\"WebSite\",\"@id\":\"https:\\\/\\\/rubyni.com\\\/#website\",\"url\":\"https:\\\/\\\/rubyni.com\\\/\",\"name\":\"rubyni\",\"description\":\"\",\"potentialAction\":[{\"@type\":\"SearchAction\",\"target\":{\"@type\":\"EntryPoint\",\"urlTemplate\":\"https:\\\/\\\/rubyni.com\\\/?s={search_term_string}\"},\"query-input\":{\"@type\":\"PropertyValueSpecification\",\"valueRequired\":true,\"valueName\":\"search_term_string\"}}],\"inLanguage\":\"it-IT\"}]}<\/script>\r\n<!-- \/ Yoast SEO Premium plugin. -->","yoast_head_json":{"title":"rubyni Vitamina C da fonti naturali","description":"Capsule di vitamina C rubyni con vitamina C ricavata da polvere di acerola biologica ed estratto di amla biologico. Vegane e di alta qualit\u00e0.","robots":{"index":"index","follow":"follow","max-snippet":"max-snippet:-1","max-image-preview":"max-image-preview:large","max-video-preview":"max-video-preview:-1"},"canonical":"https:\/\/rubyni.com\/produkte\/rubyni-essentials\/rubyni-vitamin-c","og_locale":"it_IT","og_type":"article","og_title":"Vitamina C","og_description":"Capsule di vitamina C rubyni con vitamina C ricavata da polvere di acerola biologica ed estratto di amla biologico. Vegane e di alta qualit\u00e0.","og_url":"https:\/\/rubyni.com\/produkte\/rubyni-essentials\/rubyni-vitamin-c","og_site_name":"rubyni","article_modified_time":"2026-08-26T08:22:26+00:00","og_image":[{"width":960,"height":960,"url":"https:\/\/rubyni.com\/wp-content\/uploads\/2025\/08\/C-mit-Kapseln.webp","type":"image\/webp"}],"twitter_card":"summary_large_image","schema":{"@context":"https:\/\/schema.org","@graph":[{"@type":"WebPage","@id":"https:\/\/rubyni.com\/produkte\/rubyni-essentials\/rubyni-vitamin-c","url":"https:\/\/rubyni.com\/produkte\/rubyni-essentials\/rubyni-vitamin-c","name":"rubyni Vitamina C da fonti naturali","isPartOf":{"@id":"https:\/\/rubyni.com\/#website"},"primaryImageOfPage":{"@id":"https:\/\/rubyni.com\/produkte\/rubyni-essentials\/rubyni-vitamin-c#primaryimage"},"image":{"@id":"https:\/\/rubyni.com\/produkte\/rubyni-essentials\/rubyni-vitamin-c#primaryimage"},"thumbnailUrl":"https:\/\/rubyni.com\/wp-content\/uploads\/2025\/08\/C-mit-Kapseln.webp","datePublished":"2025-05-13T10:34:19+00:00","dateModified":"2026-08-26T08:22:26+00:00","description":"Capsule di vitamina C rubyni con vitamina C ricavata da polvere di acerola biologica ed estratto di amla biologico. Vegane e di alta qualit\u00e0.","breadcrumb":{"@id":"https:\/\/rubyni.com\/produkte\/rubyni-essentials\/rubyni-vitamin-c#breadcrumb"},"inLanguage":"it-IT","potentialAction":[{"@type":"ReadAction","target":["https:\/\/rubyni.com\/produkte\/rubyni-essentials\/rubyni-vitamin-c"]}]},{"@type":"ImageObject","inLanguage":"it-IT","@id":"https:\/\/rubyni.com\/produkte\/rubyni-essentials\/rubyni-vitamin-c#primaryimage","url":"https:\/\/rubyni.com\/wp-content\/uploads\/2025\/08\/C-mit-Kapseln.webp","contentUrl":"https:\/\/rubyni.com\/wp-content\/uploads\/2025\/08\/C-mit-Kapseln.webp","width":960,"height":960},{"@type":"BreadcrumbList","@id":"https:\/\/rubyni.com\/produkte\/rubyni-essentials\/rubyni-vitamin-c#breadcrumb","itemListElement":[{"@type":"ListItem","position":1,"name":"Startseite","item":"https:\/\/rubyni.com\/"},{"@type":"ListItem","position":2,"name":"I nostri prodotti","item":"https:\/\/rubyni.com\/it\/i-nostri-prodotti"},{"@type":"ListItem","position":3,"name":"rubyni Essentials","item":"https:\/\/rubyni.com\/produkte\/rubyni-essentials"},{"@type":"ListItem","position":4,"name":"Vitamina C"}]},{"@type":"WebSite","@id":"https:\/\/rubyni.com\/#website","url":"https:\/\/rubyni.com\/","name":"rubyni","description":"","potentialAction":[{"@type":"SearchAction","target":{"@type":"EntryPoint","urlTemplate":"https:\/\/rubyni.com\/?s={search_term_string}"},"query-input":{"@type":"PropertyValueSpecification","valueRequired":true,"valueName":"search_term_string"}}],"inLanguage":"it-IT"}]}},"_links":{"self":[{"href":"https:\/\/rubyni.com\/it\/wp-json\/wp\/v2\/pages\/10495","targetHints":{"allow":["GET"]}}],"collection":[{"href":"https:\/\/rubyni.com\/it\/wp-json\/wp\/v2\/pages"}],"about":[{"href":"https:\/\/rubyni.com\/it\/wp-json\/wp\/v2\/types\/page"}],"author":[{"embeddable":true,"href":"https:\/\/rubyni.com\/it\/wp-json\/wp\/v2\/users\/1"}],"replies":[{"embeddable":true,"href":"https:\/\/rubyni.com\/it\/wp-json\/wp\/v2\/comments?post=10495"}],"version-history":[{"count":20,"href":"https:\/\/rubyni.com\/it\/wp-json\/wp\/v2\/pages\/10495\/revisions"}],"predecessor-version":[{"id":22012,"href":"https:\/\/rubyni.com\/it\/wp-json\/wp\/v2\/pages\/10495\/revisions\/22012"}],"up":[{"embeddable":true,"href":"https:\/\/rubyni.com\/it\/wp-json\/wp\/v2\/pages\/17890"}],"wp:featuredmedia":[{"embeddable":true,"href":"https:\/\/rubyni.com\/it\/wp-json\/wp\/v2\/media\/12523"}],"wp:attachment":[{"href":"https:\/\/rubyni.com\/it\/wp-json\/wp\/v2\/media?parent=10495"}],"curies":[{"name":"wp","href":"https:\/\/api.w.org\/{rel}","templated":true}]}}