{"id":11982,"date":"2023-09-27T08:17:11","date_gmt":"2023-09-27T06:17:11","guid":{"rendered":"https:\/\/rubyni.com\/i-nostri-prodotti\/rubyni-amarena"},"modified":"2026-08-26T10:07:13","modified_gmt":"2026-08-26T08:07:13","slug":"rubyni-amarena","status":"publish","type":"page","link":"https:\/\/rubyni.com\/it\/i-nostri-prodotti\/rubyni-puro\/rubyni-amarena","title":{"rendered":"rubyni Amarena"},"content":{"rendered":"<p>[et_pb_section fb_built=&#8221;1&#8243; admin_label=&#8221;Breadcrumbs-Container&#8221; module_class=&#8221;breadcrumbs-wrapper&#8221; _builder_version=&#8221;4.27.6&#8243; _module_preset=&#8221;default&#8221; custom_margin=&#8221;6rem||-4rem||false|false&#8221; custom_padding=&#8221;0px||0px||false|false&#8221; global_colors_info=&#8221;{}&#8221;][et_pb_row module_class=&#8221;breadcrumbs-row&#8221; _builder_version=&#8221;4.27.6&#8243; _module_preset=&#8221;default&#8221; max_width=&#8221;2560px&#8221; module_alignment=&#8221;center&#8221; custom_margin=&#8221;0px||0px||false|false&#8221; custom_padding=&#8221;0px||0px||false|false&#8221; global_colors_info=&#8221;{}&#8221;][et_pb_column type=&#8221;4_4&#8243; module_class=&#8221;breadcrumbs-row-col&#8221; _builder_version=&#8221;4.27.6&#8243; _module_preset=&#8221;default&#8221; global_colors_info=&#8221;{}&#8221;][lwp_divi_breadcrumbs font_icon=&#8221;&#x39;||divi||400&#8243; use_custom_home_link=&#8221;on&#8221; home_link=&#8221;#&#8221; module_class=&#8221;breadcrumbs-item&#8221; _builder_version=&#8221;4.27.6&#8243; _module_preset=&#8221;default&#8221; global_colors_info=&#8221;{}&#8221;][\/lwp_divi_breadcrumbs][\/et_pb_column][\/et_pb_row][\/et_pb_section][et_pb_section fb_built=&#8221;1&#8243; custom_padding_last_edited=&#8221;on|desktop&#8221; disabled_on=&#8221;off|off|off&#8221; admin_label=&#8221;Top Section &#8211; Slider + MYFA Elemente&#8221; module_class=&#8221;layout-relaunch-product-header&#8221; _builder_version=&#8221;4.27.4&#8243; _module_preset=&#8221;default&#8221; background_enable_color=&#8221;off&#8221; custom_margin=&#8221;25px||||false|false&#8221; custom_margin_tablet=&#8221;3rem||||false|false&#8221; custom_margin_phone=&#8221;3rem||||false|false&#8221; custom_margin_last_edited=&#8221;on|tablet&#8221; custom_padding=&#8221;|1rem||1rem|false|false&#8221; custom_padding_tablet=&#8221;|1rem||1rem|false|false&#8221; custom_padding_phone=&#8221;20px||||false|false&#8221; global_colors_info=&#8221;{}&#8221;][et_pb_row column_structure=&#8221;1_2,1_2&#8243; custom_padding_last_edited=&#8221;off|tablet&#8221; module_class=&#8221;product-img-wrapper&#8221; _builder_version=&#8221;4.27.4&#8243; _module_preset=&#8221;default&#8221; width_tablet=&#8221;100%&#8221; width_phone=&#8221;100%&#8221; width_last_edited=&#8221;on|tablet&#8221; custom_padding=&#8221;0px||||false|false&#8221; custom_padding_tablet=&#8221;6rem|1rem||1rem|false|false&#8221; custom_padding_phone=&#8221;||||false|false&#8221; global_colors_info=&#8221;{}&#8221;][et_pb_column type=&#8221;1_2&#8243; module_class=&#8221;custom-produktslider&#8221; _builder_version=&#8221;4.27.4&#8243; _module_preset=&#8221;default&#8221; global_colors_info=&#8221;{}&#8221;][et_pb_image src=&#8221;https:\/\/rubyni.com\/wp-content\/uploads\/2025\/09\/20230621_rub_sauerkirsche_glas_mit_kapseln-scaled.webp&#8221; alt=&#8221;rubyni\u00ae all&#8217;amarena in un barattolo con due capsule rosse davanti.&#8221; title_text=&#8221;rubyni\u00ae sour cherry in un barattolo come mockup per illustrare la pagina del prodotto&#8221; _builder_version=&#8221;4.27.4&#8243; _module_preset=&#8221;default&#8221; custom_margin=&#8221;||0px||false|false&#8221; custom_padding=&#8221;||0px||false|false&#8221; global_colors_info=&#8221;{}&#8221;][\/et_pb_image][et_pb_image src=&#8221;https:\/\/rubyni.com\/wp-content\/uploads\/2026\/01\/Sauerkirsche_Bild2-60.webp&#8221; alt=&#8221;rubyni\u00ae all&#8217;amarena in barattolo con etichetta richiudibile&#8221; title_text=&#8221;Amarena_immagine2-60&#8243; _builder_version=&#8221;4.27.4&#8243; _module_preset=&#8221;default&#8221; custom_margin=&#8221;||0px||false|false&#8221; custom_padding=&#8221;||0px||false|false&#8221; global_colors_info=&#8221;{}&#8221;][\/et_pb_image][et_pb_image src=&#8221;https:\/\/rubyni.com\/wp-content\/uploads\/2026\/07\/rubyni-sauerkirsche-prozess-von-der-beere-in-die-kapsel.webp&#8221; alt=&#8221;rubyni\u00ae all&#8217;amarena in barattolo con etichetta richiudibile&#8221; title_text=&#8221;Il processo Rubyni alle amarene: dalla bacca alla capsula&#8221; _builder_version=&#8221;4.27.6&#8243; _module_preset=&#8221;default&#8221; custom_margin=&#8221;||0px||false|false&#8221; custom_padding=&#8221;||0px||false|false&#8221; global_colors_info=&#8221;{}&#8221;][\/et_pb_image][et_pb_image src=&#8221;https:\/\/rubyni.com\/wp-content\/uploads\/2025\/08\/Bild3-6.webp&#8221; alt=&#8221;L&#8217;amarena Rubyni\u00ae in un barattolo davanti al volto di una donna. La bocca \u00e8 leggermente aperta e la donna tiene una capsula rossa davanti alla bocca. &#8221; title_text=&#8221;Immagine che illustra i benefici dell&#8217;amarena rubyni&#8221; _builder_version=&#8221;4.27.4&#8243; _module_preset=&#8221;default&#8221; custom_margin=&#8221;||0px||false|false&#8221; custom_padding=&#8221;||0px||false|false&#8221; global_colors_info=&#8221;{}&#8221;][\/et_pb_image][et_pb_image src=&#8221;https:\/\/rubyni.com\/wp-content\/uploads\/2026\/05\/rubyni-Sauerkirsche-slide4-scaled.webp&#8221; alt=&#8221;L&#8217;amarena rubyni\u00ae in un barattolo su una piccola base bianca, incorniciata dalle indicazioni sulla salute.&#8221; title_text=&#8221;rubino-ciliegia-slide4&#8243; _builder_version=&#8221;4.27.6&#8243; _module_preset=&#8221;default&#8221; custom_margin=&#8221;||0px||false|false&#8221; custom_padding=&#8221;||0px||false|false&#8221; global_colors_info=&#8221;{}&#8221;][\/et_pb_image][et_pb_image src=&#8221;https:\/\/rubyni.com\/wp-content\/uploads\/2025\/09\/Sauerkirsche_Bild5_Schema.webp&#8221; alt=&#8221;Schema dei benefici del prodotto rubyni\u00ae all&#8217;amarena&#8221; title_text=&#8221;rubyni\u00ae sour cherry &#8211; Slide5 per la pagina del prodotto&#8221; _builder_version=&#8221;4.27.4&#8243; _module_preset=&#8221;default&#8221; custom_margin=&#8221;||0px||false|false&#8221; custom_padding=&#8221;||0px||false|false&#8221; global_colors_info=&#8221;{}&#8221;][\/et_pb_image][et_pb_image src=&#8221;https:\/\/rubyni.com\/wp-content\/uploads\/2025\/09\/Sauerkirsche_Bild6_Untersuchungsbericht-1.webp&#8221; alt=&#8221;Certificato di analisi di GBA Gesellschaft f\u00fcr Bioanalytik mbH&#8221; title_text=&#8221;rubyni\u00ae sour cherry &#8211; Slide per la pagina del prodotto&#8221; _builder_version=&#8221;4.27.4&#8243; _module_preset=&#8221;default&#8221; custom_margin=&#8221;||0px||false|false&#8221; custom_padding=&#8221;||0px||false|false&#8221; global_colors_info=&#8221;{}&#8221;][\/et_pb_image][et_pb_code module_class=&#8221;custom-slider-nav&#8221; _builder_version=&#8221;4.27.4&#8243; _module_preset=&#8221;default&#8221; custom_margin=&#8221;0px||0px||false|false&#8221; custom_padding=&#8221;0px||0px||false|false&#8221; global_colors_info=&#8221;{}&#8221;]<\/p>\n<div class=\"custom-produktslider-nav\"><\/div>\n<p>[\/et_pb_code][\/et_pb_column][et_pb_column type=&#8221;1_2&#8243; module_class=&#8221;product-img-wrapper-text&#8221; _builder_version=&#8221;4.27.4&#8243; _module_preset=&#8221;default&#8221; global_colors_info=&#8221;{}&#8221;][et_pb_text module_class=&#8221;h2-gross produkt-top hfinger-produkttitel-rechts&#8221; _builder_version=&#8221;4.27.6&#8243; _module_preset=&#8221;default&#8221; text_font_size=&#8221;20px&#8221; header_font=&#8221;Roboto|500|||||||&#8221; header_font_size=&#8221;50px&#8221; header_line_height=&#8221;1.2em&#8221; header_2_font=&#8221;Roboto|300|||||||&#8221; header_2_font_size=&#8221;50px&#8221; header_2_line_height=&#8221;1.2em&#8221; custom_margin=&#8221;||1rem||false|false&#8221; global_colors_info=&#8221;{}&#8221;]<\/p>\n<h2>rubyni<sup>\u00ae<\/sup> amarena<\/h2>\n<h1>Molti sportivi non possono fare a meno delle amarene<\/h1>\n<p>[\/et_pb_text][et_pb_text module_class=&#8221;h2-gross produkt-top hfinger-produkttext&#8221; _builder_version=&#8221;4.27.4&#8243; _module_preset=&#8221;default&#8221; text_font_size=&#8221;20px&#8221; header_font=&#8221;Roboto|500|||||||&#8221; header_font_size=&#8221;50px&#8221; header_line_height=&#8221;1.2em&#8221; header_2_font=&#8221;Roboto|500|||||||&#8221; header_2_font_size=&#8221;50px&#8221; header_2_line_height=&#8221;1.2em&#8221; global_colors_info=&#8221;{}&#8221;]<\/p>\n<p><strong>Integratore alimentare all&#8217;amarena, 100% vegano, senza glutine e senza lattosio.<\/strong><\/p>\n<p><strong>Ingredienti:<\/strong> estratto di amarena (da ciliegie acide della variet\u00e0 <em>Nadwi\u015blanka<\/em>), agente di rivestimento: idrossipropilmetilcellulosa (involucro della capsula a base vegetale)<\/p>\n<p>Una capsula contiene 360 mg di estratto di amarena.<\/p>\n<p><strong>Assunzione consigliata:<\/strong> assumere 1-2 capsule al giorno con sufficiente liquido, senza masticare. La dose giornaliera raccomandata non deve essere superata. <\/p>\n<p>[\/et_pb_text][et_pb_code admin_label=&#8221;abbonamento 10%&#8221; module_class=&#8221;myfa-product-info-abo&#8221; _builder_version=&#8221;4.27.4&#8243; _module_preset=&#8221;default&#8221; custom_margin=&#8221;||1rem||false|false&#8221; global_module=&#8221;12990&#8243; locked=&#8221;off&#8221; global_colors_info=&#8221;{}&#8221;]<\/p>\n<div id=\"aboText\" class=\"product-abo-text\">Ordina un abbonamento e risparmia il 10%.<\/div>\n<p>[\/et_pb_code][et_pb_code disabled_on=&#8221;on|on|on&#8221; module_class=&#8221;myfa-product-info-2&#8243; _builder_version=&#8221;4.27.6&#8243; _module_preset=&#8221;default&#8221; custom_margin=&#8221;||1rem||false|false&#8221; disabled=&#8221;on&#8221; global_colors_info=&#8221;{}&#8221;]<\/p>\n<div id=\"priceOverview\" class=\"fw-bold mb-3 mt-3\">60 capsule <span isprice=\"\"><\/span> \u20ac | 90 capsule <span isprice=\"\"><\/span> \u20ac<\/div>\n<p>[\/et_pb_code][et_pb_code module_class=&#8221;myfa-product-info-1&#8243; _builder_version=&#8221;4.27.4&#8243; _module_preset=&#8221;default&#8221; custom_margin=&#8221;||1rem||false|false&#8221; global_colors_info=&#8221;{}&#8221;]<\/p>\n<div class=\"product-info\"><!-- [et_pb_line_break_holder] -->  <\/p>\n<h3 id=\"priceSection\"><!-- [et_pb_line_break_holder] -->  60 capsule 59,90 \u20ac<!-- [et_pb_line_break_holder] -->  <\/h3>\n<p><!-- [et_pb_line_break_holder] -->  <span id=\"productDetailInformation\">IVA inclusa, spese di spedizione escluse<\/span><!-- [et_pb_line_break_holder] --><\/div>\n<p>[\/et_pb_code][et_pb_code admin_label=&#8221;Warenkorb\/Mengenauswahl&#8221; module_class=&#8221;myfa-product-info-1&#8243; _builder_version=&#8221;4.27.6&#8243; _module_preset=&#8221;default&#8221; global_module=&#8221;12762&#8243; saved_tabs=&#8221;all&#8221; global_colors_info=&#8221;{}&#8221;]<!-- Italian Version --><!-- [et_pb_line_break_holder] --><\/p>\n<div class=\"warenkorb-button\"><!-- [et_pb_line_break_holder] -->    <\/p>\n<div class=\"selection-row row g-3 justify-content-start justify-content-xxl-between align-items-end mb-3\"><!-- [et_pb_line_break_holder] -->        <\/p>\n<div class=\"size col-6\"><!-- [et_pb_line_break_holder] -->            <\/p>\n<div id=\"productContentLabel\" class=\"hl\">Contenuto<\/div>\n<p><!-- [et_pb_line_break_holder] -->            <select aria-label=\"Seleziona pacchetto\" class=\"form-select\" id=\"productSelect\"><!-- [et_pb_line_break_holder] --><option value=\"1\" selected=\"\">60 capsule<\/option><!-- [et_pb_line_break_holder] -->            <\/select><!-- [et_pb_line_break_holder] -->        <\/div>\n<p><!-- [et_pb_line_break_holder] -->        <\/p>\n<div class=\"amount col-6\"><!-- [et_pb_line_break_holder] -->            <\/p>\n<div id=\"productQuantityLabel\" class=\"hl\">Quantit\u00e0<\/div>\n<p><!-- [et_pb_line_break_holder] -->            <\/p>\n<div class=\"kit-plus-minus\"><!-- [et_pb_line_break_holder] -->                <\/p>\n<div class=\"minus\"><i class=\"bi-dash\"><\/i><\/div>\n<p><!-- [et_pb_line_break_holder] -->                <input aria-label=\"Seleziona la quantita\" value=\"1\" type=\"text\" name=\"\" id=\"productQuantity\"><!-- [et_pb_line_break_holder] -->                <\/p>\n<div class=\"plus\"><i class=\"bi-plus\"><\/i><\/div>\n<p><!-- [et_pb_line_break_holder] -->            <\/div>\n<p><!-- [et_pb_line_break_holder] -->        <\/div>\n<p><!-- [et_pb_line_break_holder] -->        <\/p>\n<div class=\"abo col-6\"><!-- [et_pb_line_break_holder] -->            <\/p>\n<div id=\"productIntervalLabel\" class=\"hl\">Ordine singolo\/Abbonamento<\/div>\n<p><!-- [et_pb_line_break_holder] -->            <select aria-label=\"Seleziona l abbonamento\" class=\"form-select\" name=\"\" id=\"productInterval\"><!-- [et_pb_line_break_holder] --><option value=\"0\">consegna una tantum<\/option><!-- [et_pb_line_break_holder] -->            <\/select><!-- [et_pb_line_break_holder] -->        <\/div>\n<p><!-- [et_pb_line_break_holder] -->        <\/p>\n<div class=\"button col-6\"><!-- [et_pb_line_break_holder] -->            <button type=\"submit\" id=\"productCmd\" class=\"btn btn-primary text-nowrap btn-primary-animate\">Aggiungi al<!-- [et_pb_line_break_holder] -->                carrello<\/button><!-- [et_pb_line_break_holder] -->        <\/div>\n<p><!-- [et_pb_line_break_holder] -->    <\/div>\n<p><!-- [et_pb_line_break_holder] --><\/div>\n<p>[\/et_pb_code][et_pb_code admin_label=&#8221;Icone&#8221; module_class=&#8221;product-icons-wrapper&#8221; _builder_version=&#8221;4.27.6&#8243; _module_preset=&#8221;default&#8221; hover_enabled=&#8221;0&#8243; global_colors_info=&#8221;{}&#8221; sticky_enabled=&#8221;0&#8243;]<\/p>\n<div class=\"product-icons\"><!-- [et_pb_line_break_holder] --><img decoding=\"async\" src=\"\/wp-content\/uploads\/2025\/09\/cherrycraft.png\" alt=\"CherryCraft\"><!-- [et_pb_line_break_holder] --><img decoding=\"async\" src=\"\/wp-content\/uploads\/2025\/08\/produkt_laktosefrei.png\" alt=\"laktosefrei\"><!-- [et_pb_line_break_holder] --><img decoding=\"async\" src=\"\/wp-content\/uploads\/2025\/08\/produkt_vegan.png\" alt=\"vegan\"><!-- [et_pb_line_break_holder] --><img decoding=\"async\" src=\"\/wp-content\/uploads\/2025\/08\/produkt_glutenfrei.png\" alt=\"glutenfrei\"><!-- [et_pb_line_break_holder] --><\/div>\n<p>[\/et_pb_code][\/et_pb_column][\/et_pb_row][\/et_pb_section][et_pb_section fb_built=&#8221;1&#8243; custom_padding_last_edited=&#8221;on|phone&#8221; disabled_on=&#8221;off|off|off&#8221; admin_label=&#8221;Text links &#8211; Bild rechts&#8221; module_class=&#8221;interim-lineheight-container&#8221; _builder_version=&#8221;4.27.6&#8243; _module_preset=&#8221;default&#8221; background_color=&#8221;#FFFFFF&#8221; custom_padding=&#8221;32px||32px||false|false&#8221; custom_padding_tablet=&#8221;&#8221; custom_padding_phone=&#8221;0px|1rem|0px|1rem|false|false&#8221; locked=&#8221;off&#8221; global_colors_info=&#8221;{}&#8221;][et_pb_row column_structure=&#8221;3_5,2_5&#8243; disabled_on=&#8221;off|off|off&#8221; module_class=&#8221;interim-custom-50-50&#8243; _builder_version=&#8221;4.27.6&#8243; _module_preset=&#8221;default&#8221; width_tablet=&#8221;100%&#8221; width_phone=&#8221;100%&#8221; width_last_edited=&#8221;on|tablet&#8221; custom_margin=&#8221;2px|auto||auto|false|false&#8221; custom_margin_tablet=&#8221;0px|||0px|false|false&#8221; custom_margin_phone=&#8221;0px|||0px|false|false&#8221; custom_margin_last_edited=&#8221;on|tablet&#8221; custom_padding=&#8221;|1rem||1rem|false|false&#8221; global_colors_info=&#8221;{}&#8221;][et_pb_column type=&#8221;3_5&#8243; module_class=&#8221;col-left-interim col-custom-60&#8243; _builder_version=&#8221;4.27.6&#8243; _module_preset=&#8221;default&#8221; global_colors_info=&#8221;{}&#8221;][et_pb_text module_class=&#8221;interim-textblock&#8221; _builder_version=&#8221;4.27.6&#8243; _module_preset=&#8221;default&#8221; header_2_font=&#8221;Roboto|500|||||||&#8221; header_2_font_size=&#8221;50px&#8221; header_2_line_height=&#8221;1.2em&#8221; header_3_font=&#8221;&#8211;et_global_body_font|300|||||||&#8221; header_3_font_size=&#8221;24px&#8221; width=&#8221;100%&#8221; width_tablet=&#8221;100%&#8221; width_phone=&#8221;100%&#8221; width_last_edited=&#8221;on|tablet&#8221; global_colors_info=&#8221;{}&#8221;]<\/p>\n<h2>Natura allo stato puro per tutti gli amanti dello sport<\/h2>\n<p>Ti piace fare <strong>sport<\/strong> con entusiasmo e passione? Allora forse sai che gli atleti professionisti \u2013 ad esempio nelle grandi gare ciclistiche internazionali come il Tour de France \u2013 bevono regolarmente <strong>succo di amarena<\/strong> dopo aver tagliato il traguardo. Ma non sono solo i ciclisti ad amare l\u2019amarena.  <\/p>\n<p><strong>Il succo di amarena \u00e8 molto apprezzato dagli atleti di resistenza come bevanda rinfrescante e tonificante.<\/strong><\/p>\n<ul>\n<li>rinfrescante e tonificante<\/li>\n<li>per l&#8217;allenamento quotidiano<\/li>\n<li>Assumilo regolarmente per sentirti bene con te stesso<\/li>\n<\/ul>\n<p>[\/et_pb_text][\/et_pb_column][et_pb_column type=&#8221;2_5&#8243; module_class=&#8221;col-right-interim&#8221; disabled_on=&#8221;on|on|off&#8221; _builder_version=&#8221;4.27.5&#8243; _module_preset=&#8221;default&#8221; global_colors_info=&#8221;{}&#8221;][et_pb_image src=&#8221;https:\/\/rubyni.com\/wp-content\/uploads\/2026\/06\/rubyni-sauerkirsche-rennradfahrer.png&#8221; alt=&#8221;Ciclisti durante una gara su bici da corsa a tutta velocit\u00e0, immagine simbolica di resistenza, prestazione e sforzo fisico&#8221; title_text=&#8221;rubini-amarene-ciclisti su strada&#8221; align=&#8221;right&#8221; disabled_on=&#8221;on|off|off&#8221; module_class=&#8221;interim-bild&#8221; _builder_version=&#8221;4.27.6&#8243; _module_preset=&#8221;default&#8221; width=&#8221;100%&#8221; module_alignment=&#8221;right&#8221; global_colors_info=&#8221;{}&#8221;][\/et_pb_image][\/et_pb_column][\/et_pb_row][\/et_pb_section][et_pb_section fb_built=&#8221;1&#8243; custom_padding_last_edited=&#8221;on|phone&#8221; admin_label=&#8221;Bild links &#8211; Text rechts&#8221; module_class=&#8221;interim-lineheight-container&#8221; _builder_version=&#8221;4.27.6&#8243; _module_preset=&#8221;default&#8221; custom_margin_tablet=&#8221;&#8221; custom_margin_phone=&#8221;&#8221; custom_margin_last_edited=&#8221;on|phone&#8221; custom_padding=&#8221;32px||32px||false|false&#8221; custom_padding_tablet=&#8221;0px||||false|false&#8221; custom_padding_phone=&#8221;0px|1rem|0px|1rem|false|false&#8221; locked=&#8221;off&#8221; global_colors_info=&#8221;{}&#8221;][et_pb_row column_structure=&#8221;2_5,3_5&#8243; disabled_on=&#8221;off|off|off&#8221; module_class=&#8221;interim-custom-50-50&#8243; _builder_version=&#8221;4.27.6&#8243; _module_preset=&#8221;default&#8221; width_tablet=&#8221;100%&#8221; width_phone=&#8221;100%&#8221; width_last_edited=&#8221;on|tablet&#8221; module_alignment=&#8221;center&#8221; custom_margin=&#8221;|0px||auto|false|false&#8221; custom_margin_tablet=&#8221;0px|||0px|false|false&#8221; custom_margin_phone=&#8221;0px|||0px|false|false&#8221; custom_margin_last_edited=&#8221;on|desktop&#8221; custom_padding=&#8221;|1rem||1rem|false|false&#8221; global_colors_info=&#8221;{}&#8221;][et_pb_column type=&#8221;2_5&#8243; module_class=&#8221;col-left-interim&#8221; disabled_on=&#8221;on|on|off&#8221; _builder_version=&#8221;4.27.6&#8243; _module_preset=&#8221;default&#8221; positioning=&#8221;none&#8221; custom_padding=&#8221;|0px||0px|false|false&#8221; global_colors_info=&#8221;{}&#8221;][et_pb_image src=&#8221;https:\/\/rubyni.com\/wp-content\/uploads\/2026\/06\/rubyni-sauerkirsche-kapsel-einnahme-frau.webp&#8221; alt=&#8221;Una donna sorridente tiene tra le dita una capsula di amarene rosso rubino, proprio prima di prenderla.&#8221; title_text=&#8221;rubyni-amarene-capsule-assunzione-donne&#8221; disabled_on=&#8221;on|off|off&#8221; module_class=&#8221;interim-bild&#8221; _builder_version=&#8221;4.27.6&#8243; _module_preset=&#8221;default&#8221; width=&#8221;100%&#8221; module_alignment=&#8221;left&#8221; custom_margin=&#8221;|0px|||false|false&#8221; custom_padding=&#8221;||||false|false&#8221; global_colors_info=&#8221;{}&#8221;][\/et_pb_image][\/et_pb_column][et_pb_column type=&#8221;3_5&#8243; module_class=&#8221;col-right-interim col-custom-60&#8243; _builder_version=&#8221;4.27.5&#8243; _module_preset=&#8221;default&#8221; global_colors_info=&#8221;{}&#8221;][et_pb_text module_class=&#8221;interim-textblock&#8221; _builder_version=&#8221;4.27.6&#8243; _module_preset=&#8221;default&#8221; header_2_font=&#8221;Roboto|500|||||||&#8221; header_2_font_size=&#8221;50px&#8221; header_2_line_height=&#8221;1.2em&#8221; header_3_font=&#8221;&#8211;et_global_body_font|300|||||||&#8221; header_3_font_size=&#8221;24px&#8221; width=&#8221;100%&#8221; width_tablet=&#8221;100%&#8221; width_phone=&#8221;100%&#8221; width_last_edited=&#8221;on|tablet&#8221; custom_padding_phone=&#8221;||||false|false&#8221; custom_padding_last_edited=&#8221;off|phone&#8221; global_colors_info=&#8221;{}&#8221;]<\/p>\n<h2>rubyni<sup>\u00ae<\/sup> Amarena \u2013 il succo puro di amarena in capsula<\/h2>\n<p><strong><\/strong><\/p>\n<p>Lo sapevi che le nostre capsule rubyni\u00ae alle amarene contengono puro succo di amarena? E che <strong> il \u201csucco di amarena in capsule\u201d<\/strong> ha davvero <strong>dei vantaggi<\/strong>? <\/p>\n<ul>\n<li>tutti gli ingredienti dell&#8217;amarena in un volume minimo<\/li>\n<li>nessuna perdita di componenti preziosi come, ad esempio, gli antociani<\/li>\n<li>sempre disponibile<\/li>\n<li>comodo da portare con te<\/li>\n<li>si conserva a lungo e si dosa facilmente<\/li>\n<\/ul>\n<p>[\/et_pb_text][\/et_pb_column][\/et_pb_row][\/et_pb_section][et_pb_section fb_built=&#8221;1&#8243; custom_padding_last_edited=&#8221;on|phone&#8221; disabled_on=&#8221;off|off|off&#8221; admin_label=&#8221;Text links &#8211; Bild rechts&#8221; module_class=&#8221;interim-lineheight-container&#8221; _builder_version=&#8221;4.27.6&#8243; _module_preset=&#8221;default&#8221; background_color=&#8221;#FFFFFF&#8221; custom_padding=&#8221;32px||32px||false|false&#8221; custom_padding_tablet=&#8221;&#8221; custom_padding_phone=&#8221;0px|1rem|0px|1rem|false|false&#8221; locked=&#8221;off&#8221; global_colors_info=&#8221;{}&#8221;][et_pb_row column_structure=&#8221;3_5,2_5&#8243; disabled_on=&#8221;off|off|off&#8221; module_class=&#8221;interim-custom-50-50&#8243; _builder_version=&#8221;4.27.6&#8243; _module_preset=&#8221;default&#8221; width_tablet=&#8221;100%&#8221; width_phone=&#8221;100%&#8221; width_last_edited=&#8221;on|tablet&#8221; custom_margin=&#8221;|auto||auto|false|false&#8221; custom_margin_tablet=&#8221;0px|||0px|false|false&#8221; custom_margin_phone=&#8221;0px|||0px|false|false&#8221; custom_margin_last_edited=&#8221;on|tablet&#8221; custom_padding=&#8221;|1rem||1rem|false|false&#8221; global_colors_info=&#8221;{}&#8221;][et_pb_column type=&#8221;3_5&#8243; module_class=&#8221;col-left-interim col-custom-60&#8243; _builder_version=&#8221;4.27.6&#8243; _module_preset=&#8221;default&#8221; global_colors_info=&#8221;{}&#8221;][et_pb_text module_class=&#8221;interim-textblock&#8221; _builder_version=&#8221;4.27.6&#8243; _module_preset=&#8221;default&#8221; header_2_font=&#8221;Roboto|500|||||||&#8221; header_2_font_size=&#8221;50px&#8221; header_2_line_height=&#8221;1.2em&#8221; header_3_font=&#8221;&#8211;et_global_body_font|300|||||||&#8221; header_3_font_size=&#8221;24px&#8221; width=&#8221;100%&#8221; width_tablet=&#8221;100%&#8221; width_phone=&#8221;100%&#8221; width_last_edited=&#8221;on|tablet&#8221; global_colors_info=&#8221;{}&#8221;]<\/p>\n<h2>Tutta la potenza delle ciliegie in un estratto a spettro completo<\/h2>\n<p><strong><\/strong><\/p>\n<p><strong>Ecco come il succo di amarena finisce nelle nostre capsule:<\/strong><\/p>\n<p>Le amarene, selezionate con cura, sono la base del nostro pregiato estratto a spettro completo. Subito dopo la raccolta, i frutti vengono spremuti delicatamente per ricavarne innanzitutto il loro prezioso succo. <\/p>\n<p>Questo viene poi delicatamente concentrato con il nostro speciale processo IPT sviluppato internamente, in modo da ottenere un estratto a spettro completo che conservi i principi attivi naturali. L&#8217;estratto viene quindi essiccato con cura e trasformato in una polvere finissima. <\/p>\n<p>Come ultimo passaggio, inseriamo la polvere di amarene di alta qualit\u00e0 in capsule vegetali. In questo modo, ogni capsula racchiude gli ingredienti naturali di una manciata di amarene in forma concentrata \u2013 prodotta con la cura e l\u2019esperienza della nostra azienda a conduzione familiare. <\/p>\n<p>[\/et_pb_text][\/et_pb_column][et_pb_column type=&#8221;2_5&#8243; module_class=&#8221;col-right-interim&#8221; disabled_on=&#8221;on|on|off&#8221; _builder_version=&#8221;4.27.5&#8243; _module_preset=&#8221;default&#8221; global_colors_info=&#8221;{}&#8221;][et_pb_image src=&#8221;https:\/\/rubyni.com\/wp-content\/uploads\/2026\/07\/rubyni-sauerkirsche-sauerkirsch-extrakt-gewinnung-kapseln-scaled.webp&#8221; alt=&#8221;Grafico sulla produzione di Rubyni Amarena: dalle amarene fresche, passando per il succo di amarena e l\u2019ultrafiltrato a spettro completo, fino all\u2019estratto a spettro completo e alla capsula finita.&#8221; title_text=&#8221;rubyni-amarene-estrazione-di-estratto-di-amarene-capsule.&#8221; align=&#8221;right&#8221; disabled_on=&#8221;on|off|off&#8221; module_class=&#8221;interim-bild&#8221; _builder_version=&#8221;4.27.6&#8243; _module_preset=&#8221;default&#8221; width=&#8221;100%&#8221; module_alignment=&#8221;right&#8221; global_colors_info=&#8221;{}&#8221;][\/et_pb_image][\/et_pb_column][\/et_pb_row][\/et_pb_section][et_pb_section fb_built=&#8221;1&#8243; admin_label=&#8221;myFactory Code Produkt Code Schnipsel&#8221; _builder_version=&#8221;4.27.4&#8243; _module_preset=&#8221;default&#8221; custom_margin=&#8221;0px|0px|0px|0px|false|false&#8221; custom_padding=&#8221;0px|0px|0px|0px|false|false&#8221; global_colors_info=&#8221;{}&#8221;][et_pb_row _builder_version=&#8221;4.27.4&#8243; _module_preset=&#8221;default&#8221; custom_margin=&#8221;0px|0px|0px|0px|false|false&#8221; custom_padding=&#8221;0px|0px|0px|0px|false|false&#8221; global_colors_info=&#8221;{}&#8221;][et_pb_column type=&#8221;4_4&#8243; _builder_version=&#8221;4.27.4&#8243; _module_preset=&#8221;default&#8221; global_colors_info=&#8221;{}&#8221;][et_pb_code _builder_version=&#8221;4.27.4&#8243; _module_preset=&#8221;default&#8221; custom_margin=&#8221;0px|0px|0px|0px|false|false&#8221; custom_padding=&#8221;0px|0px|0px|0px|false|false&#8221; global_colors_info=&#8221;{}&#8221;]<script><!-- [et_pb_line_break_holder] -->let productInfo = [<!-- [et_pb_line_break_holder] -->  {<!-- [et_pb_line_break_holder] -->    contentDesc: \"60 Kapseln\",<!-- [et_pb_line_break_holder] -->    content: 60,<!-- [et_pb_line_break_holder] -->    productID: 147,<!-- [et_pb_line_break_holder] -->    netWeight: 25,<!-- [et_pb_line_break_holder] -->    dailyDose: 1,<!-- [et_pb_line_break_holder] -->    price: 49.9,<!-- [et_pb_line_break_holder] -->    aboDiscount: 0.1,<!-- [et_pb_line_break_holder] -->    abos: [<!-- [et_pb_line_break_holder] -->      {<!-- [et_pb_line_break_holder] -->        months: 1,<!-- [et_pb_line_break_holder] -->        productID: 189,<!-- [et_pb_line_break_holder] -->      },<!-- [et_pb_line_break_holder] -->      {<!-- [et_pb_line_break_holder] -->        months: 2,<!-- [et_pb_line_break_holder] -->        productID: 190,<!-- [et_pb_line_break_holder] -->      },<!-- [et_pb_line_break_holder] -->      {<!-- [et_pb_line_break_holder] -->        months: 3,<!-- [et_pb_line_break_holder] -->        productID: 191,<!-- [et_pb_line_break_holder] -->      },<!-- [et_pb_line_break_holder] -->    ],<!-- [et_pb_line_break_holder] -->  },<!-- [et_pb_line_break_holder] -->  {<!-- [et_pb_line_break_holder] -->    contentDesc: \"90 Kapseln\",<!-- [et_pb_line_break_holder] -->    content: 90,<!-- [et_pb_line_break_holder] -->    productID: 144,<!-- [et_pb_line_break_holder] -->    price: 69.9,<!-- [et_pb_line_break_holder] -->    netWeight: 38,<!-- [et_pb_line_break_holder] -->    dailyDose: 1,<!-- [et_pb_line_break_holder] -->    aboDiscount: 0.1,<!-- [et_pb_line_break_holder] -->    abos: [<!-- [et_pb_line_break_holder] -->      {<!-- [et_pb_line_break_holder] -->        months: 1,<!-- [et_pb_line_break_holder] -->        productID: 192,<!-- [et_pb_line_break_holder] -->      },<!-- [et_pb_line_break_holder] -->      {<!-- [et_pb_line_break_holder] -->        months: 2,<!-- [et_pb_line_break_holder] -->        productID: 193,<!-- [et_pb_line_break_holder] -->      },<!-- [et_pb_line_break_holder] -->      {<!-- [et_pb_line_break_holder] -->        months: 3,<!-- [et_pb_line_break_holder] -->        productID: 194,<!-- [et_pb_line_break_holder] -->      },<!-- [et_pb_line_break_holder] -->    ],<!-- [et_pb_line_break_holder] -->  },<!-- [et_pb_line_break_holder] -->];<!-- [et_pb_line_break_holder] --><\/script>[\/et_pb_code][\/et_pb_column][\/et_pb_row][\/et_pb_section][et_pb_section fb_built=&#8221;1&#8243; custom_padding_last_edited=&#8221;on|phone&#8221; admin_label=&#8221;Bild links &#8211; Text rechts&#8221; module_class=&#8221;interim-lineheight-container&#8221; _builder_version=&#8221;4.27.6&#8243; _module_preset=&#8221;default&#8221; custom_margin_tablet=&#8221;&#8221; custom_margin_phone=&#8221;&#8221; custom_margin_last_edited=&#8221;on|phone&#8221; custom_padding=&#8221;32px||32px||false|false&#8221; custom_padding_tablet=&#8221;0px||||false|false&#8221; custom_padding_phone=&#8221;0px|1rem|0px|1rem|false|false&#8221; locked=&#8221;off&#8221; global_colors_info=&#8221;{}&#8221;][et_pb_row column_structure=&#8221;2_5,3_5&#8243; disabled_on=&#8221;off|off|off&#8221; module_class=&#8221;interim-custom-50-50&#8243; _builder_version=&#8221;4.27.6&#8243; _module_preset=&#8221;default&#8221; width_tablet=&#8221;100%&#8221; width_phone=&#8221;100%&#8221; width_last_edited=&#8221;on|tablet&#8221; module_alignment=&#8221;center&#8221; custom_margin=&#8221;|0px||auto|false|false&#8221; custom_margin_tablet=&#8221;0px|||0px|false|false&#8221; custom_margin_phone=&#8221;0px|||0px|false|false&#8221; custom_margin_last_edited=&#8221;on|desktop&#8221; custom_padding=&#8221;|1rem||1rem|false|false&#8221; global_colors_info=&#8221;{}&#8221;][et_pb_column type=&#8221;2_5&#8243; module_class=&#8221;col-left-interim&#8221; disabled_on=&#8221;on|on|off&#8221; _builder_version=&#8221;4.27.6&#8243; _module_preset=&#8221;default&#8221; positioning=&#8221;none&#8221; custom_padding=&#8221;|0px||0px|false|false&#8221; global_colors_info=&#8221;{}&#8221;][et_pb_image src=&#8221;https:\/\/rubyni.com\/wp-content\/uploads\/2026\/06\/rubyni-sauerkirsche-rote-kirschen-am-baum-anbau-polen.webp&#8221; alt=&#8221;Le amarene mature pendono dai rami di un ciliegio acido in mezzo a un frutteto soleggiato.&#8221; title_text=&#8221;rubyni-amarene-ciliegie-rosse-sull&#8217;albero-coltivazione-Polonia&#8221; disabled_on=&#8221;on|off|off&#8221; module_class=&#8221;interim-bild&#8221; _builder_version=&#8221;4.27.6&#8243; _module_preset=&#8221;default&#8221; width=&#8221;100%&#8221; module_alignment=&#8221;left&#8221; custom_margin=&#8221;|0px|||false|false&#8221; custom_padding=&#8221;||||false|false&#8221; global_colors_info=&#8221;{}&#8221;][\/et_pb_image][\/et_pb_column][et_pb_column type=&#8221;3_5&#8243; module_class=&#8221;col-right-interim col-custom-60&#8243; _builder_version=&#8221;4.27.5&#8243; _module_preset=&#8221;default&#8221; global_colors_info=&#8221;{}&#8221;][et_pb_text module_class=&#8221;interim-textblock&#8221; _builder_version=&#8221;4.27.6&#8243; _module_preset=&#8221;default&#8221; header_2_font=&#8221;Roboto|500|||||||&#8221; header_2_font_size=&#8221;50px&#8221; header_2_line_height=&#8221;1.2em&#8221; header_3_font=&#8221;&#8211;et_global_body_font|300|||||||&#8221; header_3_font_size=&#8221;24px&#8221; width=&#8221;100%&#8221; width_tablet=&#8221;100%&#8221; width_phone=&#8221;100%&#8221; width_last_edited=&#8221;on|tablet&#8221; custom_padding_phone=&#8221;||||false|false&#8221; custom_padding_last_edited=&#8221;off|phone&#8221; global_colors_info=&#8221;{}&#8221;]<\/p>\n<h2>rubyni<sup>\u00ae<\/sup> Amarena \u2013 ecco cosa c&#8217;\u00e8 nelle nostre capsule<\/h2>\n<ul>\n<li>360 mg di estratto di amarena per capsula<\/li>\n<li>Vegano, senza lattosio e senza glutine<\/li>\n<li>Senza conservanti<\/li>\n<li>Senza additivi chimici<\/li>\n<li>Senza riempitivi come la maltodestrina<\/li>\n<\/ul>\n<h3>100% amarene \u2013 nient\u2019altro<\/h3>\n<p>Ogni capsula contiene esclusivamente <strong>CherryCraft\u00ae al 100%<\/strong>: il nostro pregiato estratto a spettro completo di amarena. Viene ottenuto con un processo di produzione speciale, sviluppato appositamente da noi, che garantisce un\u2019estrazione particolarmente delicata. In questo modo, la naturale variet\u00e0 dei fitonutrienti dell\u2019amarena viene preservata al meglio nella sua composizione originale.  <\/p>\n<p>Per questo rinunciamo consapevolmente agli additivi e all\u2019aggiunta di altre vitamine, minerali o oligoelementi. Perch\u00e9 ne siamo convinti: la natura ci offre gi\u00e0 tutto ci\u00f2 che contraddistingue un\u2019amarena di alta qualit\u00e0. <\/p>\n<h3>Amarene selezionate con un alto contenuto di antociani<\/h3>\n<p>Le amarene utilizzate per CherryCraft\u00ae provengono da zone di coltivazione selezionate, come la regione di Nadwi\u015blanka lungo il fiume Vistola in Polonia. La loro polpa scura si contraddistingue naturalmente per l\u2019alto contenuto di antociani \u2013 quei preziosi pigmenti vegetali che conferiscono al frutto il suo intenso colore rosso scuro e che fanno parte dei fitonutrienti. <\/p>\n<p>Questa variet\u00e0 caratteristica \u00e8 alla base del nostro estratto ad ampio spettro di alta qualit\u00e0 e garantisce che la naturale variet\u00e0 dell&#8217;amarena venga preservata in ogni capsula.<\/p>\n<h3>Dalla coltivazione alla capsula: una qualit\u00e0 di cui ci fidiamo<\/h3>\n<p>Una qualit\u00e0 eccezionale nasce molto prima della produzione. Ecco perch\u00e9 da decenni puntiamo su una stretta collaborazione, basata sulla fiducia, con agricoltori e cooperative selezionati che condividono i nostri elevati standard di qualit\u00e0. <\/p>\n<p>I frutti utilizzati per rubyni\u00ae Sauerkirsche provengono dalla Polonia, dove crescono in condizioni climatiche ideali e vengono raccolti con cura. Insieme ai nostri partner di lunga data, seguiamo l\u2019intero percorso: dalla coltivazione alla lavorazione, fino all\u2019estratto finito. Questa fiducia consolidata e il rigoroso controllo di qualit\u00e0 sono alla base dell\u2019elevata qualit\u00e0 di CherryCraft\u00ae.  <\/p>\n<p>[\/et_pb_text][\/et_pb_column][\/et_pb_row][\/et_pb_section][et_pb_section fb_built=&#8221;1&#8243; custom_padding_last_edited=&#8221;on|tablet&#8221; admin_label=&#8221;FAQs&#8221; module_class=&#8221;overflow-hidden faq-container&#8221; _builder_version=&#8221;4.27.6&#8243; _module_preset=&#8221;default&#8221; custom_padding_tablet=&#8221;|1rem||1rem|false|false&#8221; custom_padding_phone=&#8221;20px||0px||false|false&#8221; locked=&#8221;off&#8221; global_colors_info=&#8221;{}&#8221;][et_pb_row module_class=&#8221;hfinger-producttext-wrapper faq-wrapper&#8221; _builder_version=&#8221;4.27.6&#8243; _module_preset=&#8221;default&#8221; width_tablet=&#8221;100%&#8221; width_phone=&#8221;100%&#8221; width_last_edited=&#8221;on|tablet&#8221; max_width=&#8221;2560px&#8221; custom_padding=&#8221;|0px||0px|false|false&#8221; locked=&#8221;off&#8221; global_colors_info=&#8221;{}&#8221;][et_pb_column type=&#8221;4_4&#8243; module_class=&#8221;faq-wrapper-col&#8221; _builder_version=&#8221;4.27.6&#8243; _module_preset=&#8221;default&#8221; global_colors_info=&#8221;{}&#8221;][et_pb_text module_class=&#8221;faq-text&#8221; _builder_version=&#8221;4.27.6&#8243; _module_preset=&#8221;default&#8221; custom_padding=&#8221;|0px||0px|false|false&#8221; global_colors_info=&#8221;{}&#8221;]<\/p>\n<h3>Perch\u00e9 non usiamo la famosa amarena Montmorency?<\/h3>\n<p>L\u2019amarena Montmorency \u00e8 una delle variet\u00e0 pi\u00f9 famose al mondo ed \u00e8 stata oggetto di numerosi studi scientifici. Per CherryCraft\u00ae, per\u00f2, abbiamo scelto consapevolmente la tradizionale variet\u00e0 polacca di amarena <strong data-start=\"994\" data-end=\"1009\">Nadwi\u015blanka<\/strong>. La sua polpa scura si distingue naturalmente per l\u2019alto contenuto di antociani, i pigmenti vegetali che conferiscono al frutto il suo colore intenso. \u00c8 proprio questa polpa a costituire la base del nostro pregiato estratto a spettro completo.   <\/p>\n<h3>Cosa rende speciale l&#8217;estratto di amarene CherryCraft\u00ae?<\/h3>\n<p>CherryCraft\u00ae \u00e8 la nostra materia prima di marca, ottenuta dalla tradizionale variet\u00e0 polacca di amarena Nadwi\u015blanka. I frutti vengono selezionati con cura e trasformati in un estratto a spettro completo di alta qualit\u00e0 grazie a un processo di lavorazione brevettato e particolarmente delicato. In questo modo si preserva al meglio la naturale variet\u00e0 dei composti fitochimici della ciliegia acida. Dalla coltivazione all\u2019estratto finito, seguiamo ogni fase insieme ai nostri partner di lunga data, dando la massima importanza alla qualit\u00e0 e alla trasparenza.   <\/p>\n<h3>Le capsule di amarene rubyni\u00ae contengono additivi o ingredienti artificiali?<\/h3>\n<p>No. Le nostre capsule alle amarene contengono esclusivamente estratto a spettro completo di amarene CherryCraft\u00ae al 100%, oltre al rivestimento vegetale della capsula. Abbiamo scelto di non usare riempitivi, coloranti, conservanti n\u00e9 vitamine o minerali artificiali. Vogliamo infatti offrirti l\u2019amarena nella sua composizione naturale.   <\/p>\n<h3>Quante amarene ci sono in una capsula?<\/h3>\n<p>Per produrre il nostro estratto ad ampio spettro di alta qualit\u00e0, per ogni capsula utilizziamo una bella manciata di amarene mature, che vengono concentrate con un processo delicato. In questo modo, ogni capsula racchiude i principi attivi naturali del frutto in forma concentrata. Grazie al nostro speciale processo di produzione, la composizione caratteristica dell\u2019amarena viene preservata al meglio.  <\/p>\n<p>[\/et_pb_text][\/et_pb_column][\/et_pb_row][\/et_pb_section][et_pb_section fb_built=&#8221;1&#8243; custom_padding_last_edited=&#8221;on|phone&#8221; disabled_on=&#8221;off|off|off&#8221; module_class=&#8221;kundenrezensionen-header&#8221; _builder_version=&#8221;4.27.4&#8243; _module_preset=&#8221;default&#8221; custom_margin=&#8221;0px||||false|false&#8221; custom_margin_tablet=&#8221;0px||||false|false&#8221; custom_margin_phone=&#8221;0px||0px||false|false&#8221; custom_margin_last_edited=&#8221;on|phone&#8221; custom_padding=&#8221;||0px||false|false&#8221; custom_padding_tablet=&#8221;||0px||false|false&#8221; custom_padding_phone=&#8221;0px||0px||false|false&#8221; global_module=&#8221;374&#8243; saved_tabs=&#8221;all&#8221; locked=&#8221;off&#8221; global_colors_info=&#8221;{}&#8221;][et_pb_row custom_padding_last_edited=&#8221;on|desktop&#8221; _builder_version=&#8221;4.21.0&#8243; _module_preset=&#8221;default&#8221; width_tablet=&#8221;100%&#8221; width_phone=&#8221;&#8221; width_last_edited=&#8221;on|tablet&#8221; custom_margin=&#8221;||||false|false&#8221; custom_padding=&#8221;||||false|false&#8221; custom_padding_tablet=&#8221;|1rem||1rem|false|false&#8221; custom_padding_phone=&#8221;&#8221; global_colors_info=&#8221;{}&#8221;][et_pb_column type=&#8221;4_4&#8243; _builder_version=&#8221;4.20.0&#8243; _module_preset=&#8221;default&#8221; global_colors_info=&#8221;{}&#8221;][et_pb_text content_tablet=&#8221;<\/p>\n<h2 style=%22text-align: left;%22>Loro sono convinti del valore di rubyni<sup>\u00ae<\/sup><\/h2>\n<p style=%22text-align: left;%22>Es freut uns, dass bereits sehr viele Kunden, Sportler und Fachleute von rubyni<sup>\u00ae<\/sup> begeistert sind.<\/p>\n<p>&#8221; content_last_edited=&#8221;off|desktop&#8221; module_class=&#8221;kundenrezension-top&#8221; _builder_version=&#8221;4.27.6&#8243; _module_preset=&#8221;default&#8221; text_font=&#8221;roboto 300||||||||&#8221; header_2_font=&#8221;roboto 300||||||||&#8221; global_colors_info=&#8221;{}&#8221; custom_css_main_element_last_edited=&#8221;on|tablet&#8221;]<\/p>\n<h2>Convinti da rubyni<sup>\u00ae<\/sup><\/h2>\n<h3>ESPERIENZE CHE ISPIRANO FIDUCIA<\/h3>\n<p>[\/et_pb_text][\/et_pb_column][\/et_pb_row][\/et_pb_section][et_pb_section fb_built=&#8221;1&#8243; custom_padding_last_edited=&#8221;on|tablet&#8221; disabled_on=&#8221;off|off|off&#8221; module_class=&#8221;referenzen-container&#8221; _builder_version=&#8221;4.27.6&#8243; _module_preset=&#8221;default&#8221; width=&#8221;80%&#8221; width_tablet=&#8221;90%&#8221; width_phone=&#8221;70%&#8221; width_last_edited=&#8221;on|phone&#8221; max_width=&#8221;1920px&#8221; module_alignment=&#8221;center&#8221; custom_margin=&#8221;0px|0px||0px|false|false&#8221; custom_padding=&#8221;0px||20px||false|false&#8221; custom_padding_tablet=&#8221;0px|1rem||1rem|false|false&#8221; custom_padding_phone=&#8221;30px|1rem||1rem|false|false&#8221; global_module=&#8221;373&#8243; saved_tabs=&#8221;all&#8221; locked=&#8221;off&#8221; global_colors_info=&#8221;{}&#8221;][et_pb_row custom_padding_last_edited=&#8221;off|desktop&#8221; module_class=&#8221;kundenrezension-wrapper&#8221; _builder_version=&#8221;4.27.6&#8243; _module_preset=&#8221;default&#8221; positioning=&#8221;none&#8221; width=&#8221;100%&#8221; max_width=&#8221;100vw&#8221; custom_padding=&#8221;0px||0px||false|false&#8221; custom_padding_phone=&#8221;|0rem||0rem|false|false&#8221; global_colors_info=&#8221;{}&#8221;][et_pb_column type=&#8221;4_4&#8243; module_class=&#8221;referenzen-wrapper-col&#8221; _builder_version=&#8221;4.27.6&#8243; _module_preset=&#8221;default&#8221; positioning=&#8221;none&#8221; global_colors_info=&#8221;{}&#8221;][et_pb_image src=&#8221;https:\/\/rubyni.com\/wp-content\/uploads\/2023\/06\/Tobi_Haas-1.webp&#8221; alt=&#8221;Tobias Angerer&#8221; title_text=&#8221;Tobias Angerer&#8221; align_tablet=&#8221;center&#8221; align_phone=&#8221;center&#8221; align_last_edited=&#8221;off|desktop&#8221; _builder_version=&#8221;4.27.6&#8243; _module_preset=&#8221;default&#8221; custom_margin=&#8221;||||false|false&#8221; custom_padding=&#8221;||||false|false&#8221; global_colors_info=&#8221;{}&#8221;][\/et_pb_image][et_pb_text content_tablet=&#8221;<\/p>\n<p>Tobias Angerer<\/p>\n<h5>Sciatore di fondo<\/h5>\n<p>&#8221; content_phone=&#8221;<\/p>\n<p>Tobias Angerer<\/p>\n<h5>Sciatore di fondo<\/h5>\n<p>&#8221; content_last_edited=&#8221;on|desktop&#8221; module_class=&#8221;kundenrezension-name&#8221; _builder_version=&#8221;4.27.6&#8243; _module_preset=&#8221;default&#8221; header_5_text_align=&#8221;left&#8221; vertical_offset=&#8221;70%&#8221; horizontal_offset=&#8221;30%&#8221; horizontal_offset_tablet=&#8221;30%&#8221; horizontal_offset_phone=&#8221;0%&#8221; horizontal_offset_last_edited=&#8221;on|desktop&#8221; position_origin_a_last_edited=&#8221;off|desktop&#8221; position_origin_f_last_edited=&#8221;off|desktop&#8221; position_origin_r_phone=&#8221;top_left&#8221; position_origin_r_last_edited=&#8221;off|desktop&#8221; width=&#8221;100%&#8221; positioning_tablet=&#8221;relative&#8221; positioning_phone=&#8221;relative&#8221; positioning_last_edited=&#8221;off|desktop&#8221; text_orientation_last_edited=&#8221;off|desktop&#8221; global_colors_info=&#8221;{}&#8221; positioning__hover_enabled=&#8221;off|hover&#8221; position_origin_a__hover_enabled=&#8221;off|hover&#8221; position_origin_f__hover_enabled=&#8221;off|hover&#8221; position_origin_r__hover_enabled=&#8221;off|hover&#8221; custom_css_main_element_last_edited=&#8221;on|phone&#8221; custom_css_main_element_phone=&#8221;text-align: center !important;&#8221; custom_css_after_last_edited=&#8221;off|desktop&#8221; positioning__hover=&#8221;absolute&#8221;]<\/p>\n<p>Tobias Angerer<\/p>\n<h5>Sciatore di fondo<\/h5>\n<p>[\/et_pb_text][et_pb_text content_phone=&#8221;<\/p>\n<h4 style=%22text-align: center;%22>Come ex atleta professionista e persona attenta alla salute, le mie prestazioni fisiche e il mio benessere sono estremamente importanti per me. Ecco perch\u00e9 assumo rubyni\u00ae con sambuco, ormai parte della mia routine quotidiana. Sono convinto degli effetti positivi delle bacche di sambuco sul mio sistema immunitario, sul mio bilancio energetico e sulla mia forma fisica, soprattutto durante la rigenerazione dopo periodi di stress.  <\/h4>\n<p>&#8221; content_last_edited=&#8221;off|desktop&#8221; module_class=&#8221;kundenrezension-text&#8221; _builder_version=&#8221;4.27.6&#8243; _module_preset=&#8221;default&#8221; text_font=&#8221;|300|||||||&#8221; width=&#8221;100%&#8221; global_colors_info=&#8221;{}&#8221;]<\/p>\n<h4>Come ex atleta professionista e persona attenta alla salute, le mie prestazioni fisiche e il mio benessere sono estremamente importanti per me. Ecco perch\u00e9 assumo rubyni<sup>\u00ae<\/sup> con sambuco, ormai parte della mia routine quotidiana. Sono convinto degli effetti positivi delle bacche di sambuco sul mio sistema immunitario, sui miei livelli di energia e sulla mia forma fisica, soprattutto durante la rigenerazione dopo periodi di sforzo.  <\/h4>\n<p>[\/et_pb_text][\/et_pb_column][\/et_pb_row][et_pb_row custom_padding_last_edited=&#8221;off|desktop&#8221; module_class=&#8221;kundenrezension-wrapper&#8221; _builder_version=&#8221;4.27.6&#8243; _module_preset=&#8221;default&#8221; positioning=&#8221;none&#8221; width=&#8221;100%&#8221; max_width=&#8221;100vw&#8221; custom_padding=&#8221;0px||0px||false|false&#8221; custom_padding_phone=&#8221;|0rem||0rem|false|false&#8221; global_colors_info=&#8221;{}&#8221;][et_pb_column type=&#8221;4_4&#8243; module_class=&#8221;referenzen-wrapper-col&#8221; _builder_version=&#8221;4.27.6&#8243; _module_preset=&#8221;default&#8221; positioning=&#8221;none&#8221; global_colors_info=&#8221;{}&#8221;][et_pb_image src=&#8221;https:\/\/rubyni.com\/wp-content\/uploads\/2023\/06\/Andrea-Sokol-1.webp&#8221; alt=&#8221;Andrea Sokol&#8221; title_text=&#8221;Andrea Sokol&#8221; align_tablet=&#8221;center&#8221; align_phone=&#8221;center&#8221; align_last_edited=&#8221;off|desktop&#8221; _builder_version=&#8221;4.27.6&#8243; _module_preset=&#8221;default&#8221; global_colors_info=&#8221;{}&#8221;][\/et_pb_image][et_pb_text content_phone=&#8221;<\/p>\n<p style=%22text-align: center;%22>Tobias Angerer<\/p>\n<h6 style=%22text-align: center;%22>Sciatore di fondo<\/h6>\n<p>&#8221; content_last_edited=&#8221;off|desktop&#8221; module_class=&#8221;kundenrezension-name&#8221; _builder_version=&#8221;4.27.6&#8243; _module_preset=&#8221;default&#8221; vertical_offset=&#8221;70%&#8221; horizontal_offset=&#8221;30%&#8221; horizontal_offset_tablet=&#8221;30%&#8221; horizontal_offset_phone=&#8221;0%&#8221; horizontal_offset_last_edited=&#8221;on|desktop&#8221; position_origin_a_last_edited=&#8221;off|desktop&#8221; position_origin_f_last_edited=&#8221;off|desktop&#8221; position_origin_r_phone=&#8221;top_left&#8221; position_origin_r_last_edited=&#8221;off|desktop&#8221; width=&#8221;100%&#8221; positioning_tablet=&#8221;relative&#8221; positioning_phone=&#8221;relative&#8221; positioning_last_edited=&#8221;off|desktop&#8221; global_colors_info=&#8221;{}&#8221; positioning__hover_enabled=&#8221;off|desktop&#8221; position_origin_a__hover_enabled=&#8221;off|desktop&#8221; position_origin_f__hover_enabled=&#8221;off|desktop&#8221; position_origin_r__hover_enabled=&#8221;off|desktop&#8221; custom_css_main_element_last_edited=&#8221;on|phone&#8221; custom_css_main_element_phone=&#8221;text-align: center !important;&#8221; custom_css_after_last_edited=&#8221;off|desktop&#8221; positioning__hover=&#8221;absolute&#8221;]<\/p>\n<p>Andrea Sokol<\/p>\n<h5>Fitoterapeuta | Consulente di nutrizione e salute<\/h5>\n<p>[\/et_pb_text][et_pb_text content_phone=&#8221;<\/p>\n<p style=%22text-align: center;%22><em>Il tuo contenuto va qui. Puoi modificare o rimuovere questo testo in linea o nelle impostazioni del modulo Contenuto. Inoltre, puoi personalizzare ogni aspetto di questo contenuto nelle impostazioni del modulo Design e persino applicare un CSS personalizzato a questo testo nelle impostazioni del modulo Avanzate.  <\/em><\/p>\n<p>&#8221; content_last_edited=&#8221;off|desktop&#8221; module_class=&#8221;kundenrezension-text&#8221; _builder_version=&#8221;4.27.6&#8243; _module_preset=&#8221;default&#8221; text_font=&#8221;|300|||||||&#8221; width=&#8221;100%&#8221; global_colors_info=&#8221;{}&#8221;]<\/p>\n<h4>Lavoro come consulente per la nutrizione e la salute e sono una fitoterapeuta qualificata. Trasparenza, sostenibilit\u00e0 e qualit\u00e0 sono molto importanti per me. E devo dire che rubyni<sup>\u00ae<\/sup> mi ha completamente conquistata come marchio. Le capsule contengono solo ingredienti naturali di altissima qualit\u00e0, la cui efficacia \u00e8 stata dimostrata da studi e che forniscono all&#8217;organismo importanti nutrienti. Ho pubblicato diversi video sul mio percorso personale con rubyni<g id=\"gid_1\">\u00ae<\/g> sul mio canale YouTube Ohlala &amp; Solala. L\u00ec ti racconto ancora di pi\u00f9 cosa rende questo integratore alimentare cos\u00ec speciale dal mio punto di vista.     <\/h4>\n<p>[\/et_pb_text][\/et_pb_column][\/et_pb_row][et_pb_row custom_padding_last_edited=&#8221;off|desktop&#8221; module_class=&#8221;kundenrezension-wrapper&#8221; _builder_version=&#8221;4.27.6&#8243; _module_preset=&#8221;default&#8221; positioning=&#8221;none&#8221; width=&#8221;100%&#8221; max_width=&#8221;100vw&#8221; custom_padding=&#8221;0px||0px||false|false&#8221; custom_padding_phone=&#8221;|0rem||0rem|false|false&#8221; global_colors_info=&#8221;{}&#8221;][et_pb_column type=&#8221;4_4&#8243; module_class=&#8221;referenzen-wrapper-col&#8221; _builder_version=&#8221;4.27.6&#8243; _module_preset=&#8221;default&#8221; positioning=&#8221;none&#8221; global_colors_info=&#8221;{}&#8221;][et_pb_image src=&#8221;https:\/\/rubyni.com\/wp-content\/uploads\/2023\/06\/hanna_kebinger-1.webp&#8221; alt=&#8221;Hanna Kebinger&#8221; title_text=&#8221;Hanna Kebinger&#8221; align_tablet=&#8221;center&#8221; align_phone=&#8221;center&#8221; align_last_edited=&#8221;off|desktop&#8221; module_class=&#8221;kunden-img&#8221; _builder_version=&#8221;4.27.6&#8243; _module_preset=&#8221;default&#8221; global_colors_info=&#8221;{}&#8221;][\/et_pb_image][et_pb_text content_phone=&#8221;<\/p>\n<p style=%22text-align: center;%22>Tobias Angerer<\/p>\n<h6 style=%22text-align: center;%22>Sciatore di fondo<\/h6>\n<p>&#8221; content_last_edited=&#8221;off|desktop&#8221; module_class=&#8221;kundenrezension-name&#8221; _builder_version=&#8221;4.27.6&#8243; _module_preset=&#8221;default&#8221; vertical_offset=&#8221;70%&#8221; horizontal_offset=&#8221;30%&#8221; horizontal_offset_tablet=&#8221;30%&#8221; horizontal_offset_phone=&#8221;0%&#8221; horizontal_offset_last_edited=&#8221;on|desktop&#8221; position_origin_a_last_edited=&#8221;off|desktop&#8221; position_origin_f_last_edited=&#8221;off|desktop&#8221; position_origin_r_phone=&#8221;top_left&#8221; position_origin_r_last_edited=&#8221;off|desktop&#8221; width=&#8221;100%&#8221; positioning_tablet=&#8221;relative&#8221; positioning_phone=&#8221;relative&#8221; positioning_last_edited=&#8221;off|desktop&#8221; global_colors_info=&#8221;{}&#8221; positioning__hover_enabled=&#8221;off|desktop&#8221; position_origin_a__hover_enabled=&#8221;off|desktop&#8221; position_origin_f__hover_enabled=&#8221;off|desktop&#8221; position_origin_r__hover_enabled=&#8221;off|desktop&#8221; custom_css_main_element_last_edited=&#8221;on|phone&#8221; custom_css_main_element_phone=&#8221;text-align: center !important;&#8221; custom_css_after_last_edited=&#8221;off|desktop&#8221; positioning__hover=&#8221;absolute&#8221;]<\/p>\n<p>Hanna Kebinger<\/p>\n<h5>Biatleta<\/h5>\n<p>[\/et_pb_text][et_pb_text content_phone=&#8221;<\/p>\n<p style=%22text-align: center;%22><em>Il tuo contenuto va qui. Puoi modificare o rimuovere questo testo in linea o nelle impostazioni del modulo Contenuto. Inoltre, puoi personalizzare ogni aspetto di questo contenuto nelle impostazioni del modulo Design e persino applicare un CSS personalizzato a questo testo nelle impostazioni del modulo Avanzate.  <\/em><\/p>\n<p>&#8221; content_last_edited=&#8221;off|desktop&#8221; module_class=&#8221;kundenrezension-text&#8221; _builder_version=&#8221;4.27.6&#8243; _module_preset=&#8221;default&#8221; text_font=&#8221;|300|||||||&#8221; width=&#8221;100%&#8221; global_colors_info=&#8221;{}&#8221;]<\/p>\n<h4>Come biatleta, devo essere in forma e in grado di esibirmi in qualsiasi momento. In passato ho avuto molti problemi in questo senso. Il mio corpo si \u00e8 ripetutamente indebolito e ho dovuto sopportare molti problemi. Quando ho cercato una soluzione per sostenere il mio sistema immunitario a lungo termine, il mio naturopata mi ha fatto conoscere le bacche di sambuco come superfood, tra le altre cose. Ora assumo rubyni<sup>\u00ae<\/sup> con bacche di sambuco ogni giorno. Le capsule sono utilissime anche quando sono in viaggio durante la Coppa del Mondo. Rubyni<sup>\u00ae<\/sup> \u00e8 un valido aiuto per me durante le fasi di stress della competizione e il mio sistema immunitario \u00e8 finalmente tornato in forma.      <\/h4>\n<p>[\/et_pb_text][\/et_pb_column][\/et_pb_row][et_pb_row custom_padding_last_edited=&#8221;off|desktop&#8221; module_class=&#8221;kundenrezension-wrapper&#8221; _builder_version=&#8221;4.27.6&#8243; _module_preset=&#8221;default&#8221; positioning=&#8221;none&#8221; width=&#8221;100%&#8221; max_width=&#8221;100vw&#8221; custom_padding=&#8221;0px||0px||false|false&#8221; custom_padding_phone=&#8221;|0rem||0rem|false|false&#8221; global_colors_info=&#8221;{}&#8221;][et_pb_column type=&#8221;4_4&#8243; module_class=&#8221;referenzen-wrapper-col&#8221; _builder_version=&#8221;4.27.6&#8243; _module_preset=&#8221;default&#8221; positioning=&#8221;none&#8221; global_colors_info=&#8221;{}&#8221;][et_pb_image src=&#8221;https:\/\/rubyni.com\/wp-content\/uploads\/2023\/06\/michaela-doell.webp&#8221; alt=&#8221;Prof Dr Michaela Doell&#8221; title_text=&#8221;Prof Dr Michaela Doell&#8221; align_tablet=&#8221;center&#8221; align_phone=&#8221;center&#8221; align_last_edited=&#8221;off|desktop&#8221; module_class=&#8221;kunden-img&#8221; _builder_version=&#8221;4.27.6&#8243; _module_preset=&#8221;default&#8221; global_colors_info=&#8221;{}&#8221;][\/et_pb_image][et_pb_text content_phone=&#8221;<\/p>\n<p style=%22text-align: center;%22>Tobias Angerer<\/p>\n<h6 style=%22text-align: center;%22>Sciatore di fondo<\/h6>\n<p>&#8221; content_last_edited=&#8221;off|desktop&#8221; module_class=&#8221;kundenrezension-name&#8221; _builder_version=&#8221;4.27.6&#8243; _module_preset=&#8221;default&#8221; vertical_offset=&#8221;70%&#8221; horizontal_offset=&#8221;30%&#8221; horizontal_offset_tablet=&#8221;30%&#8221; horizontal_offset_phone=&#8221;0%&#8221; horizontal_offset_last_edited=&#8221;on|desktop&#8221; position_origin_a_last_edited=&#8221;off|desktop&#8221; position_origin_f_last_edited=&#8221;off|desktop&#8221; position_origin_r_phone=&#8221;top_left&#8221; position_origin_r_last_edited=&#8221;off|desktop&#8221; width=&#8221;100%&#8221; positioning_tablet=&#8221;relative&#8221; positioning_phone=&#8221;relative&#8221; positioning_last_edited=&#8221;off|desktop&#8221; global_colors_info=&#8221;{}&#8221; positioning__hover_enabled=&#8221;off|desktop&#8221; position_origin_a__hover_enabled=&#8221;off|desktop&#8221; position_origin_f__hover_enabled=&#8221;off|desktop&#8221; position_origin_r__hover_enabled=&#8221;off|desktop&#8221; custom_css_main_element_last_edited=&#8221;on|phone&#8221; custom_css_main_element_phone=&#8221;text-align: center !important;&#8221; custom_css_after_last_edited=&#8221;off|desktop&#8221; positioning__hover=&#8221;absolute&#8221;]<\/p>\n<p>Prof. Dr. rer. nat. Michaela D\u00f6ll  <\/p>\n<h5>Esperto in medicina nutrizionale<\/h5>\n<p>[\/et_pb_text][et_pb_text content_phone=&#8221;<\/p>\n<p style=%22text-align: center;%22><em>Il tuo contenuto va qui. Puoi modificare o rimuovere questo testo in linea o nelle impostazioni del modulo Contenuto. Inoltre, puoi personalizzare ogni aspetto di questo contenuto nelle impostazioni del modulo Design e persino applicare un CSS personalizzato a questo testo nelle impostazioni del modulo Avanzate.  <\/em><\/p>\n<p>&#8221; content_last_edited=&#8221;off|desktop&#8221; module_class=&#8221;kundenrezension-text&#8221; _builder_version=&#8221;4.27.6&#8243; _module_preset=&#8221;default&#8221; text_font=&#8221;|300|||||||&#8221; width=&#8221;100%&#8221; global_colors_info=&#8221;{}&#8221;]<\/p>\n<h4>Da oltre 25 anni mi occupo di medicina olistica e naturopatica, con particolare interesse per i temi legati alla nutrizione e alla biologia. Durante questo periodo mi sono dedicato intensamente allo studio dei risultati delle ricerche pi\u00f9 recenti (ad esempio sulla medicina ortomolecolare, l&#8217;epigenetica, la nutrigenomica e la fitoterapia). La filosofia di rubyni, che consiste nell&#8217;utilizzare estratti completi con il profilo d&#8217;azione integrale dell&#8217;intera matrice del frutto, mi ha affascinato e convinto fin dall&#8217;inizio. Per questo ho accettato volentieri l&#8217;incarico di sviluppare nuovi prodotti che contenessero rubyni, ma allo stesso tempo, in un&#8217;ottica di sinergia d&#8217;azione, anche altri ingredienti per uno scopo specifico.   <\/h4>\n<p>[\/et_pb_text][\/et_pb_column][\/et_pb_row][\/et_pb_section]<\/p>\n","protected":false},"excerpt":{"rendered":"<p><div class=\"et_pb_module lwp_divi_breadcrumbs lwp_divi_breadcrumbs_0 breadcrumbs-item\">\n\t\t\t\t\n\t\t\t\t\n\t\t\t\t\n\t\t\t\t\n\t\t\t\t\n\t\t\t\t\n\t\t\t\t<div class=\"et_pb_module_inner\">\n\t\t\t\t\t<div class=\"lwp-breadcrumbs\"> <span class=\"before\"><\/span> <span vocab=\"https:\/\/schema.org\/\" typeof=\"BreadcrumbList\"><span property=\"itemListElement\" typeof=\"ListItem\"><a property=\"item\" typeof=\"WebPage\" href=\"#\" class=\"home\"><span property=\"name\">Home<\/span><\/a><meta property=\"position\" content=\"1\"><\/span> <span class=\"separator et-pb-icon\">9<\/span> <\/span><\/div>\n\t\t\t\t<\/div>\n\t\t\t<\/div>rubyni\u00ae amarena Molti sportivi non possono fare a meno delle amareneIntegratore alimentare all&#8217;amarena, 100% vegano, senza glutine e senza lattosio. Ingredienti: estratto di amarena (da ciliegie acide della variet\u00e0 Nadwi\u015blanka), agente di rivestimento: idrossipropilmetilcellulosa (involucro della capsula a base vegetale) Una capsula contiene 360 mg di estratto di [&hellip;]<\/p>\n","protected":false},"author":1,"featured_media":8648,"parent":19154,"menu_order":0,"comment_status":"closed","ping_status":"closed","template":"page-no-header.php","meta":{"_acf_changed":false,"_et_pb_use_builder":"on","_et_pb_old_content":"","_et_gb_content_width":"","footnotes":""},"class_list":["post-11982","page","type-page","status-publish","has-post-thumbnail","hentry"],"acf":[],"yoast_head":"<!-- This site is optimized with the Yoast SEO Premium plugin v27.7 (Yoast SEO v27.7) - https:\/\/yoast.com\/product\/yoast-seo-premium-wordpress\/ -->\r\n<title>rubyni Amarena: Estratto di amarena altamente puro<\/title>\r\n<meta name=\"description\" content=\"Integratore alimentare a base di estratto di amarena \u2713 sostanze vegetali secondarie e antocianine preziose \u2713 vegano, senza lattosio, senza glutine\" \/>\r\n<meta name=\"robots\" content=\"index, follow, max-snippet:-1, max-image-preview:large, max-video-preview:-1\" \/>\r\n<link rel=\"canonical\" href=\"https:\/\/rubyni.com\/produkte\/rubyni-pur\/rubyni-sauerkirsche\" \/>\r\n<meta property=\"og:locale\" content=\"it_IT\" \/>\r\n<meta property=\"og:type\" content=\"article\" \/>\r\n<meta property=\"og:title\" content=\"rubyni Amarena\" \/>\r\n<meta property=\"og:description\" content=\"Integratore alimentare a base di estratto di amarena \u2713 sostanze vegetali secondarie e antocianine preziose \u2713 vegano, senza lattosio, senza glutine\" \/>\r\n<meta property=\"og:url\" content=\"https:\/\/rubyni.com\/produkte\/rubyni-pur\/rubyni-sauerkirsche\" \/>\r\n<meta property=\"og:site_name\" content=\"rubyni\" \/>\r\n<meta property=\"article:modified_time\" content=\"2026-08-26T08:07:13+00:00\" \/>\r\n<meta property=\"og:image\" content=\"https:\/\/rubyni.com\/wp-content\/uploads\/2024\/12\/rubyni-sauerkirsche-produkt.webp\" \/>\r\n\t<meta property=\"og:image:width\" content=\"607\" \/>\r\n\t<meta property=\"og:image:height\" content=\"844\" \/>\r\n\t<meta property=\"og:image:type\" content=\"image\/webp\" \/>\r\n<meta name=\"twitter:card\" content=\"summary_large_image\" \/>\r\n<meta name=\"twitter:label1\" content=\"Tempo di lettura stimato\" \/>\n\t<meta name=\"twitter:data1\" content=\"27 minuti\" \/>\r\n<script type=\"application\/ld+json\" class=\"yoast-schema-graph\">{\"@context\":\"https:\\\/\\\/schema.org\",\"@graph\":[{\"@type\":\"WebPage\",\"@id\":\"https:\\\/\\\/rubyni.com\\\/produkte\\\/rubyni-pur\\\/rubyni-sauerkirsche\",\"url\":\"https:\\\/\\\/rubyni.com\\\/produkte\\\/rubyni-pur\\\/rubyni-sauerkirsche\",\"name\":\"rubyni Amarena: Estratto di amarena altamente puro\",\"isPartOf\":{\"@id\":\"https:\\\/\\\/rubyni.com\\\/#website\"},\"primaryImageOfPage\":{\"@id\":\"https:\\\/\\\/rubyni.com\\\/produkte\\\/rubyni-pur\\\/rubyni-sauerkirsche#primaryimage\"},\"image\":{\"@id\":\"https:\\\/\\\/rubyni.com\\\/produkte\\\/rubyni-pur\\\/rubyni-sauerkirsche#primaryimage\"},\"thumbnailUrl\":\"https:\\\/\\\/rubyni.com\\\/wp-content\\\/uploads\\\/2024\\\/12\\\/rubyni-sauerkirsche-produkt.webp\",\"datePublished\":\"2023-09-27T06:17:11+00:00\",\"dateModified\":\"2026-08-26T08:07:13+00:00\",\"description\":\"Integratore alimentare a base di estratto di amarena \u2713 sostanze vegetali secondarie e antocianine preziose \u2713 vegano, senza lattosio, senza glutine\",\"breadcrumb\":{\"@id\":\"https:\\\/\\\/rubyni.com\\\/produkte\\\/rubyni-pur\\\/rubyni-sauerkirsche#breadcrumb\"},\"inLanguage\":\"it-IT\",\"potentialAction\":[{\"@type\":\"ReadAction\",\"target\":[\"https:\\\/\\\/rubyni.com\\\/produkte\\\/rubyni-pur\\\/rubyni-sauerkirsche\"]}]},{\"@type\":\"ImageObject\",\"inLanguage\":\"it-IT\",\"@id\":\"https:\\\/\\\/rubyni.com\\\/produkte\\\/rubyni-pur\\\/rubyni-sauerkirsche#primaryimage\",\"url\":\"https:\\\/\\\/rubyni.com\\\/wp-content\\\/uploads\\\/2024\\\/12\\\/rubyni-sauerkirsche-produkt.webp\",\"contentUrl\":\"https:\\\/\\\/rubyni.com\\\/wp-content\\\/uploads\\\/2024\\\/12\\\/rubyni-sauerkirsche-produkt.webp\",\"width\":607,\"height\":844,\"caption\":\"Nahrungserg\u00e4nzungsmittel rubyni\u00ae Sauerkirsche im Glas mit rotem Etikett und Hinweis auf das verwendete Extrakt CherryCraft\"},{\"@type\":\"BreadcrumbList\",\"@id\":\"https:\\\/\\\/rubyni.com\\\/produkte\\\/rubyni-pur\\\/rubyni-sauerkirsche#breadcrumb\",\"itemListElement\":[{\"@type\":\"ListItem\",\"position\":1,\"name\":\"Startseite\",\"item\":\"https:\\\/\\\/rubyni.com\\\/\"},{\"@type\":\"ListItem\",\"position\":2,\"name\":\"I nostri prodotti\",\"item\":\"https:\\\/\\\/rubyni.com\\\/it\\\/i-nostri-prodotti\"},{\"@type\":\"ListItem\",\"position\":3,\"name\":\"rubyni Puro\",\"item\":\"https:\\\/\\\/rubyni.com\\\/produkte\\\/rubyni-pur\"},{\"@type\":\"ListItem\",\"position\":4,\"name\":\"rubyni Amarena\"}]},{\"@type\":\"WebSite\",\"@id\":\"https:\\\/\\\/rubyni.com\\\/#website\",\"url\":\"https:\\\/\\\/rubyni.com\\\/\",\"name\":\"rubyni\",\"description\":\"\",\"potentialAction\":[{\"@type\":\"SearchAction\",\"target\":{\"@type\":\"EntryPoint\",\"urlTemplate\":\"https:\\\/\\\/rubyni.com\\\/?s={search_term_string}\"},\"query-input\":{\"@type\":\"PropertyValueSpecification\",\"valueRequired\":true,\"valueName\":\"search_term_string\"}}],\"inLanguage\":\"it-IT\"}]}<\/script>\r\n<!-- \/ Yoast SEO Premium plugin. -->","yoast_head_json":{"title":"rubyni Amarena: Estratto di amarena altamente puro","description":"Integratore alimentare a base di estratto di amarena \u2713 sostanze vegetali secondarie e antocianine preziose \u2713 vegano, senza lattosio, senza glutine","robots":{"index":"index","follow":"follow","max-snippet":"max-snippet:-1","max-image-preview":"max-image-preview:large","max-video-preview":"max-video-preview:-1"},"canonical":"https:\/\/rubyni.com\/produkte\/rubyni-pur\/rubyni-sauerkirsche","og_locale":"it_IT","og_type":"article","og_title":"rubyni Amarena","og_description":"Integratore alimentare a base di estratto di amarena \u2713 sostanze vegetali secondarie e antocianine preziose \u2713 vegano, senza lattosio, senza glutine","og_url":"https:\/\/rubyni.com\/produkte\/rubyni-pur\/rubyni-sauerkirsche","og_site_name":"rubyni","article_modified_time":"2026-08-26T08:07:13+00:00","og_image":[{"width":607,"height":844,"url":"https:\/\/rubyni.com\/wp-content\/uploads\/2024\/12\/rubyni-sauerkirsche-produkt.webp","type":"image\/webp"}],"twitter_card":"summary_large_image","twitter_misc":{"Tempo di lettura stimato":"27 minuti"},"schema":{"@context":"https:\/\/schema.org","@graph":[{"@type":"WebPage","@id":"https:\/\/rubyni.com\/produkte\/rubyni-pur\/rubyni-sauerkirsche","url":"https:\/\/rubyni.com\/produkte\/rubyni-pur\/rubyni-sauerkirsche","name":"rubyni Amarena: Estratto di amarena altamente puro","isPartOf":{"@id":"https:\/\/rubyni.com\/#website"},"primaryImageOfPage":{"@id":"https:\/\/rubyni.com\/produkte\/rubyni-pur\/rubyni-sauerkirsche#primaryimage"},"image":{"@id":"https:\/\/rubyni.com\/produkte\/rubyni-pur\/rubyni-sauerkirsche#primaryimage"},"thumbnailUrl":"https:\/\/rubyni.com\/wp-content\/uploads\/2024\/12\/rubyni-sauerkirsche-produkt.webp","datePublished":"2023-09-27T06:17:11+00:00","dateModified":"2026-08-26T08:07:13+00:00","description":"Integratore alimentare a base di estratto di amarena \u2713 sostanze vegetali secondarie e antocianine preziose \u2713 vegano, senza lattosio, senza glutine","breadcrumb":{"@id":"https:\/\/rubyni.com\/produkte\/rubyni-pur\/rubyni-sauerkirsche#breadcrumb"},"inLanguage":"it-IT","potentialAction":[{"@type":"ReadAction","target":["https:\/\/rubyni.com\/produkte\/rubyni-pur\/rubyni-sauerkirsche"]}]},{"@type":"ImageObject","inLanguage":"it-IT","@id":"https:\/\/rubyni.com\/produkte\/rubyni-pur\/rubyni-sauerkirsche#primaryimage","url":"https:\/\/rubyni.com\/wp-content\/uploads\/2024\/12\/rubyni-sauerkirsche-produkt.webp","contentUrl":"https:\/\/rubyni.com\/wp-content\/uploads\/2024\/12\/rubyni-sauerkirsche-produkt.webp","width":607,"height":844,"caption":"Nahrungserg\u00e4nzungsmittel rubyni\u00ae Sauerkirsche im Glas mit rotem Etikett und Hinweis auf das verwendete Extrakt CherryCraft"},{"@type":"BreadcrumbList","@id":"https:\/\/rubyni.com\/produkte\/rubyni-pur\/rubyni-sauerkirsche#breadcrumb","itemListElement":[{"@type":"ListItem","position":1,"name":"Startseite","item":"https:\/\/rubyni.com\/"},{"@type":"ListItem","position":2,"name":"I nostri prodotti","item":"https:\/\/rubyni.com\/it\/i-nostri-prodotti"},{"@type":"ListItem","position":3,"name":"rubyni Puro","item":"https:\/\/rubyni.com\/produkte\/rubyni-pur"},{"@type":"ListItem","position":4,"name":"rubyni Amarena"}]},{"@type":"WebSite","@id":"https:\/\/rubyni.com\/#website","url":"https:\/\/rubyni.com\/","name":"rubyni","description":"","potentialAction":[{"@type":"SearchAction","target":{"@type":"EntryPoint","urlTemplate":"https:\/\/rubyni.com\/?s={search_term_string}"},"query-input":{"@type":"PropertyValueSpecification","valueRequired":true,"valueName":"search_term_string"}}],"inLanguage":"it-IT"}]}},"_links":{"self":[{"href":"https:\/\/rubyni.com\/it\/wp-json\/wp\/v2\/pages\/11982","targetHints":{"allow":["GET"]}}],"collection":[{"href":"https:\/\/rubyni.com\/it\/wp-json\/wp\/v2\/pages"}],"about":[{"href":"https:\/\/rubyni.com\/it\/wp-json\/wp\/v2\/types\/page"}],"author":[{"embeddable":true,"href":"https:\/\/rubyni.com\/it\/wp-json\/wp\/v2\/users\/1"}],"replies":[{"embeddable":true,"href":"https:\/\/rubyni.com\/it\/wp-json\/wp\/v2\/comments?post=11982"}],"version-history":[{"count":19,"href":"https:\/\/rubyni.com\/it\/wp-json\/wp\/v2\/pages\/11982\/revisions"}],"predecessor-version":[{"id":21974,"href":"https:\/\/rubyni.com\/it\/wp-json\/wp\/v2\/pages\/11982\/revisions\/21974"}],"up":[{"embeddable":true,"href":"https:\/\/rubyni.com\/it\/wp-json\/wp\/v2\/pages\/19154"}],"wp:featuredmedia":[{"embeddable":true,"href":"https:\/\/rubyni.com\/it\/wp-json\/wp\/v2\/media\/8648"}],"wp:attachment":[{"href":"https:\/\/rubyni.com\/it\/wp-json\/wp\/v2\/media?parent=11982"}],"curies":[{"name":"wp","href":"https:\/\/api.w.org\/{rel}","templated":true}]}}