{"id":17816,"date":"2026-04-01T08:20:02","date_gmt":"2026-04-01T06:20:02","guid":{"rendered":"https:\/\/rubyni.com\/curcuma-plus"},"modified":"2026-08-26T10:32:27","modified_gmt":"2026-08-26T08:32:27","slug":"curcuma-plus","status":"publish","type":"page","link":"https:\/\/rubyni.com\/it\/i-nostri-prodotti\/rubyni-essentials\/curcuma-plus","title":{"rendered":"CURCUMA PLUS"},"content":{"rendered":"<p>[et_pb_section fb_built=&#8221;1&#8243; admin_label=&#8221;Breadcrumbs-Container&#8221; module_class=&#8221;breadcrumbs-wrapper&#8221; _builder_version=&#8221;4.27.6&#8243; _module_preset=&#8221;default&#8221; custom_margin=&#8221;6rem||-4rem||false|false&#8221; custom_padding=&#8221;0px||0px||false|false&#8221; global_colors_info=&#8221;{}&#8221;][et_pb_row module_class=&#8221;breadcrumbs-row&#8221; _builder_version=&#8221;4.27.6&#8243; _module_preset=&#8221;default&#8221; max_width=&#8221;2560px&#8221; module_alignment=&#8221;center&#8221; custom_margin=&#8221;0px||0px||false|false&#8221; custom_padding=&#8221;0px||0px||false|false&#8221; global_colors_info=&#8221;{}&#8221;][et_pb_column type=&#8221;4_4&#8243; module_class=&#8221;breadcrumbs-row-col&#8221; _builder_version=&#8221;4.27.6&#8243; _module_preset=&#8221;default&#8221; global_colors_info=&#8221;{}&#8221;][lwp_divi_breadcrumbs font_icon=&#8221;&#x39;||divi||400&#8243; use_custom_home_link=&#8221;on&#8221; home_link=&#8221;#&#8221; module_class=&#8221;breadcrumbs-item&#8221; _builder_version=&#8221;4.27.6&#8243; _module_preset=&#8221;default&#8221; global_colors_info=&#8221;{}&#8221;][\/lwp_divi_breadcrumbs][\/et_pb_column][\/et_pb_row][\/et_pb_section][et_pb_section fb_built=&#8221;1&#8243; custom_padding_last_edited=&#8221;on|desktop&#8221; disabled_on=&#8221;off|off|off&#8221; admin_label=&#8221;Top Section &#8211; Slider + MYFA Elemente&#8221; module_class=&#8221;layout-relaunch-product-header&#8221; _builder_version=&#8221;4.27.6&#8243; _module_preset=&#8221;default&#8221; background_enable_color=&#8221;off&#8221; custom_margin=&#8221;25px||||false|false&#8221; custom_margin_tablet=&#8221;3rem||||false|false&#8221; custom_margin_phone=&#8221;3rem||||false|false&#8221; custom_margin_last_edited=&#8221;on|tablet&#8221; custom_padding=&#8221;|1rem||1rem|false|false&#8221; custom_padding_tablet=&#8221;|1rem||1rem|false|false&#8221; custom_padding_phone=&#8221;20px||||false|false&#8221; global_colors_info=&#8221;{}&#8221;][et_pb_row column_structure=&#8221;1_2,1_2&#8243; custom_padding_last_edited=&#8221;off|tablet&#8221; module_class=&#8221;product-img-wrapper&#8221; _builder_version=&#8221;4.27.6&#8243; _module_preset=&#8221;default&#8221; width_tablet=&#8221;100%&#8221; width_phone=&#8221;100%&#8221; width_last_edited=&#8221;on|tablet&#8221; custom_padding=&#8221;0px||||false|false&#8221; custom_padding_tablet=&#8221;6rem|1rem||1rem|false|false&#8221; custom_padding_phone=&#8221;||||false|false&#8221; global_colors_info=&#8221;{}&#8221;][et_pb_column type=&#8221;1_2&#8243; module_class=&#8221;custom-produktslider&#8221; _builder_version=&#8221;4.27.4&#8243; _module_preset=&#8221;default&#8221; global_colors_info=&#8221;{}&#8221;][et_pb_image src=&#8221;https:\/\/rubyni.com\/wp-content\/uploads\/2026\/04\/Curcuma_Bild1.webp&#8221; alt=&#8221;Lattina PET dell&#8217;integratore alimentare Rubyni Curcuma Plus con etichetta nera e due capsule gialle nella parte anteriore, etichettate con un cartellino verde %22Vegan%22.&#8221; title_text=&#8221;Immagine per illustrare il prodotto.&#8221; _builder_version=&#8221;4.27.6&#8243; _module_preset=&#8221;default&#8221; custom_margin=&#8221;||0px||false|false&#8221; custom_padding=&#8221;||0px||false|false&#8221; global_colors_info=&#8221;{}&#8221;][\/et_pb_image][et_pb_image src=&#8221;https:\/\/rubyni.com\/wp-content\/uploads\/2026\/04\/Curcuma_Bild2.webp&#8221; alt=&#8221;Lattina PET dell&#8217;integratore alimentare rubyni Curcuma Plus con etichetta srotolata, completata da informazioni sugli ingredienti, sull&#8217;assunzione consigliata e sulle diciture %22vegano%22 e %22100% fonte naturale%22.&#8221; title_text=&#8221;Immagine che illustra gli ingredienti del prodotto.&#8221; _builder_version=&#8221;4.27.6&#8243; _module_preset=&#8221;default&#8221; custom_margin=&#8221;||0px||false|false&#8221; custom_padding=&#8221;||0px||false|false&#8221; global_colors_info=&#8221;{}&#8221;][\/et_pb_image][et_pb_image src=&#8221;https:\/\/rubyni.com\/wp-content\/uploads\/2026\/04\/Curcuma_Bild3.webp&#8221; alt=&#8221;Lattina in PET dell&#8217;integratore alimentare rubyni Curcuma Plus con due capsule galleggianti sopra di essa, circondate da informazioni come %22vegano%22, %22senza lattosio%22, %22senza glutine%22, %22qualit\u00e0 testata%22 ed %22estratti di alta qualit\u00e0%22.&#8221; title_text=&#8221;Immagine che illustra gli ingredienti del prodotto.&#8221; _builder_version=&#8221;4.27.6&#8243; _module_preset=&#8221;default&#8221; custom_margin=&#8221;||0px||false|false&#8221; custom_padding=&#8221;||0px||false|false&#8221; global_colors_info=&#8221;{}&#8221;][\/et_pb_image][et_pb_image src=&#8221;https:\/\/rubyni.com\/wp-content\/uploads\/2026\/04\/Curcuma_Bild4.webp&#8221; alt=&#8221;Giovane donna che sorride mentre assume una capsula con acqua, con accanto un barattolo PET del prodotto Rubyni Curcuma Plus posizionato in obliquo e la scritta %22Curcuma &#038; Ginger%22.&#8221; title_text=&#8221;Immagine che illustra l&#8217;accettazione del prodotto.&#8221; _builder_version=&#8221;4.27.6&#8243; _module_preset=&#8221;default&#8221; custom_margin=&#8221;||0px||false|false&#8221; custom_padding=&#8221;||0px||false|false&#8221; global_colors_info=&#8221;{}&#8221;][\/et_pb_image][et_pb_image src=&#8221;https:\/\/rubyni.com\/wp-content\/uploads\/2026\/05\/Curcuma_Bild5-scaled.webp&#8221; alt=&#8221;Giovane donna che sorride mentre assume una capsula con acqua, con accanto un barattolo PET del prodotto Rubyni Curcuma Plus posizionato in obliquo e la scritta %22Curcuma &#038; Ginger%22.&#8221; title_text=&#8221;Curcuma_immagine5&#8243; _builder_version=&#8221;4.27.6&#8243; _module_preset=&#8221;default&#8221; custom_margin=&#8221;||0px||false|false&#8221; custom_padding=&#8221;||0px||false|false&#8221; global_colors_info=&#8221;{}&#8221;][\/et_pb_image][et_pb_code module_class=&#8221;custom-slider-nav&#8221; _builder_version=&#8221;4.27.4&#8243; _module_preset=&#8221;default&#8221; custom_margin=&#8221;0px||0px||false|false&#8221; custom_padding=&#8221;0px||0px||false|false&#8221; global_colors_info=&#8221;{}&#8221;]<\/p>\n<div class=\"custom-produktslider-nav\"><\/div>\n<p>[\/et_pb_code][\/et_pb_column][et_pb_column type=&#8221;1_2&#8243; module_class=&#8221;product-img-wrapper-text&#8221; _builder_version=&#8221;4.27.4&#8243; _module_preset=&#8221;default&#8221; global_colors_info=&#8221;{}&#8221;][et_pb_text module_class=&#8221;h2-gross produkt-top hfinger-produkttitel-rechts&#8221; _builder_version=&#8221;4.27.6&#8243; _module_preset=&#8221;default&#8221; text_font_size=&#8221;20px&#8221; header_font=&#8221;Roboto|500|||||||&#8221; header_font_size=&#8221;50px&#8221; header_line_height=&#8221;1.2em&#8221; header_2_font=&#8221;Roboto|300|||||||&#8221; header_2_font_size=&#8221;50px&#8221; header_2_line_height=&#8221;1.2em&#8221; custom_margin=&#8221;||1rem||false|false&#8221; global_colors_info=&#8221;{}&#8221;]<\/p>\n<h2>rubyni<sup>\u00ae<\/sup> Curcuma Plus<\/h2>\n<h1>Curcuma e zenzero: sostanze vegetali ripensate<\/h1>\n<p>[\/et_pb_text][et_pb_text module_class=&#8221;h2-gross produkt-top hfinger-produkttext&#8221; _builder_version=&#8221;4.27.6&#8243; _module_preset=&#8221;default&#8221; text_font_size=&#8221;20px&#8221; header_font=&#8221;Roboto|500|||||||&#8221; header_font_size=&#8221;50px&#8221; header_line_height=&#8221;1.2em&#8221; header_2_font=&#8221;Roboto|500|||||||&#8221; header_2_font_size=&#8221;50px&#8221; header_2_line_height=&#8221;1.2em&#8221; global_colors_info=&#8221;{}&#8221;]<\/p>\n<p><strong>Integratore alimentare con curcuma e zenzero da fonti naturali<br \/>100% vegano, senza glutine e senza lattosio<\/strong><\/p>\n<p><strong>Ingredienti:<\/strong> polvere di foglie di prezzemolo, estratto di curcuma (da <em>Curcuma longa<\/em>, 30-32:1, 45% di curcuminoidi, 37,5% di curcumina), agente di rivestimento idrossipropilmetilcellulosa (involucro della capsula), estratto di oleoresina di zenzero (da <em>Zingiber<\/em><em>officinale<\/em>, 13:1, 26% di gingeroli e shogaoli).<\/p>\n<p><strong>Una capsula contiene 176 mg di estratto di curcuma, che forniscono 79 mg di curcuminoidi. Di questi, 66 mg sono curcumina. Inoltre, ogni capsula contiene 60 mg di estratto di radice di zenzero con 16 mg di principi attivi piccanti (gingeroli e shogaoli).  <\/strong><\/p>\n<p><strong>Modalit\u00e0 d&#8217;uso:<\/strong> prendi una capsula al giorno con acqua a sufficienza, senza masticarla, preferibilmente durante un pasto. Affinch\u00e9 la curcumina, essendo liposolubile, possa essere assorbita dal tuo corpo, il pasto dovrebbe contenere anche grassi sani. Non superare la dose giornaliera raccomandata indicata.  <\/p>\n<p>[\/et_pb_text][et_pb_code admin_label=&#8221;abbonamento 10%&#8221; module_class=&#8221;myfa-product-info-abo&#8221; _builder_version=&#8221;4.27.4&#8243; _module_preset=&#8221;default&#8221; custom_margin=&#8221;||1rem||false|false&#8221; global_module=&#8221;12990&#8243; locked=&#8221;off&#8221; global_colors_info=&#8221;{}&#8221;]<\/p>\n<div id=\"aboText\" class=\"product-abo-text\">Ordina un abbonamento e risparmia il 10%.<\/div>\n<p>[\/et_pb_code][et_pb_code disabled_on=&#8221;on|on|on&#8221; module_class=&#8221;myfa-product-info-2&#8243; _builder_version=&#8221;4.27.6&#8243; _module_preset=&#8221;default&#8221; custom_margin=&#8221;||1rem||false|false&#8221; disabled=&#8221;on&#8221; global_colors_info=&#8221;{}&#8221;]<\/p>\n<div id=\"priceOverview\" class=\"fw-bold mb-3 mt-3\">60 capsule <span isprice=\"\"><\/span> \u20ac | 90 capsule <span isprice=\"\"><\/span> \u20ac<\/div>\n<p>[\/et_pb_code][et_pb_code module_class=&#8221;myfa-product-info-1&#8243; _builder_version=&#8221;4.27.5&#8243; _module_preset=&#8221;default&#8221; custom_margin=&#8221;||1rem||false|false&#8221; global_colors_info=&#8221;{}&#8221;]<\/p>\n<div class=\"product-info\"><!-- [et_pb_line_break_holder] -->  <\/p>\n<h3 id=\"priceSection\"><!-- [et_pb_line_break_holder] -->  60 capsule 59,90\u20ac<!-- [et_pb_line_break_holder] -->  <\/h3>\n<p><!-- [et_pb_line_break_holder] -->  <span id=\"productDetailInformation\">IVA inclusa, pi\u00f9 spese di spedizione<\/span><!-- [et_pb_line_break_holder] --><\/div>\n<p>[\/et_pb_code][et_pb_code admin_label=&#8221;Warenkorb\/Mengenauswahl&#8221; module_class=&#8221;myfa-product-info-1&#8243; _builder_version=&#8221;4.27.6&#8243; _module_preset=&#8221;default&#8221; global_module=&#8221;12762&#8243; saved_tabs=&#8221;all&#8221; global_colors_info=&#8221;{}&#8221;]<!-- Italian Version --><!-- [et_pb_line_break_holder] --><\/p>\n<div class=\"warenkorb-button\"><!-- [et_pb_line_break_holder] -->    <\/p>\n<div class=\"selection-row row g-3 justify-content-start justify-content-xxl-between align-items-end mb-3\"><!-- [et_pb_line_break_holder] -->        <\/p>\n<div class=\"size col-6\"><!-- [et_pb_line_break_holder] -->            <\/p>\n<div id=\"productContentLabel\" class=\"hl\">Contenuto<\/div>\n<p><!-- [et_pb_line_break_holder] -->            <select aria-label=\"Seleziona pacchetto\" class=\"form-select\" id=\"productSelect\"><!-- [et_pb_line_break_holder] --><option value=\"1\" selected=\"\">60 capsule<\/option><!-- [et_pb_line_break_holder] -->            <\/select><!-- [et_pb_line_break_holder] -->        <\/div>\n<p><!-- [et_pb_line_break_holder] -->        <\/p>\n<div class=\"amount col-6\"><!-- [et_pb_line_break_holder] -->            <\/p>\n<div id=\"productQuantityLabel\" class=\"hl\">Quantit\u00e0<\/div>\n<p><!-- [et_pb_line_break_holder] -->            <\/p>\n<div class=\"kit-plus-minus\"><!-- [et_pb_line_break_holder] -->                <\/p>\n<div class=\"minus\"><i class=\"bi-dash\"><\/i><\/div>\n<p><!-- [et_pb_line_break_holder] -->                <input aria-label=\"Seleziona la quantita\" value=\"1\" type=\"text\" name=\"\" id=\"productQuantity\"><!-- [et_pb_line_break_holder] -->                <\/p>\n<div class=\"plus\"><i class=\"bi-plus\"><\/i><\/div>\n<p><!-- [et_pb_line_break_holder] -->            <\/div>\n<p><!-- [et_pb_line_break_holder] -->        <\/div>\n<p><!-- [et_pb_line_break_holder] -->        <\/p>\n<div class=\"abo col-6\"><!-- [et_pb_line_break_holder] -->            <\/p>\n<div id=\"productIntervalLabel\" class=\"hl\">Ordine singolo\/Abbonamento<\/div>\n<p><!-- [et_pb_line_break_holder] -->            <select aria-label=\"Seleziona l abbonamento\" class=\"form-select\" name=\"\" id=\"productInterval\"><!-- [et_pb_line_break_holder] --><option value=\"0\">consegna una tantum<\/option><!-- [et_pb_line_break_holder] -->            <\/select><!-- [et_pb_line_break_holder] -->        <\/div>\n<p><!-- [et_pb_line_break_holder] -->        <\/p>\n<div class=\"button col-6\"><!-- [et_pb_line_break_holder] -->            <button type=\"submit\" id=\"productCmd\" class=\"btn btn-primary text-nowrap btn-primary-animate\">Aggiungi al<!-- [et_pb_line_break_holder] -->                carrello<\/button><!-- [et_pb_line_break_holder] -->        <\/div>\n<p><!-- [et_pb_line_break_holder] -->    <\/div>\n<p><!-- [et_pb_line_break_holder] --><\/div>\n<p>[\/et_pb_code][et_pb_code admin_label=&#8221;Icone&#8221; module_class=&#8221;product-icons-wrapper&#8221; _builder_version=&#8221;4.27.6&#8243; _module_preset=&#8221;default&#8221; hover_enabled=&#8221;0&#8243; global_colors_info=&#8221;{}&#8221; sticky_enabled=&#8221;0&#8243;]<\/p>\n<div class=\"product-icons\"><!-- [et_pb_line_break_holder] --><img decoding=\"async\" src=\"\/wp-content\/uploads\/2025\/08\/produkt_vegan.png\" alt=\"vegan\"><!-- [et_pb_line_break_holder] --><img decoding=\"async\" src=\"\/wp-content\/uploads\/2025\/08\/produkt_glutenfrei.png\" alt=\"glutenfrei\"><!-- [et_pb_line_break_holder] --><img decoding=\"async\" src=\"\/wp-content\/uploads\/2025\/08\/produkt_laktosefrei.png\" alt=\"laktosefrei\"><!-- [et_pb_line_break_holder] --><\/div>\n<p>[\/et_pb_code][\/et_pb_column][\/et_pb_row][\/et_pb_section][et_pb_section fb_built=&#8221;1&#8243; admin_label=&#8221;myFactory Code Produkt Code Schnipsel&#8221; _builder_version=&#8221;4.27.4&#8243; _module_preset=&#8221;default&#8221; custom_margin=&#8221;0px|0px|0px|0px|false|false&#8221; custom_padding=&#8221;0px|0px|0px|0px|false|false&#8221; global_colors_info=&#8221;{}&#8221;][et_pb_row _builder_version=&#8221;4.27.4&#8243; _module_preset=&#8221;default&#8221; custom_margin=&#8221;0px|0px|0px|0px|false|false&#8221; custom_padding=&#8221;0px|0px|0px|0px|false|false&#8221; global_colors_info=&#8221;{}&#8221;][et_pb_column type=&#8221;4_4&#8243; _builder_version=&#8221;4.27.4&#8243; _module_preset=&#8221;default&#8221; global_colors_info=&#8221;{}&#8221;][et_pb_code _builder_version=&#8221;4.27.6&#8243; _module_preset=&#8221;default&#8221; custom_margin=&#8221;0px|0px|0px|0px|false|false&#8221; custom_padding=&#8221;0px|0px|0px|0px|false|false&#8221; global_colors_info=&#8221;{}&#8221;]<script><!-- [et_pb_line_break_holder] -->let productInfo = [<!-- [et_pb_line_break_holder] -->  {<!-- [et_pb_line_break_holder] -->    contentDesc: \"90 Kapseln\",<!-- [et_pb_line_break_holder] -->    content: 90,<!-- [et_pb_line_break_holder] -->    productID: 479,<!-- [et_pb_line_break_holder] -->    netWeight: 43,<!-- [et_pb_line_break_holder] -->    dailyDose: 1,<!-- [et_pb_line_break_holder] -->    price: 34.9,<!-- [et_pb_line_break_holder] -->    aboDiscount: 0.1,<!-- [et_pb_line_break_holder] -->    abos: [<!-- [et_pb_line_break_holder] -->      {<!-- [et_pb_line_break_holder] -->        months: 1,<!-- [et_pb_line_break_holder] -->        productID: 533,<!-- [et_pb_line_break_holder] -->      },<!-- [et_pb_line_break_holder] -->      {<!-- [et_pb_line_break_holder] -->        months: 2,<!-- [et_pb_line_break_holder] -->        productID: 534,<!-- [et_pb_line_break_holder] -->      },<!-- [et_pb_line_break_holder] -->      {<!-- [et_pb_line_break_holder] -->        months: 3,<!-- [et_pb_line_break_holder] -->        productID: 535,<!-- [et_pb_line_break_holder] -->      },<!-- [et_pb_line_break_holder] -->    ],<!-- [et_pb_line_break_holder] -->  },<!-- [et_pb_line_break_holder] -->];<!-- [et_pb_line_break_holder] --><\/script>[\/et_pb_code][\/et_pb_column][\/et_pb_row][\/et_pb_section][et_pb_section fb_built=&#8221;1&#8243; custom_padding_last_edited=&#8221;on|phone&#8221; disabled_on=&#8221;off|off|off&#8221; admin_label=&#8221;Text links &#8211; Video rechts&#8221; module_class=&#8221;interim-lineheight-container&#8221; _builder_version=&#8221;4.27.6&#8243; _module_preset=&#8221;default&#8221; background_color=&#8221;#FFFFFF&#8221; custom_padding=&#8221;32px||32px||false|false&#8221; custom_padding_tablet=&#8221;&#8221; custom_padding_phone=&#8221;0px|1rem|0px|1rem|false|false&#8221; locked=&#8221;off&#8221; global_colors_info=&#8221;{}&#8221;][et_pb_row column_structure=&#8221;3_5,2_5&#8243; disabled_on=&#8221;off|off|off&#8221; module_class=&#8221;interim-custom-50-50&#8243; _builder_version=&#8221;4.27.6&#8243; _module_preset=&#8221;default&#8221; width_tablet=&#8221;100%&#8221; width_phone=&#8221;100%&#8221; width_last_edited=&#8221;on|tablet&#8221; custom_margin=&#8221;|auto||auto|false|false&#8221; custom_margin_tablet=&#8221;0px|||0px|false|false&#8221; custom_margin_phone=&#8221;0px|||0px|false|false&#8221; custom_margin_last_edited=&#8221;on|tablet&#8221; custom_padding=&#8221;|1rem||1rem|false|false&#8221; global_colors_info=&#8221;{}&#8221;][et_pb_column type=&#8221;3_5&#8243; module_class=&#8221;col-left-interim col-custom-60&#8243; _builder_version=&#8221;4.27.6&#8243; _module_preset=&#8221;default&#8221; global_colors_info=&#8221;{}&#8221;][et_pb_text module_class=&#8221;interim-textblock&#8221; _builder_version=&#8221;4.27.6&#8243; _module_preset=&#8221;default&#8221; header_2_font=&#8221;Roboto|500|||||||&#8221; header_2_font_size=&#8221;50px&#8221; header_2_line_height=&#8221;1.2em&#8221; header_3_font=&#8221;&#8211;et_global_body_font|300|||||||&#8221; header_3_font_size=&#8221;24px&#8221; width=&#8221;100%&#8221; width_tablet=&#8221;100%&#8221; width_phone=&#8221;100%&#8221; width_last_edited=&#8221;on|tablet&#8221; global_colors_info=&#8221;{}&#8221;]<\/p>\n<h2>rubyni<sup>\u00ae<\/sup> Curcuma Plus da fonti naturali<\/h2>\n<p>Per il nostro rubyni Curcuma Plus usiamo due ingredienti vegetali noti nella tradizione ayurvedica: le nostre capsule vegane contengono estratti di zenzero e curcuma.<\/p>\n<p>Il rizoma di colore giallo-arancio intenso della pianta di curcuma \u00e8 noto anche come \u201cradice gialla\u201d \u2013 deve il suo colore alla curcumina che contiene. Lo zenzero \u00e8 apprezzato, tra l\u2019altro, per le sue sostanze piccanti. Grazie alla nostra pratica forma in capsule, di solito non si avvertono quando le prendi.<sup>1,2,3<\/sup>    <\/p>\n<ul>\n<li><strong>Curcuma e zenzero: due piante con una lunga tradizione nell\u2019Ayurveda<\/strong><\/li>\n<li><strong>Una capsula contiene 79 mg di curcuminoidi, di cui 66 mg di curcumina<\/strong><\/li>\n<li><strong>Una capsula ti fornisce 16 mg di principi attivi dello zenzero: gingeroli e shogaoli<\/strong><\/li>\n<li><strong>Abbinato a prezzemolo verde locale <\/strong><\/li>\n<li><strong>Vegano, senza lattosio e senza glutine<\/strong><\/li>\n<li><strong>Senza conservanti aggiunti<\/strong><\/li>\n<\/ul>\n<p>[\/et_pb_text][\/et_pb_column][et_pb_column type=&#8221;2_5&#8243; module_class=&#8221;col-right-interim&#8221; disabled_on=&#8221;on|on|off&#8221; _builder_version=&#8221;4.27.5&#8243; _module_preset=&#8221;default&#8221; global_colors_info=&#8221;{}&#8221;][et_pb_video src_webm=&#8221;https:\/\/rubyni.com\/wp-content\/uploads\/2026\/04\/1-Curcuma_PLUS_Clip_Curcumapulver_Webseite_1920-x-1080.webm&#8221; module_class=&#8221;video-rechts autoplay-video&#8221; _builder_version=&#8221;4.27.6&#8243; _module_preset=&#8221;default&#8221; global_colors_info=&#8221;{}&#8221;][\/et_pb_video][\/et_pb_column][\/et_pb_row][\/et_pb_section][et_pb_section fb_built=&#8221;1&#8243; custom_padding_last_edited=&#8221;on|phone&#8221; admin_label=&#8221;Bild links &#8211; Text rechts&#8221; module_class=&#8221;interim-lineheight-container&#8221; _builder_version=&#8221;4.27.6&#8243; _module_preset=&#8221;default&#8221; custom_margin_tablet=&#8221;&#8221; custom_margin_phone=&#8221;&#8221; custom_margin_last_edited=&#8221;on|phone&#8221; custom_padding=&#8221;32px||32px||false|false&#8221; custom_padding_tablet=&#8221;0px||||false|false&#8221; custom_padding_phone=&#8221;0px|1rem|0px|1rem|false|false&#8221; locked=&#8221;off&#8221; global_colors_info=&#8221;{}&#8221;][et_pb_row column_structure=&#8221;2_5,3_5&#8243; disabled_on=&#8221;off|off|off&#8221; module_class=&#8221;interim-custom-50-50&#8243; _builder_version=&#8221;4.27.6&#8243; _module_preset=&#8221;default&#8221; width_tablet=&#8221;100%&#8221; width_phone=&#8221;100%&#8221; width_last_edited=&#8221;on|tablet&#8221; module_alignment=&#8221;center&#8221; custom_margin=&#8221;|0px||auto|false|false&#8221; custom_margin_tablet=&#8221;0px|||0px|false|false&#8221; custom_margin_phone=&#8221;0px|||0px|false|false&#8221; custom_margin_last_edited=&#8221;on|desktop&#8221; custom_padding=&#8221;|1rem||1rem|false|false&#8221; global_colors_info=&#8221;{}&#8221;][et_pb_column type=&#8221;2_5&#8243; module_class=&#8221;col-left-interim&#8221; disabled_on=&#8221;on|on|off&#8221; _builder_version=&#8221;4.27.6&#8243; _module_preset=&#8221;default&#8221; positioning=&#8221;none&#8221; custom_padding=&#8221;|0px||0px|false|false&#8221; global_colors_info=&#8221;{}&#8221;][et_pb_image src=&#8221;https:\/\/rubyni.com\/wp-content\/uploads\/2026\/04\/rubyni-curcuma-plus-ingwerwurzel-geschnitten-scheiben.webp&#8221; alt=&#8221;Bulbo di zenzero fresco con buccia marrone chiaro e leggermente rugosa, accanto a diverse fette tagliate con interno giallastro e succoso su uno sfondo neutro.&#8221; title_text=&#8221;Immagine che illustra gli ingredienti del prodotto.&#8221; disabled_on=&#8221;on|off|off&#8221; module_class=&#8221;interim-bild&#8221; _builder_version=&#8221;4.27.6&#8243; _module_preset=&#8221;default&#8221; width=&#8221;100%&#8221; module_alignment=&#8221;left&#8221; custom_margin=&#8221;|0px|||false|false&#8221; custom_padding=&#8221;||||false|false&#8221; global_colors_info=&#8221;{}&#8221;][\/et_pb_image][\/et_pb_column][et_pb_column type=&#8221;3_5&#8243; module_class=&#8221;col-right-interim col-custom-60&#8243; _builder_version=&#8221;4.27.5&#8243; _module_preset=&#8221;default&#8221; global_colors_info=&#8221;{}&#8221;][et_pb_text module_class=&#8221;interim-textblock&#8221; _builder_version=&#8221;4.27.6&#8243; _module_preset=&#8221;default&#8221; header_2_font=&#8221;Roboto|500|||||||&#8221; header_2_font_size=&#8221;50px&#8221; header_2_line_height=&#8221;1.2em&#8221; header_3_font=&#8221;&#8211;et_global_body_font|300|||||||&#8221; header_3_font_size=&#8221;24px&#8221; width=&#8221;100%&#8221; width_tablet=&#8221;100%&#8221; width_phone=&#8221;100%&#8221; width_last_edited=&#8221;on|tablet&#8221; custom_padding_phone=&#8221;||||false|false&#8221; custom_padding_last_edited=&#8221;off|phone&#8221; global_colors_info=&#8221;{}&#8221;]<\/p>\n<h2>Curcumina, gingeroli e compagnia bella: ecco quanto sono versatili i composti fitochimici<\/h2>\n<p>Un\u2019alimentazione equilibrata ti fornisce diverse sostanze. Tra queste ci sono <\/p>\n<ul>\n<li>Macronutrienti: proteine, grassi e carboidrati<\/li>\n<li>Micronutrienti: vitamine, minerali e oligoelementi<\/li>\n<li>Sostanze vegetali secondarie, come ad esempio<sup>i polifenoli4,5<\/sup><\/li>\n<\/ul>\n<p>Il gruppo dei metaboliti secondari comprende ben oltre 100.000 sostanze presenti in vari alimenti. Per le piante svolgono diverse funzioni: alcune servono a proteggerle dagli influssi ambientali, altre conferiscono loro il colore, il profumo o il sapore.<sup>5,6<\/sup> <\/p>\n<p>Tra questi c&#8217;\u00e8 la curcumina, un polifenolo e il principale pigmento giallo del rizoma della curcuma. Anche i gingeroli e gli shogaoli fanno parte dei composti fitochimici. Sono proprio loro a dare quel sapore piccante al rizoma dello zenzero.<sup>2,3,7<\/sup>  <\/p>\n<p>[\/et_pb_text][\/et_pb_column][\/et_pb_row][\/et_pb_section][et_pb_section fb_built=&#8221;1&#8243; custom_padding_last_edited=&#8221;on|phone&#8221; disabled_on=&#8221;off|off|off&#8221; admin_label=&#8221;Text links &#8211; Bild rechts&#8221; module_class=&#8221;interim-lineheight-container&#8221; _builder_version=&#8221;4.27.6&#8243; _module_preset=&#8221;default&#8221; background_color=&#8221;#FFFFFF&#8221; custom_padding=&#8221;32px||32px||false|false&#8221; custom_padding_tablet=&#8221;&#8221; custom_padding_phone=&#8221;0px|1rem|0px|1rem|false|false&#8221; locked=&#8221;off&#8221; global_colors_info=&#8221;{}&#8221;][et_pb_row column_structure=&#8221;3_5,2_5&#8243; disabled_on=&#8221;off|off|off&#8221; module_class=&#8221;interim-custom-50-50&#8243; _builder_version=&#8221;4.27.6&#8243; _module_preset=&#8221;default&#8221; width_tablet=&#8221;100%&#8221; width_phone=&#8221;100%&#8221; width_last_edited=&#8221;on|tablet&#8221; custom_margin=&#8221;|auto||auto|false|false&#8221; custom_margin_tablet=&#8221;0px|||0px|false|false&#8221; custom_margin_phone=&#8221;0px|||0px|false|false&#8221; custom_margin_last_edited=&#8221;on|tablet&#8221; custom_padding=&#8221;|1rem||1rem|false|false&#8221; global_colors_info=&#8221;{}&#8221;][et_pb_column type=&#8221;3_5&#8243; module_class=&#8221;col-left-interim col-custom-60&#8243; _builder_version=&#8221;4.27.6&#8243; _module_preset=&#8221;default&#8221; global_colors_info=&#8221;{}&#8221;][et_pb_text module_class=&#8221;interim-textblock&#8221; _builder_version=&#8221;4.27.6&#8243; _module_preset=&#8221;default&#8221; header_2_font=&#8221;Roboto|500|||||||&#8221; header_2_font_size=&#8221;50px&#8221; header_2_line_height=&#8221;1.2em&#8221; header_3_font=&#8221;&#8211;et_global_body_font|300|||||||&#8221; header_3_font_size=&#8221;24px&#8221; width=&#8221;100%&#8221; width_tablet=&#8221;100%&#8221; width_phone=&#8221;100%&#8221; width_last_edited=&#8221;on|tablet&#8221; global_colors_info=&#8221;{}&#8221;]<\/p>\n<h2>rubyni<sup>\u00ae<\/sup> Curcuma Plus \u2013 ecco cosa c&#8217;\u00e8 nelle nostre capsule<\/h2>\n<p>Il nostro integratore alimentare rubyni Curcuma Plus contiene, per capsula, 176 mg di un estratto a spettro completo di radice di curcuma, di cui 79 mg di curcuminoidi. In totale ci sono 66 mg di curcumina. <\/p>\n<p>Oltre alla curcuma, ogni capsula contiene 60 mg di estratto di radice di zenzero, con 16 mg di principi attivi naturali dello zenzero (gingeroli e shogaoli).<\/p>\n<p><strong>Nota: gli<\/strong> integratori alimentari non devono essere utilizzati come sostituti di una dieta equilibrata e varia o per sostituire uno stile di vita sano.<\/p>\n<p>&nbsp;<\/p>\n<h3>Curcumina: \u00e8 tutta una questione di quantit\u00e0\u2026 e di peso corporeo<\/h3>\n<p>3 mg di curcumina per chilogrammo (kg) di peso corporeo (KG) al giorno: questa \u00e8 la quantit\u00e0 indicata dall\u2019Autorit\u00e0 europea per la sicurezza alimentare (EFSA) come cosiddetta dose giornaliera accettabile (Acceptable Daily Intake, in breve ADI). Anche l\u2019Istituto federale tedesco per la valutazione dei rischi (BfR) fa riferimento a questo valore: secondo la sua valutazione, l\u2019assunzione totale di curcumina non dovrebbe superare, a lungo termine, i 3 mg\/kg di peso corporeo al giorno. In questo calcolo vengono considerate tutte le fonti di assunzione, come ad esempio spezie, integratori alimentari e additivi.<sup>8<\/sup>  <\/p>\n<p>[\/et_pb_text][\/et_pb_column][et_pb_column type=&#8221;2_5&#8243; module_class=&#8221;col-right-interim&#8221; disabled_on=&#8221;on|on|off&#8221; _builder_version=&#8221;4.27.5&#8243; _module_preset=&#8221;default&#8221; global_colors_info=&#8221;{}&#8221;][et_pb_image src=&#8221;https:\/\/rubyni.com\/wp-content\/uploads\/2026\/04\/rubyni-curcuma-plus-ingwerpulver-holzschale.webp&#8221; alt=&#8221;Macina finemente lo zenzero in polvere in una ciotola di legno rotonda, circondata da radici di zenzero fresco e da singole fette di zenzero su una superficie di legno.&#8221; title_text=&#8221;Immagine che illustra gli ingredienti del prodotto.&#8221; align=&#8221;right&#8221; disabled_on=&#8221;on|off|off&#8221; module_class=&#8221;interim-bild&#8221; _builder_version=&#8221;4.27.6&#8243; _module_preset=&#8221;default&#8221; width=&#8221;100%&#8221; module_alignment=&#8221;right&#8221; global_colors_info=&#8221;{}&#8221;][\/et_pb_image][\/et_pb_column][\/et_pb_row][\/et_pb_section][et_pb_section fb_built=&#8221;1&#8243; custom_padding_last_edited=&#8221;on|phone&#8221; admin_label=&#8221;Bild links &#8211; Text rechts&#8221; module_class=&#8221;interim-lineheight-container&#8221; _builder_version=&#8221;4.27.6&#8243; _module_preset=&#8221;default&#8221; custom_margin_tablet=&#8221;&#8221; custom_margin_phone=&#8221;&#8221; custom_margin_last_edited=&#8221;on|phone&#8221; custom_padding=&#8221;32px||32px||false|false&#8221; custom_padding_tablet=&#8221;0px||||false|false&#8221; custom_padding_phone=&#8221;0px|1rem|0px|1rem|false|false&#8221; locked=&#8221;off&#8221; global_colors_info=&#8221;{}&#8221;][et_pb_row column_structure=&#8221;2_5,3_5&#8243; disabled_on=&#8221;off|off|off&#8221; module_class=&#8221;interim-custom-50-50&#8243; _builder_version=&#8221;4.27.6&#8243; _module_preset=&#8221;default&#8221; width_tablet=&#8221;100%&#8221; width_phone=&#8221;100%&#8221; width_last_edited=&#8221;on|tablet&#8221; module_alignment=&#8221;center&#8221; custom_margin=&#8221;|0px||auto|false|false&#8221; custom_margin_tablet=&#8221;0px|||0px|false|false&#8221; custom_margin_phone=&#8221;0px|||0px|false|false&#8221; custom_margin_last_edited=&#8221;on|desktop&#8221; custom_padding=&#8221;|1rem||1rem|false|false&#8221; global_colors_info=&#8221;{}&#8221;][et_pb_column type=&#8221;2_5&#8243; module_class=&#8221;col-left-interim&#8221; disabled_on=&#8221;on|on|off&#8221; _builder_version=&#8221;4.27.6&#8243; _module_preset=&#8221;default&#8221; positioning=&#8221;none&#8221; custom_padding=&#8221;|0px||0px|false|false&#8221; global_colors_info=&#8221;{}&#8221;][et_pb_image src=&#8221;https:\/\/rubyni.com\/wp-content\/uploads\/2026\/04\/rubyni-curcuma-pulver-schale-hochwertige-extrakte.webp&#8221; alt=&#8221;Polvere di curcuma giallo brillante in una ciotola di metallo, circondata da tuberi di curcuma freschi, polvere sparsa e foglie verdi su una superficie scura.&#8221; title_text=&#8221;Immagine che illustra gli ingredienti del prodotto.&#8221; disabled_on=&#8221;on|off|off&#8221; module_class=&#8221;interim-bild&#8221; _builder_version=&#8221;4.27.6&#8243; _module_preset=&#8221;default&#8221; width=&#8221;100%&#8221; module_alignment=&#8221;left&#8221; custom_margin=&#8221;|0px|||false|false&#8221; custom_padding=&#8221;||||false|false&#8221; global_colors_info=&#8221;{}&#8221;][\/et_pb_image][\/et_pb_column][et_pb_column type=&#8221;3_5&#8243; module_class=&#8221;col-right-interim col-custom-60&#8243; _builder_version=&#8221;4.27.5&#8243; _module_preset=&#8221;default&#8221; global_colors_info=&#8221;{}&#8221;][et_pb_text module_class=&#8221;interim-textblock&#8221; _builder_version=&#8221;4.27.6&#8243; _module_preset=&#8221;default&#8221; header_2_font=&#8221;Roboto|500|||||||&#8221; header_2_font_size=&#8221;50px&#8221; header_2_line_height=&#8221;1.2em&#8221; header_3_font=&#8221;&#8211;et_global_body_font|300|||||||&#8221; header_3_font_size=&#8221;24px&#8221; width=&#8221;100%&#8221; width_tablet=&#8221;100%&#8221; width_phone=&#8221;100%&#8221; width_last_edited=&#8221;on|tablet&#8221; custom_padding_phone=&#8221;||||false|false&#8221; custom_padding_last_edited=&#8221;off|phone&#8221; global_colors_info=&#8221;{}&#8221;]<\/p>\n<h2>rubyni<sup>\u00ae<\/sup> Curcuma Plus in breve<\/h2>\n<p>rubyni Curcuma Plus \u00e8 un integratore alimentare composto da tre ingredienti vegetali:<\/p>\n<ul>\n<li>La <strong>curcuma<\/strong> (<em>Curcuma longa<\/em>) utilizzata per il nostro estratto di alta qualit\u00e0 proviene dall\u2019India. La sua radice viene lavorata con cura. <strong>Nell\u2019estratto di curcuma<\/strong> ottenuto, i principi attivi sono presenti in combinazione con altri componenti vegetali. Combina sia i componenti idrosolubili che quelli liposolubili della radice di curcuma.<br \/>Tra questi ci sono i curcuminoidi, i caratteristici pigmenti gialli della curcuma. Il loro rappresentante pi\u00f9 importante \u00e8 la <strong><sup>curcumina9<\/sup><\/strong>.    <\/li>\n<li>Anche <strong>il<\/strong> nostro <strong>zenzero<\/strong> (<em>Zingiber<\/em><em>officinale<\/em>) proviene dall&#8217;India e viene lavorato con cura<\/li>\n<li>La <strong>polvere di foglie di prezzemolo<\/strong> proviene da coltivazioni biologiche tedesche e viene ricavata dal <strong>prezzemolo<\/strong> (<em>Petroselinum crispum<\/em>) appena raccolto. Le foglie vengono lavate con cura, private dei gambi ed essiccate delicatamente con aria calda per preservarne il colore naturale. Il risultato \u00e8 una polvere di alta qualit\u00e0, di un verde intenso, che garantisce una materia prima lavorata in modo responsabile.  <\/li>\n<\/ul>\n<p>Rispetto alle materie prime naturali, i nostri estratti presentano due caratteristiche:<\/p>\n<ul>\n<li>Sono sempre della stessa qualit\u00e0 e standardizzati in base a livelli prestabiliti di determinati ingredienti.<\/li>\n<li>Inoltre, le capsule ti permettono di assumere i principi attivi piccanti dello zenzero senza che entrino direttamente in contatto con la mucosa orale quando le inghiotti.<\/li>\n<\/ul>\n<p>[\/et_pb_text][\/et_pb_column][\/et_pb_row][\/et_pb_section][et_pb_section fb_built=&#8221;1&#8243; custom_padding_last_edited=&#8221;on|phone&#8221; disabled_on=&#8221;off|off|off&#8221; admin_label=&#8221;Text links &#8211; Bild rechts&#8221; module_class=&#8221;interim-lineheight-container&#8221; _builder_version=&#8221;4.27.6&#8243; _module_preset=&#8221;default&#8221; background_color=&#8221;#FFFFFF&#8221; custom_padding=&#8221;32px||32px||false|false&#8221; custom_padding_tablet=&#8221;&#8221; custom_padding_phone=&#8221;0px|1rem|0px|1rem|false|false&#8221; locked=&#8221;off&#8221; global_colors_info=&#8221;{}&#8221;][et_pb_row column_structure=&#8221;3_5,2_5&#8243; disabled_on=&#8221;off|off|off&#8221; module_class=&#8221;interim-custom-50-50&#8243; _builder_version=&#8221;4.27.6&#8243; _module_preset=&#8221;default&#8221; width_tablet=&#8221;100%&#8221; width_phone=&#8221;100%&#8221; width_last_edited=&#8221;on|tablet&#8221; custom_margin=&#8221;|auto||auto|false|false&#8221; custom_margin_tablet=&#8221;0px|||0px|false|false&#8221; custom_margin_phone=&#8221;0px|||0px|false|false&#8221; custom_margin_last_edited=&#8221;on|tablet&#8221; custom_padding=&#8221;|1rem||1rem|false|false&#8221; global_colors_info=&#8221;{}&#8221;][et_pb_column type=&#8221;3_5&#8243; module_class=&#8221;col-left-interim col-custom-60&#8243; _builder_version=&#8221;4.27.6&#8243; _module_preset=&#8221;default&#8221; global_colors_info=&#8221;{}&#8221;][et_pb_text module_class=&#8221;interim-textblock&#8221; _builder_version=&#8221;4.27.6&#8243; _module_preset=&#8221;default&#8221; header_2_font=&#8221;Roboto|500|||||||&#8221; header_2_font_size=&#8221;50px&#8221; header_2_line_height=&#8221;1.2em&#8221; header_3_font=&#8221;&#8211;et_global_body_font|300|||||||&#8221; header_3_font_size=&#8221;24px&#8221; width=&#8221;100%&#8221; width_tablet=&#8221;100%&#8221; width_phone=&#8221;100%&#8221; width_last_edited=&#8221;on|tablet&#8221; global_colors_info=&#8221;{}&#8221;]<\/p>\n<h2>Zenzero: noto per il suo sapore piccante<\/h2>\n<p>Anche lo zenzero (<em>Zingiber<\/em><em>officinale<\/em>) \u00e8 \u2013 com\u2019era prevedibile \u2013 una pianta della famiglia delle Zingiberacee. Il suo rizoma viene usato da tempo nella cucina dell\u2019Estremo Oriente. Ma anche in Europa centrale il rizoma \u00e8 conosciuto fin dal Medioevo.<sup>12<\/sup>  <\/p>\n<p>Il gusto piccante e speziato \u00e8 dovuto a due sostanze piccanti:<sup>13,14<\/sup><sup><\/sup><\/p>\n<ul>\n<li>Gingerolo: \u00e8 contenuto principalmente nello zenzero fresco; si converte in shogaolo quando viene riscaldato o essiccato.<\/li>\n<li>Shogaol: dal rizoma essiccato; \u00e8 ancora pi\u00f9 piccante del gingerol<\/li>\n<\/ul>\n<p>Per\u00f2: quando prendi Rubyni Curcuma Plus, di solito non senti il caratteristico sapore piccante dello zenzero, grazie alla forma in capsule.<\/p>\n<h3>Curcuma e zenzero: il duo proveniente da terre lontane<\/h3>\n<p>In Estremo Oriente, la curcuma e lo zenzero vantano una lunga tradizione e sono noti, ad esempio, nell\u2019Ayurveda. Entrambe le piante vengono utilizzate da secoli come spezie e sono parte integrante di molte ricette tradizionali. Queste due piante della famiglia dello zenzero sono particolarmente apprezzate in India, il paese di origine delle nostre materie prime.  <\/p>\n<p>[\/et_pb_text][\/et_pb_column][et_pb_column type=&#8221;2_5&#8243; module_class=&#8221;col-right-interim&#8221; disabled_on=&#8221;on|on|off&#8221; _builder_version=&#8221;4.27.5&#8243; _module_preset=&#8221;default&#8221; global_colors_info=&#8221;{}&#8221;][et_pb_image src=&#8221;https:\/\/rubyni.com\/wp-content\/uploads\/2026\/04\/rubyni-curcuma-plus-ingwerknolle-frisch.webp&#8221; alt=&#8221;Immagine del prodotto %22rubyni\u00ae Omega 3 algae oil lemon DHA + EPA%22: bottiglia di vetro marrone con tappo a vite nero ed etichetta nera su sfondo chiaro. L&#8217;etichetta riporta il nome del prodotto, %22da fonte naturale%22, %22integratore alimentare%22 e la dicitura %22vegano%22. &#8221; title_text=&#8221;rubyni-curcuma-plus-turmeric-fresh&#8221; align=&#8221;right&#8221; disabled_on=&#8221;on|off|off&#8221; module_class=&#8221;interim-bild&#8221; _builder_version=&#8221;4.27.6&#8243; _module_preset=&#8221;default&#8221; width=&#8221;100%&#8221; module_alignment=&#8221;right&#8221; global_colors_info=&#8221;{}&#8221;][\/et_pb_image][\/et_pb_column][\/et_pb_row][\/et_pb_section][et_pb_section fb_built=&#8221;1&#8243; custom_padding_last_edited=&#8221;on|phone&#8221; admin_label=&#8221;Bild links &#8211; Text rechts&#8221; module_class=&#8221;interim-lineheight-container&#8221; _builder_version=&#8221;4.27.6&#8243; _module_preset=&#8221;default&#8221; custom_margin_tablet=&#8221;&#8221; custom_margin_phone=&#8221;&#8221; custom_margin_last_edited=&#8221;on|phone&#8221; custom_padding=&#8221;32px||32px||false|false&#8221; custom_padding_tablet=&#8221;0px||||false|false&#8221; custom_padding_phone=&#8221;0px|1rem|0px|1rem|false|false&#8221; locked=&#8221;off&#8221; global_colors_info=&#8221;{}&#8221;][et_pb_row column_structure=&#8221;2_5,3_5&#8243; disabled_on=&#8221;off|off|off&#8221; module_class=&#8221;interim-custom-50-50&#8243; _builder_version=&#8221;4.27.6&#8243; _module_preset=&#8221;default&#8221; width_tablet=&#8221;100%&#8221; width_phone=&#8221;100%&#8221; width_last_edited=&#8221;on|tablet&#8221; module_alignment=&#8221;center&#8221; custom_margin=&#8221;|0px||auto|false|false&#8221; custom_margin_tablet=&#8221;0px|||0px|false|false&#8221; custom_margin_phone=&#8221;0px|||0px|false|false&#8221; custom_margin_last_edited=&#8221;on|desktop&#8221; custom_padding=&#8221;|1rem||1rem|false|false&#8221; global_colors_info=&#8221;{}&#8221;][et_pb_column type=&#8221;2_5&#8243; module_class=&#8221;col-left-interim&#8221; disabled_on=&#8221;on|on|off&#8221; _builder_version=&#8221;4.27.6&#8243; _module_preset=&#8221;default&#8221; positioning=&#8221;none&#8221; custom_padding=&#8221;|0px||0px|false|false&#8221; global_colors_info=&#8221;{}&#8221;][et_pb_image src=&#8221;https:\/\/rubyni.com\/wp-content\/uploads\/2026\/04\/rubyni-curcuma-plus-curcuma-knolle-frisch.webp&#8221; alt=&#8221;Tuberi freschi di curcuma con buccia marrone; un tubero tagliato mostra l&#8217;interno di colore arancione intenso.&#8221; title_text=&#8221;Immagine che illustra gli ingredienti del prodotto.&#8221; disabled_on=&#8221;on|off|off&#8221; module_class=&#8221;interim-bild&#8221; _builder_version=&#8221;4.27.6&#8243; _module_preset=&#8221;default&#8221; width=&#8221;100%&#8221; module_alignment=&#8221;left&#8221; custom_margin=&#8221;|0px|||false|false&#8221; custom_padding=&#8221;||||false|false&#8221; global_colors_info=&#8221;{}&#8221;][\/et_pb_image][\/et_pb_column][et_pb_column type=&#8221;3_5&#8243; module_class=&#8221;col-right-interim col-custom-60&#8243; _builder_version=&#8221;4.27.5&#8243; _module_preset=&#8221;default&#8221; global_colors_info=&#8221;{}&#8221;][et_pb_text module_class=&#8221;interim-textblock&#8221; _builder_version=&#8221;4.27.6&#8243; _module_preset=&#8221;default&#8221; header_2_font=&#8221;Roboto|500|||||||&#8221; header_2_font_size=&#8221;50px&#8221; header_2_line_height=&#8221;1.2em&#8221; header_3_font=&#8221;&#8211;et_global_body_font|300|||||||&#8221; header_3_font_size=&#8221;24px&#8221; width=&#8221;100%&#8221; width_tablet=&#8221;100%&#8221; width_phone=&#8221;100%&#8221; width_last_edited=&#8221;on|tablet&#8221; custom_padding_phone=&#8221;||||false|false&#8221; custom_padding_last_edited=&#8221;off|phone&#8221; global_colors_info=&#8221;{}&#8221;]<\/p>\n<h3>Buono a sapersi:<\/h3>\n<h2>Curcuma: questa spezia dal colore giallo dorato \u00e8 davvero versatile<\/h2>\n<p>La curcuma (<em>Curcuma longa<\/em>) appartiene alla famiglia delle Zingiberacee. Il suo rizoma assomiglia a quello dello zenzero, ma \u00e8 pi\u00f9 piccolo e di un colore arancione intenso. Quando usi la curcuma fresca in cucina, macchia tantissimo: mani, coltelli, taglieri e piano di lavoro finiscono per diventare anch\u2019essi giallo-arancio \u2013 per questo \u00e8 meglio indossare dei guanti mentre la lavori.  <\/p>\n<p>Una volta essiccata e macinata, la polvere assume un intenso colore giallo dorato. A determinarlo \u00e8 la curcumina, la sostanza che conferisce anche a molte miscele di curry la tipica colorazione gialla. La curcumina costituisce la maggior parte dei curcuminoidi, che appartengono al gruppo dei polifenoli. Inoltre, questa spezia ha un sapore leggermente piccante e una nota leggermente amara.<sup>2,10,11<\/sup>[\/et_pb_text][\/et_pb_column][\/et_pb_row][\/et_pb_section][et_pb_section fb_built=&#8221;1&#8243; custom_padding_last_edited=&#8221;on|phone&#8221; _builder_version=&#8221;4.27.4&#8243; _module_preset=&#8221;default&#8221; custom_margin=&#8221;||0px||false|false&#8221; custom_padding=&#8221;0px||20px||false|false&#8221; custom_padding_tablet=&#8221;||20px||false|false&#8221; custom_padding_phone=&#8221;20px||0px||false|false&#8221; locked=&#8221;off&#8221; global_colors_info=&#8221;{}&#8221;][et_pb_row custom_padding_last_edited=&#8221;on|tablet&#8221; _builder_version=&#8221;4.27.3&#8243; _module_preset=&#8221;default&#8221; width_tablet=&#8221;100%&#8221; width_phone=&#8221;100%&#8221; width_last_edited=&#8221;on|tablet&#8221; custom_padding_tablet=&#8221;|1rem||1rem|false|false&#8221; custom_padding_phone=&#8221;|1rem||1rem|false|false&#8221; global_colors_info=&#8221;{}&#8221;][et_pb_column type=&#8221;4_4&#8243; _builder_version=&#8221;4.27.2&#8243; _module_preset=&#8221;default&#8221; global_colors_info=&#8221;{}&#8221;][et_pb_text module_class=&#8221;h2-gross&#8221; _builder_version=&#8221;4.27.6&#8243; _module_preset=&#8221;default&#8221; header_2_font=&#8221;Roboto|500|||||||&#8221; header_2_font_size=&#8221;50px&#8221; header_3_font=&#8221;&#8211;et_global_heading_font||||||||&#8221; header_3_font_size=&#8221;24px&#8221; width=&#8221;80%&#8221; width_tablet=&#8221;100%&#8221; width_phone=&#8221;100%&#8221; width_last_edited=&#8221;on|tablet&#8221; module_alignment=&#8221;left&#8221; text_orientation_tablet=&#8221;center&#8221; text_orientation_phone=&#8221;left&#8221; text_orientation_last_edited=&#8221;on|phone&#8221; global_colors_info=&#8221;{}&#8221;]<\/p>\n<h2>Questi marchi sono presenti in rubyni<sup>\u00ae<\/sup> Curcuma Plus<\/h2>\n<p>Per i nostri prodotti utilizziamo materie prime di alta qualit\u00e0, puramente vegetali e di marca naturale:<\/p>\n<p>[\/et_pb_text][\/et_pb_column][\/et_pb_row][et_pb_row column_structure=&#8221;1_3,2_3&#8243; make_equal=&#8221;on&#8221; _builder_version=&#8221;4.25.0&#8243; _module_preset=&#8221;default&#8221; positioning=&#8221;none&#8221; min_height=&#8221;13rem&#8221; custom_padding=&#8221;|1rem||1rem|false|false&#8221; global_colors_info=&#8221;{}&#8221;][et_pb_column type=&#8221;1_3&#8243; _builder_version=&#8221;4.21.0&#8243; _module_preset=&#8221;default&#8221; global_colors_info=&#8221;{}&#8221;][et_pb_image src=&#8221;https:\/\/rubyni.com\/wp-content\/uploads\/2026\/03\/Logo_Cureit-scaled.png&#8221; alt=&#8221;Logo CurrantCraft\u00ae &#8211; marchio verbale rosso&#8221; title_text=&#8221;Logo_Cureit&#8221; _builder_version=&#8221;4.27.6&#8243; _module_preset=&#8221;default&#8221; positioning=&#8221;absolute&#8221; position_origin_a=&#8221;center_left&#8221; position_origin_a_tablet=&#8221;center_left&#8221; position_origin_a_phone=&#8221;center_left&#8221; position_origin_a_last_edited=&#8221;on|desktop&#8221; position_origin_f_tablet=&#8221;&#8221; position_origin_f_phone=&#8221;&#8221; position_origin_f_last_edited=&#8221;on|desktop&#8221; position_origin_r_tablet=&#8221;&#8221; position_origin_r_phone=&#8221;&#8221; position_origin_r_last_edited=&#8221;on|desktop&#8221; width=&#8221;56%&#8221; positioning_tablet=&#8221;relative&#8221; positioning_phone=&#8221;relative&#8221; positioning_last_edited=&#8221;on|tablet&#8221; global_colors_info=&#8221;{}&#8221;][\/et_pb_image][\/et_pb_column][et_pb_column type=&#8221;2_3&#8243; _builder_version=&#8221;4.21.0&#8243; _module_preset=&#8221;default&#8221; global_colors_info=&#8221;{}&#8221;][et_pb_text _builder_version=&#8221;4.27.6&#8243; _module_preset=&#8221;default&#8221; positioning=&#8221;absolute&#8221; position_origin_a=&#8221;center_right&#8221; position_origin_a_tablet=&#8221;center_right&#8221; position_origin_a_phone=&#8221;center_right&#8221; position_origin_a_last_edited=&#8221;on|desktop&#8221; position_origin_f_tablet=&#8221;&#8221; position_origin_f_phone=&#8221;&#8221; position_origin_f_last_edited=&#8221;on|desktop&#8221; position_origin_r_tablet=&#8221;&#8221; position_origin_r_phone=&#8221;&#8221; position_origin_r_last_edited=&#8221;on|desktop&#8221; width=&#8221;100%&#8221; custom_padding=&#8221;||0px|||&#8221; positioning_tablet=&#8221;relative&#8221; positioning_phone=&#8221;relative&#8221; positioning_last_edited=&#8221;on|tablet&#8221; global_colors_info=&#8221;{}&#8221;]<\/p>\n<p><strong><sup>Cureit\u00ae<\/sup><\/strong> \u00e8 un estratto di curcuma a spettro completo che combina componenti polari e non polari della radice di curcuma &#8211; tra cui curcuminoidi, oli essenziali, proteine e fibre &#8211; per riflettere la matrice naturale della curcuma. Questa matrice naturale svolge un ruolo fondamentale nel migliorare la biodisponibilit\u00e0 dei curcuminoidi.<br \/><sup>Cureit\u00ae<\/sup> \u00e8 un marchio di Aurea Biolabs. <\/p>\n<p>[\/et_pb_text][\/et_pb_column][\/et_pb_row][et_pb_row column_structure=&#8221;1_3,2_3&#8243; make_equal=&#8221;on&#8221; _builder_version=&#8221;4.25.0&#8243; _module_preset=&#8221;default&#8221; positioning=&#8221;none&#8221; min_height=&#8221;13rem&#8221; custom_padding=&#8221;|1rem||1rem|false|false&#8221; global_colors_info=&#8221;{}&#8221;][et_pb_column type=&#8221;1_3&#8243; _builder_version=&#8221;4.21.0&#8243; _module_preset=&#8221;default&#8221; global_colors_info=&#8221;{}&#8221;][et_pb_image src=&#8221;https:\/\/rubyni.com\/wp-content\/uploads\/2026\/04\/Logo_Ginfort.png&#8221; alt=&#8221;Logo Cognivia\u00ae &#8211; marchio verbale viola-arancio con una goccia stilizzata e due foglie sulla i&#8221; title_text=&#8221;Logo_Ginfort&#8221; _builder_version=&#8221;4.27.6&#8243; _module_preset=&#8221;default&#8221; positioning=&#8221;absolute&#8221; position_origin_a=&#8221;center_left&#8221; position_origin_a_tablet=&#8221;center_left&#8221; position_origin_a_phone=&#8221;center_left&#8221; position_origin_a_last_edited=&#8221;on|desktop&#8221; position_origin_f_tablet=&#8221;&#8221; position_origin_f_phone=&#8221;&#8221; position_origin_f_last_edited=&#8221;on|desktop&#8221; position_origin_r_tablet=&#8221;&#8221; position_origin_r_phone=&#8221;&#8221; position_origin_r_last_edited=&#8221;on|desktop&#8221; width=&#8221;47%&#8221; min_height=&#8221;100px&#8221; height=&#8221;100px&#8221; custom_margin_tablet=&#8221;||||false|false&#8221; custom_margin_last_edited=&#8221;off|tablet&#8221; positioning_tablet=&#8221;relative&#8221; positioning_phone=&#8221;relative&#8221; positioning_last_edited=&#8221;on|tablet&#8221; global_colors_info=&#8221;{}&#8221;][\/et_pb_image][\/et_pb_column][et_pb_column type=&#8221;2_3&#8243; _builder_version=&#8221;4.21.0&#8243; _module_preset=&#8221;default&#8221; global_colors_info=&#8221;{}&#8221;][et_pb_text _builder_version=&#8221;4.27.6&#8243; _module_preset=&#8221;default&#8221; positioning=&#8221;absolute&#8221; position_origin_a=&#8221;center_right&#8221; position_origin_a_tablet=&#8221;center_right&#8221; position_origin_a_phone=&#8221;center_right&#8221; position_origin_a_last_edited=&#8221;on|desktop&#8221; position_origin_f_tablet=&#8221;&#8221; position_origin_f_phone=&#8221;&#8221; position_origin_f_last_edited=&#8221;on|desktop&#8221; position_origin_r_tablet=&#8221;&#8221; position_origin_r_phone=&#8221;&#8221; position_origin_r_last_edited=&#8221;on|desktop&#8221; width=&#8221;100%&#8221; custom_padding=&#8221;||0px|||&#8221; positioning_tablet=&#8221;relative&#8221; positioning_phone=&#8221;relative&#8221; positioning_last_edited=&#8221;on|tablet&#8221; global_colors_info=&#8221;{}&#8221;]<\/p>\n<p><strong><sup>Ginfort\u00ae<\/sup> <\/strong>\u00e8 caratterizzato da una formulazione ottimizzata, studiata per fornire i componenti naturali dello zenzero in una forma prontamente disponibile. Si basa su una formulazione innovativa con tecnologia brevettata <sup>Aqueosome\u00ae<\/sup>, che trasporta gli ingredienti in modo mirato. Si tratta di un processo brevettato basato su una fase di estrazione e lavorazione supportata da CO\u2082 che migliora la solubilit\u00e0 e il rilascio controllato delle oleoresine lipofile dello zenzero.<br \/><sup>Ginfort\u00ae<\/sup> proviene da fonti sostenibili e viene lavorato delicatamente. \u00c8 quindi sinonimo di un preparato di zenzero di alta qualit\u00e0 che soddisfa i moderni standard di qualit\u00e0 e di produzione.   <\/p>\n<p>[\/et_pb_text][\/et_pb_column][\/et_pb_row][\/et_pb_section][et_pb_section fb_built=&#8221;1&#8243; custom_padding_last_edited=&#8221;on|tablet&#8221; admin_label=&#8221;FAQs&#8221; module_class=&#8221;overflow-hidden faq-container&#8221; _builder_version=&#8221;4.27.6&#8243; _module_preset=&#8221;default&#8221; custom_padding_tablet=&#8221;|1rem||1rem|false|false&#8221; custom_padding_phone=&#8221;20px||0px||false|false&#8221; global_colors_info=&#8221;{}&#8221;][et_pb_row module_class=&#8221;hfinger-producttext-wrapper faq-wrapper&#8221; _builder_version=&#8221;4.27.6&#8243; _module_preset=&#8221;default&#8221; width_tablet=&#8221;100%&#8221; width_phone=&#8221;100%&#8221; width_last_edited=&#8221;on|tablet&#8221; max_width=&#8221;2560px&#8221; custom_padding=&#8221;|0px||0px|false|false&#8221; locked=&#8221;off&#8221; global_colors_info=&#8221;{}&#8221;][et_pb_column type=&#8221;4_4&#8243; module_class=&#8221;faq-wrapper-col&#8221; _builder_version=&#8221;4.27.6&#8243; _module_preset=&#8221;default&#8221; global_colors_info=&#8221;{}&#8221;][et_pb_text module_class=&#8221;faq-text&#8221; _builder_version=&#8221;4.27.6&#8243; _module_preset=&#8221;default&#8221; custom_padding=&#8221;|0px||0px|false|false&#8221; global_colors_info=&#8221;{}&#8221;]<\/p>\n<h3>Domande frequenti \/FAQ<\/h3>\n<h3>1. Cosa rende rubyni Curcuma Plus cos\u00ec speciale?<\/h3>\n<p>rubyni Curcuma Plus unisce due ingredienti ben noti provenienti dall\u2019Estremo Oriente: un estratto a spettro completo di curcuma (<em>Curcuma<\/em><em> longa<\/em>) proveniente dall\u2019India, che fornisce il pigmento naturale curcumina, e un estratto di zenzero (<em>Zingiber<\/em><em>officinale<\/em>). L\u2019estratto naturale altamente concentrato dal rizoma di zenzero contiene sostanze fitochimiche come i gingeroli e gli shogaoli \u2013 due composti caratteristici dello zenzero che gli conferiscono il suo sapore piccante. La forma in capsule permette di assumere queste sostanze senza sentire il loro sapore piccante in bocca.  <\/p>\n<h3>2 Quanta curcumina posso assumere al giorno?<\/h3>\n<p>L&#8217;Autorit\u00e0 europea per la sicurezza alimentare (EFSA) indica per la curcumina una cosiddetta dose giornaliera accettabile (Acceptable Daily Intake, in breve ADI): \u00e8 pari a 3 mg di curcumina per chilogrammo (kg) di peso corporeo (KG) al giorno.<br \/>\nL&#8217;Istituto federale per la valutazione dei rischi (BfR) giunge a una conclusione simile: a lungo termine, l&#8217;assunzione totale di curcumina non dovrebbe superare i 3 mg\/kg di peso corporeo al giorno (comprese tutte le fonti alimentari, come spezie, integratori alimentari e additivi).<sup>8<\/sup><\/p>\n<h3>3. Quante capsule di rubyni Curcuma Plus dovrei prendere ogni giorno?<\/h3>\n<p>Per gli adulti in buona salute, la dose consigliata \u00e8 di una capsula al giorno di rubyni Curcuma Plus, da assumere con acqua a sufficienza e senza masticarla \u2013 preferibilmente durante un pasto. Il pasto dovrebbe contenere anche grassi sani, poich\u00e9 la curcumina \u00e8 liposolubile. I 176 mg di estratto di radice ti forniscono 79 mg di curcuminoidi, di cui 66 mg di curcumina. Inoltre, assumi contemporaneamente 60 mg di estratto di radice di zenzero, che apporta 16 mg dei due principi attivi piccanti: i gingeroli e gli shogaoli.   <\/p>\n<h3>4. Rubyni Curcuma Plus \u00e8 vegano, senza lattosio e senza glutine?<\/h3>\n<p>S\u00ec, rubyni Curcuma Plus \u00e8 composto al 100% da ingredienti vegani racchiusi in un involucro vegetale (a base di idrossipropilmetilcellulosa): L\u2019estratto dal rizoma della curcuma (<em>Curcuma longa<\/em>) ti fornisce i cosiddetti curcuminoidi, in particolare la curcumina. Nell\u2019estratto di zenzero (<em>Zingiber<\/em><em>officinale<\/em>) ci sono i composti piccanti gingeroli e shogaoli. La formula \u00e8 completata dalla polvere di foglie di prezzemolo proveniente da coltivazioni biologiche tedesche. Tutti gli ingredienti sono inoltre privi di lattosio e glutine.[\/et_pb_text][\/et_pb_column][\/et_pb_row][\/et_pb_section][et_pb_section fb_built=&#8221;1&#8243; custom_padding_last_edited=&#8221;on|phone&#8221; admin_label=&#8221;Quellen&#8221; module_class=&#8221;quellen-container&#8221; _builder_version=&#8221;4.27.6&#8243; _module_preset=&#8221;default&#8221; custom_margin=&#8221;||0px||false|false&#8221; custom_padding=&#8221;0px||20px||false|false&#8221; custom_padding_tablet=&#8221;||20px||false|false&#8221; custom_padding_phone=&#8221;20px||0px||false|false&#8221; global_colors_info=&#8221;{}&#8221;][et_pb_row custom_padding_last_edited=&#8221;on|tablet&#8221; module_class=&#8221;quellen-wrapper&#8221; _builder_version=&#8221;4.27.6&#8243; _module_preset=&#8221;default&#8221; width_tablet=&#8221;100%&#8221; width_phone=&#8221;100%&#8221; width_last_edited=&#8221;on|desktop&#8221; max_width=&#8221;2560px&#8221; custom_padding_tablet=&#8221;|1rem||1rem|false|false&#8221; custom_padding_phone=&#8221;|1rem||1rem|false|false&#8221; global_colors_info=&#8221;{}&#8221;][et_pb_column type=&#8221;4_4&#8243; module_class=&#8221;quellen-wrapper-col&#8221; _builder_version=&#8221;4.27.6&#8243; _module_preset=&#8221;default&#8221; global_colors_info=&#8221;{}&#8221;][et_pb_accordion module_class=&#8221;quellen-akkordeon&#8221; _builder_version=&#8221;4.27.6&#8243; _module_preset=&#8221;default&#8221; global_colors_info=&#8221;{}&#8221;][et_pb_accordion_item title=&#8221;Riferimenti:&#8221; open=&#8221;on&#8221; _builder_version=&#8221;4.27.6&#8243; _module_preset=&#8221;default&#8221; global_colors_info=&#8221;{}&#8221;]<\/p>\n<p><sup>1<\/sup> Ayurveda. Rivista per una vita pi\u00f9 sana. Zenzero e curcuma: molto pi\u00f9 che semplici alimenti salutari. <a href=\"https:\/\/www.ayurveda-journal.de\/ingwer-und-kurkuma\/\">https:\/\/www.ayurveda-journal.de\/ingwer-und-kurkuma\/<\/a>, consultato l&#8217;ultima volta il 15\/07\/2026  <\/p>\n<p><sup>2 Norddeutscher <\/sup>Rundfunk. Curcuma: spezia dal colore giallo tipica della cucina asiatica. <\/p>\n<p>Aggiornato al 26\/07\/2024. <a href=\"https:\/\/www.ndr.de\/ratgeber\/kochen\/warenkunde\/Kurkuma-Gelb-faerbendes-Gewuerz-aus-der-asiatischen-Kueche,kurkuma102.html\">https:\/\/www.ndr.de\/ratgeber\/kochen\/warenkunde\/Kurkuma-Gelb-faerbendes-Gewuerz-aus-der-asiatischen-Kueche,kurkuma102.html<\/a>, consultato l&#8217;ultima volta il 15\/07\/2026<\/p>\n<p><sup>3<\/sup> Ufficio regionale della Bassa Sassonia per la tutela dei consumatori e la sicurezza alimentare. Lo zenzero \u2013 eletto pianta medicinale dell\u2019anno 2026. <a href=\"https:\/\/www.laves.niedersachsen.de\/startseite\/lebensmittel\/lebensmittelgruppen\/obst_gemuse\/ingwer-zur-arzneipflanze-des-jahres-2026-gekurt-193957.html\">https:\/\/www.laves.niedersachsen.de\/startseite\/lebensmittel\/lebensmittelgruppen\/obst_gemuse\/ingwer-zur-arzneipflanze-des-jahres-2026-gekurt-193957.html<\/a>, consultato l\u2019ultima volta il 15\/07\/2026 <\/p>\n<p><sup>4<\/sup> AOK. Cosa sono i macronutrienti e i micronutrienti? Aggiornato al 13\/12\/2024. <a href=\"https:\/\/www.aok.de\/pk\/magazin\/ernaehrung\/gesunde-ernaehrung\/makronaehrstoffe-und-mikronaehrstoffe-warum-sie-wertvoll-sind\/\">https:\/\/www.aok.de\/pk\/magazin\/ernaehrung\/gesunde-ernaehrung\/makronaehrstoffe-und-mikronaehrstoffe-warum-sie-wertvoll-sind\/<\/a>, consultato l\u2019ultima volta il 15\/07\/2026  <\/p>\n<p><sup>5<\/sup> Societ\u00e0 tedesca per l&#8217;alimentazione. Sostanze vegetali secondarie e i loro effetti sulla salute. Aggiornato a dicembre 2014. <a href=\"https:\/\/www.dge.de\/wissenschaft\/fachinformationen\/sekundaere-pflanzenstoffe-und-die-gesundheit\/\">https:\/\/www.dge.de\/wissenschaft\/fachinformationen\/sekundaere-pflanzenstoffe-und-die-gesundheit\/<\/a>, consultato l&#8217;ultima volta il 15\/07\/2026  <\/p>\n<p><sup>6 Istituto federale per la valutazione dei rischi. Sostanze vegetali secondarie. <a href=\"https:\/\/www.bfr.bund.de\/lebensmittelsicherheit\/bewertung-der-stofflichen-risiken-von-lebensmitteln\/bewertung-von-lebensmittelinhaltsstoffen\/bewertung-anderer-stoffe-in-lebensmitteln\/sekundaere-pflanzenstoffe\/\">https:\/\/www.bfr.bund.de\/lebensmittelsicherheit\/bewertung-der-stofflichen-risiken-von-lebensmitteln\/bewertung-von-lebensmittelinhaltsstoffen\/bewertung-anderer-stoffe-in-lebensmitteln\/sekundaere-pflanzenstoffe\/<\/a>, consultato l&#8217;ultima volta il 15\/07\/2026 <\/sup><\/p>\n<p><a href=\"https:\/\/www.ndr.de\/ratgeber\/gesundheit\/Ingwer-Welche-gesunde-Wirkung-hat-die-Heilpflanze-,ingwer238.html\"><\/a><sup>7<\/sup> VerbraucherFenster Hessen. Ministero dell\u2019Agricoltura e dell\u2019Ambiente, della Viticoltura, delle Foreste, della Caccia e del Patrimonio culturale dell\u2019Assia (HMLU). Zenzero: perch\u00e9 questo tubero piccante \u00e8 cos\u00ec salutare e versatile. Aggiornato a marzo 2026. <a href=\"https:\/\/verbraucherfenster.hessen.de\/ernaehrung\/essen-trinken\/ingwer-warum-die-scharfe-knolle-so-gesund-und-vielseitig-ist\">https:\/\/verbraucherfenster.hessen.de\/ernaehrung\/essen-trinken\/ingwer-warum-die-scharfe-knolle-so-gesund-und-vielseitig-ist<\/a>, consultato l\u2019ultima volta il 15\/07\/2026   <\/p>\n<p><sup>8<\/sup> Istituto federale per la valutazione dei rischi. La curcumina negli integratori alimentari: la dose giornaliera accettabile per la salute potrebbe essere superata. Parere n. 040\/2021 del BfR del 14 dicembre 2021. <a href=\"https:\/\/www.bfr.bund.de\/cm\/343\/curcumin-in-nahrungsergaenzungsmitteln-gesundheitlich-akzeptable-taegliche-aufnahmemenge-kann-ueberschritten-werden.pdf\">https:\/\/www.bfr.bund.de\/cm\/343\/curcumin-in-nahrungsergaenzungsmitteln-gesundheitlich-akzeptable-taegliche-aufnahmemenge-kann-ueberschritten-werden.pdf<\/a>, consultato l\u2019ultima volta il 15\/07\/2026 <\/p>\n<p><sup>9<\/sup> Linee guida Onkopedia. Curcumina. Aggiornato a maggio 2022. <a href=\"https:\/\/www.onkopedia.com\/de\/onkopedia\/guidelines\/kurkumin\/@@guideline\/html\/index.html\">https:\/\/www.onkopedia.com\/de\/onkopedia\/guidelines\/kurkumin\/@@guideline\/html\/index.html<\/a>, consultato l&#8217;ultima volta il 15\/07\/2026  <\/p>\n<p><sup>10 ARD alpha. Quali sono gli effetti della curcuma e della curcumina. Aggiornato al 14\/02\/2024. <a href=\"https:\/\/www.ardalpha.de\/wissen\/gesundheit\/ernaehrung\/kurkuma-curcumin-wirkung-pulver-pflanze-gesund-gewuerz-superfood-goldene-milch-110.html\">https:\/\/www.ardalpha.de\/wissen\/gesundheit\/ernaehrung\/kurkuma-curcumin-wirkung-pulver-pflanze-gesund-gewuerz-superfood-goldene-milch-110.html<\/a>, consultato l&#8217;ultima volta il 15\/07\/2026  <\/sup><\/p>\n<p><sup>11 DocMedicus. Curcuminoidi. Aggiornato al 18\/09\/2024. <a href=\"https:\/\/www.vitalstoff-lexikon.de\/Sekundaere-Pflanzenstoffe\/Curcuminoide\/Curcuminoide\">https:\/\/www.vitalstoff-lexikon.de\/Sekundaere-Pflanzenstoffe\/Curcuminoide\/Curcuminoide<\/a>, consultato l&#8217;ultima volta il 15\/07\/2026  <\/sup><\/p>\n<p><sup>12 Apotheken Umschau. Lo zenzero fa bene alla salute, ma non \u00e8 adatto a tutti. Aggiornato al 07\/01\/2026. <a href=\"https:\/\/www.apotheken-umschau.de\/gesund-bleiben\/ernaehrung\/ingwer-gesund-und-vielseitig-713089.html\">https:\/\/www.apotheken-umschau.de\/gesund-bleiben\/ernaehrung\/ingwer-gesund-und-vielseitig-713089.html<\/a>, consultato l&#8217;ultima volta il 15\/07\/2026  <\/sup><\/p>\n<p><sup>13 Utopia.de. Gingerolo: effetti e come usarlo. Aggiornato al 01\/04\/2025. <a href=\"https:\/\/utopia.de\/ratgeber\/gingerol-wirkung-und-wie-du-es-nutzen-kannst_212187\/\">https:\/\/utopia.de\/ratgeber\/gingerol-wirkung-und-wie-du-es-nutzen-kannst_212187\/<\/a>, consultato l\u2019ultima volta il 15\/07\/2026  <\/sup><\/p>\n<p><sup>14 Norddeutscher Rundfunk. Zenzero: quali sono i benefici per la salute di questa pianta medicinale? Aggiornato al 30\/05\/2024. <a href=\"https:\/\/www.ndr.de\/ratgeber\/gesundheit\/Ingwer-Welche-gesunde-Wirkung-hat-die-Heilpflanze-,ingwer238.html\">https:\/\/www.ndr.de\/ratgeber\/gesundheit\/Ingwer-Welche-gesunde-Wirkung-hat-die-Heilpflanze-,ingwer238.html<\/a>, consultato l\u2019ultima volta il 15\/07\/2026  <\/sup><\/p>\n<p>[\/et_pb_accordion_item][\/et_pb_accordion][\/et_pb_column][\/et_pb_row][\/et_pb_section][et_pb_section fb_built=&#8221;1&#8243; custom_padding_last_edited=&#8221;on|phone&#8221; disabled_on=&#8221;off|off|off&#8221; module_class=&#8221;kundenrezensionen-header&#8221; _builder_version=&#8221;4.27.4&#8243; _module_preset=&#8221;default&#8221; custom_margin=&#8221;0px||||false|false&#8221; custom_margin_tablet=&#8221;0px||||false|false&#8221; custom_margin_phone=&#8221;0px||0px||false|false&#8221; custom_margin_last_edited=&#8221;on|phone&#8221; custom_padding=&#8221;||0px||false|false&#8221; custom_padding_tablet=&#8221;||0px||false|false&#8221; custom_padding_phone=&#8221;0px||0px||false|false&#8221; global_module=&#8221;374&#8243; saved_tabs=&#8221;all&#8221; locked=&#8221;off&#8221; global_colors_info=&#8221;{}&#8221;][et_pb_row custom_padding_last_edited=&#8221;on|desktop&#8221; _builder_version=&#8221;4.21.0&#8243; _module_preset=&#8221;default&#8221; width_tablet=&#8221;100%&#8221; width_phone=&#8221;&#8221; width_last_edited=&#8221;on|tablet&#8221; custom_margin=&#8221;||||false|false&#8221; custom_padding=&#8221;||||false|false&#8221; custom_padding_tablet=&#8221;|1rem||1rem|false|false&#8221; custom_padding_phone=&#8221;&#8221; global_colors_info=&#8221;{}&#8221;][et_pb_column type=&#8221;4_4&#8243; _builder_version=&#8221;4.20.0&#8243; _module_preset=&#8221;default&#8221; global_colors_info=&#8221;{}&#8221;][et_pb_text content_tablet=&#8221;<\/p>\n<h2 style=%22text-align: left;%22>Loro sono convinti del valore di rubyni<sup>\u00ae<\/sup><\/h2>\n<p style=%22text-align: left;%22>Es freut uns, dass bereits sehr viele Kunden, Sportler und Fachleute von rubyni<sup>\u00ae<\/sup> begeistert sind.<\/p>\n<p>&#8221; content_last_edited=&#8221;off|desktop&#8221; module_class=&#8221;kundenrezension-top&#8221; _builder_version=&#8221;4.27.6&#8243; _module_preset=&#8221;default&#8221; text_font=&#8221;roboto 300||||||||&#8221; header_2_font=&#8221;roboto 300||||||||&#8221; global_colors_info=&#8221;{}&#8221; custom_css_main_element_last_edited=&#8221;on|tablet&#8221;]<\/p>\n<h2>Convinti da rubyni<sup>\u00ae<\/sup><\/h2>\n<h3>ESPERIENZE CHE ISPIRANO FIDUCIA<\/h3>\n<p>[\/et_pb_text][\/et_pb_column][\/et_pb_row][\/et_pb_section][et_pb_section fb_built=&#8221;1&#8243; custom_padding_last_edited=&#8221;on|tablet&#8221; disabled_on=&#8221;off|off|off&#8221; module_class=&#8221;referenzen-container&#8221; _builder_version=&#8221;4.27.6&#8243; _module_preset=&#8221;default&#8221; width=&#8221;80%&#8221; width_tablet=&#8221;90%&#8221; width_phone=&#8221;70%&#8221; width_last_edited=&#8221;on|phone&#8221; max_width=&#8221;1920px&#8221; module_alignment=&#8221;center&#8221; custom_margin=&#8221;0px|0px||0px|false|false&#8221; custom_padding=&#8221;0px||20px||false|false&#8221; custom_padding_tablet=&#8221;0px|1rem||1rem|false|false&#8221; custom_padding_phone=&#8221;30px|1rem||1rem|false|false&#8221; global_module=&#8221;373&#8243; saved_tabs=&#8221;all&#8221; locked=&#8221;off&#8221; global_colors_info=&#8221;{}&#8221;][et_pb_row custom_padding_last_edited=&#8221;off|desktop&#8221; module_class=&#8221;kundenrezension-wrapper&#8221; _builder_version=&#8221;4.27.6&#8243; _module_preset=&#8221;default&#8221; positioning=&#8221;none&#8221; width=&#8221;100%&#8221; max_width=&#8221;100vw&#8221; custom_padding=&#8221;0px||0px||false|false&#8221; custom_padding_phone=&#8221;|0rem||0rem|false|false&#8221; global_colors_info=&#8221;{}&#8221;][et_pb_column type=&#8221;4_4&#8243; module_class=&#8221;referenzen-wrapper-col&#8221; _builder_version=&#8221;4.27.6&#8243; _module_preset=&#8221;default&#8221; positioning=&#8221;none&#8221; global_colors_info=&#8221;{}&#8221;][et_pb_image src=&#8221;https:\/\/rubyni.com\/wp-content\/uploads\/2023\/06\/Tobi_Haas-1.webp&#8221; alt=&#8221;Tobias Angerer&#8221; title_text=&#8221;Tobias Angerer&#8221; align_tablet=&#8221;center&#8221; align_phone=&#8221;center&#8221; align_last_edited=&#8221;off|desktop&#8221; _builder_version=&#8221;4.27.6&#8243; _module_preset=&#8221;default&#8221; custom_margin=&#8221;||||false|false&#8221; custom_padding=&#8221;||||false|false&#8221; global_colors_info=&#8221;{}&#8221;][\/et_pb_image][et_pb_text content_tablet=&#8221;<\/p>\n<p>Tobias Angerer<\/p>\n<h5>Sciatore di fondo<\/h5>\n<p>&#8221; content_phone=&#8221;<\/p>\n<p>Tobias Angerer<\/p>\n<h5>Sciatore di fondo<\/h5>\n<p>&#8221; content_last_edited=&#8221;on|desktop&#8221; module_class=&#8221;kundenrezension-name&#8221; _builder_version=&#8221;4.27.6&#8243; _module_preset=&#8221;default&#8221; header_5_text_align=&#8221;left&#8221; vertical_offset=&#8221;70%&#8221; horizontal_offset=&#8221;30%&#8221; horizontal_offset_tablet=&#8221;30%&#8221; horizontal_offset_phone=&#8221;0%&#8221; horizontal_offset_last_edited=&#8221;on|desktop&#8221; position_origin_a_last_edited=&#8221;off|desktop&#8221; position_origin_f_last_edited=&#8221;off|desktop&#8221; position_origin_r_phone=&#8221;top_left&#8221; position_origin_r_last_edited=&#8221;off|desktop&#8221; width=&#8221;100%&#8221; positioning_tablet=&#8221;relative&#8221; positioning_phone=&#8221;relative&#8221; positioning_last_edited=&#8221;off|desktop&#8221; text_orientation_last_edited=&#8221;off|desktop&#8221; global_colors_info=&#8221;{}&#8221; positioning__hover_enabled=&#8221;off|hover&#8221; position_origin_a__hover_enabled=&#8221;off|hover&#8221; position_origin_f__hover_enabled=&#8221;off|hover&#8221; position_origin_r__hover_enabled=&#8221;off|hover&#8221; custom_css_main_element_last_edited=&#8221;on|phone&#8221; custom_css_main_element_phone=&#8221;text-align: center !important;&#8221; custom_css_after_last_edited=&#8221;off|desktop&#8221; positioning__hover=&#8221;absolute&#8221;]<\/p>\n<p>Tobias Angerer<\/p>\n<h5>Sciatore di fondo<\/h5>\n<p>[\/et_pb_text][et_pb_text content_phone=&#8221;<\/p>\n<h4 style=%22text-align: center;%22>Come ex atleta professionista e persona attenta alla salute, le mie prestazioni fisiche e il mio benessere sono estremamente importanti per me. Ecco perch\u00e9 assumo rubyni\u00ae con sambuco, ormai parte della mia routine quotidiana. Sono convinto degli effetti positivi delle bacche di sambuco sul mio sistema immunitario, sul mio bilancio energetico e sulla mia forma fisica, soprattutto durante la rigenerazione dopo periodi di stress.  <\/h4>\n<p>&#8221; content_last_edited=&#8221;off|desktop&#8221; module_class=&#8221;kundenrezension-text&#8221; _builder_version=&#8221;4.27.6&#8243; _module_preset=&#8221;default&#8221; text_font=&#8221;|300|||||||&#8221; width=&#8221;100%&#8221; global_colors_info=&#8221;{}&#8221;]<\/p>\n<h4>Come ex atleta professionista e persona attenta alla salute, le mie prestazioni fisiche e il mio benessere sono estremamente importanti per me. Ecco perch\u00e9 assumo rubyni<sup>\u00ae<\/sup> con sambuco, ormai parte della mia routine quotidiana. Sono convinto degli effetti positivi delle bacche di sambuco sul mio sistema immunitario, sui miei livelli di energia e sulla mia forma fisica, soprattutto durante la rigenerazione dopo periodi di sforzo.  <\/h4>\n<p>[\/et_pb_text][\/et_pb_column][\/et_pb_row][et_pb_row custom_padding_last_edited=&#8221;off|desktop&#8221; module_class=&#8221;kundenrezension-wrapper&#8221; _builder_version=&#8221;4.27.6&#8243; _module_preset=&#8221;default&#8221; positioning=&#8221;none&#8221; width=&#8221;100%&#8221; max_width=&#8221;100vw&#8221; custom_padding=&#8221;0px||0px||false|false&#8221; custom_padding_phone=&#8221;|0rem||0rem|false|false&#8221; global_colors_info=&#8221;{}&#8221;][et_pb_column type=&#8221;4_4&#8243; module_class=&#8221;referenzen-wrapper-col&#8221; _builder_version=&#8221;4.27.6&#8243; _module_preset=&#8221;default&#8221; positioning=&#8221;none&#8221; global_colors_info=&#8221;{}&#8221;][et_pb_image src=&#8221;https:\/\/rubyni.com\/wp-content\/uploads\/2023\/06\/Andrea-Sokol-1.webp&#8221; alt=&#8221;Andrea Sokol&#8221; title_text=&#8221;Andrea Sokol&#8221; align_tablet=&#8221;center&#8221; align_phone=&#8221;center&#8221; align_last_edited=&#8221;off|desktop&#8221; _builder_version=&#8221;4.27.6&#8243; _module_preset=&#8221;default&#8221; global_colors_info=&#8221;{}&#8221;][\/et_pb_image][et_pb_text content_phone=&#8221;<\/p>\n<p style=%22text-align: center;%22>Tobias Angerer<\/p>\n<h6 style=%22text-align: center;%22>Sciatore di fondo<\/h6>\n<p>&#8221; content_last_edited=&#8221;off|desktop&#8221; module_class=&#8221;kundenrezension-name&#8221; _builder_version=&#8221;4.27.6&#8243; _module_preset=&#8221;default&#8221; vertical_offset=&#8221;70%&#8221; horizontal_offset=&#8221;30%&#8221; horizontal_offset_tablet=&#8221;30%&#8221; horizontal_offset_phone=&#8221;0%&#8221; horizontal_offset_last_edited=&#8221;on|desktop&#8221; position_origin_a_last_edited=&#8221;off|desktop&#8221; position_origin_f_last_edited=&#8221;off|desktop&#8221; position_origin_r_phone=&#8221;top_left&#8221; position_origin_r_last_edited=&#8221;off|desktop&#8221; width=&#8221;100%&#8221; positioning_tablet=&#8221;relative&#8221; positioning_phone=&#8221;relative&#8221; positioning_last_edited=&#8221;off|desktop&#8221; global_colors_info=&#8221;{}&#8221; positioning__hover_enabled=&#8221;off|desktop&#8221; position_origin_a__hover_enabled=&#8221;off|desktop&#8221; position_origin_f__hover_enabled=&#8221;off|desktop&#8221; position_origin_r__hover_enabled=&#8221;off|desktop&#8221; custom_css_main_element_last_edited=&#8221;on|phone&#8221; custom_css_main_element_phone=&#8221;text-align: center !important;&#8221; custom_css_after_last_edited=&#8221;off|desktop&#8221; positioning__hover=&#8221;absolute&#8221;]<\/p>\n<p>Andrea Sokol<\/p>\n<h5>Fitoterapeuta | Consulente di nutrizione e salute<\/h5>\n<p>[\/et_pb_text][et_pb_text content_phone=&#8221;<\/p>\n<p style=%22text-align: center;%22><em>Il tuo contenuto va qui. Puoi modificare o rimuovere questo testo in linea o nelle impostazioni del modulo Contenuto. Inoltre, puoi personalizzare ogni aspetto di questo contenuto nelle impostazioni del modulo Design e persino applicare un CSS personalizzato a questo testo nelle impostazioni del modulo Avanzate.  <\/em><\/p>\n<p>&#8221; content_last_edited=&#8221;off|desktop&#8221; module_class=&#8221;kundenrezension-text&#8221; _builder_version=&#8221;4.27.6&#8243; _module_preset=&#8221;default&#8221; text_font=&#8221;|300|||||||&#8221; width=&#8221;100%&#8221; global_colors_info=&#8221;{}&#8221;]<\/p>\n<h4>Lavoro come consulente per la nutrizione e la salute e sono una fitoterapeuta qualificata. Trasparenza, sostenibilit\u00e0 e qualit\u00e0 sono molto importanti per me. E devo dire che rubyni<sup>\u00ae<\/sup> mi ha completamente conquistata come marchio. Le capsule contengono solo ingredienti naturali di altissima qualit\u00e0, la cui efficacia \u00e8 stata dimostrata da studi e che forniscono all&#8217;organismo importanti nutrienti. Ho pubblicato diversi video sul mio percorso personale con rubyni<g id=\"gid_1\">\u00ae<\/g> sul mio canale YouTube Ohlala &amp; Solala. L\u00ec ti racconto ancora di pi\u00f9 cosa rende questo integratore alimentare cos\u00ec speciale dal mio punto di vista.     <\/h4>\n<p>[\/et_pb_text][\/et_pb_column][\/et_pb_row][et_pb_row custom_padding_last_edited=&#8221;off|desktop&#8221; module_class=&#8221;kundenrezension-wrapper&#8221; _builder_version=&#8221;4.27.6&#8243; _module_preset=&#8221;default&#8221; positioning=&#8221;none&#8221; width=&#8221;100%&#8221; max_width=&#8221;100vw&#8221; custom_padding=&#8221;0px||0px||false|false&#8221; custom_padding_phone=&#8221;|0rem||0rem|false|false&#8221; global_colors_info=&#8221;{}&#8221;][et_pb_column type=&#8221;4_4&#8243; module_class=&#8221;referenzen-wrapper-col&#8221; _builder_version=&#8221;4.27.6&#8243; _module_preset=&#8221;default&#8221; positioning=&#8221;none&#8221; global_colors_info=&#8221;{}&#8221;][et_pb_image src=&#8221;https:\/\/rubyni.com\/wp-content\/uploads\/2023\/06\/hanna_kebinger-1.webp&#8221; alt=&#8221;Hanna Kebinger&#8221; title_text=&#8221;Hanna Kebinger&#8221; align_tablet=&#8221;center&#8221; align_phone=&#8221;center&#8221; align_last_edited=&#8221;off|desktop&#8221; module_class=&#8221;kunden-img&#8221; _builder_version=&#8221;4.27.6&#8243; _module_preset=&#8221;default&#8221; global_colors_info=&#8221;{}&#8221;][\/et_pb_image][et_pb_text content_phone=&#8221;<\/p>\n<p style=%22text-align: center;%22>Tobias Angerer<\/p>\n<h6 style=%22text-align: center;%22>Sciatore di fondo<\/h6>\n<p>&#8221; content_last_edited=&#8221;off|desktop&#8221; module_class=&#8221;kundenrezension-name&#8221; _builder_version=&#8221;4.27.6&#8243; _module_preset=&#8221;default&#8221; vertical_offset=&#8221;70%&#8221; horizontal_offset=&#8221;30%&#8221; horizontal_offset_tablet=&#8221;30%&#8221; horizontal_offset_phone=&#8221;0%&#8221; horizontal_offset_last_edited=&#8221;on|desktop&#8221; position_origin_a_last_edited=&#8221;off|desktop&#8221; position_origin_f_last_edited=&#8221;off|desktop&#8221; position_origin_r_phone=&#8221;top_left&#8221; position_origin_r_last_edited=&#8221;off|desktop&#8221; width=&#8221;100%&#8221; positioning_tablet=&#8221;relative&#8221; positioning_phone=&#8221;relative&#8221; positioning_last_edited=&#8221;off|desktop&#8221; global_colors_info=&#8221;{}&#8221; positioning__hover_enabled=&#8221;off|desktop&#8221; position_origin_a__hover_enabled=&#8221;off|desktop&#8221; position_origin_f__hover_enabled=&#8221;off|desktop&#8221; position_origin_r__hover_enabled=&#8221;off|desktop&#8221; custom_css_main_element_last_edited=&#8221;on|phone&#8221; custom_css_main_element_phone=&#8221;text-align: center !important;&#8221; custom_css_after_last_edited=&#8221;off|desktop&#8221; positioning__hover=&#8221;absolute&#8221;]<\/p>\n<p>Hanna Kebinger<\/p>\n<h5>Biatleta<\/h5>\n<p>[\/et_pb_text][et_pb_text content_phone=&#8221;<\/p>\n<p style=%22text-align: center;%22><em>Il tuo contenuto va qui. Puoi modificare o rimuovere questo testo in linea o nelle impostazioni del modulo Contenuto. Inoltre, puoi personalizzare ogni aspetto di questo contenuto nelle impostazioni del modulo Design e persino applicare un CSS personalizzato a questo testo nelle impostazioni del modulo Avanzate.  <\/em><\/p>\n<p>&#8221; content_last_edited=&#8221;off|desktop&#8221; module_class=&#8221;kundenrezension-text&#8221; _builder_version=&#8221;4.27.6&#8243; _module_preset=&#8221;default&#8221; text_font=&#8221;|300|||||||&#8221; width=&#8221;100%&#8221; global_colors_info=&#8221;{}&#8221;]<\/p>\n<h4>Come biatleta, devo essere in forma e in grado di esibirmi in qualsiasi momento. In passato ho avuto molti problemi in questo senso. Il mio corpo si \u00e8 ripetutamente indebolito e ho dovuto sopportare molti problemi. Quando ho cercato una soluzione per sostenere il mio sistema immunitario a lungo termine, il mio naturopata mi ha fatto conoscere le bacche di sambuco come superfood, tra le altre cose. Ora assumo rubyni<sup>\u00ae<\/sup> con bacche di sambuco ogni giorno. Le capsule sono utilissime anche quando sono in viaggio durante la Coppa del Mondo. Rubyni<sup>\u00ae<\/sup> \u00e8 un valido aiuto per me durante le fasi di stress della competizione e il mio sistema immunitario \u00e8 finalmente tornato in forma.      <\/h4>\n<p>[\/et_pb_text][\/et_pb_column][\/et_pb_row][et_pb_row custom_padding_last_edited=&#8221;off|desktop&#8221; module_class=&#8221;kundenrezension-wrapper&#8221; _builder_version=&#8221;4.27.6&#8243; _module_preset=&#8221;default&#8221; positioning=&#8221;none&#8221; width=&#8221;100%&#8221; max_width=&#8221;100vw&#8221; custom_padding=&#8221;0px||0px||false|false&#8221; custom_padding_phone=&#8221;|0rem||0rem|false|false&#8221; global_colors_info=&#8221;{}&#8221;][et_pb_column type=&#8221;4_4&#8243; module_class=&#8221;referenzen-wrapper-col&#8221; _builder_version=&#8221;4.27.6&#8243; _module_preset=&#8221;default&#8221; positioning=&#8221;none&#8221; global_colors_info=&#8221;{}&#8221;][et_pb_image src=&#8221;https:\/\/rubyni.com\/wp-content\/uploads\/2023\/06\/michaela-doell.webp&#8221; alt=&#8221;Prof Dr Michaela Doell&#8221; title_text=&#8221;Prof Dr Michaela Doell&#8221; align_tablet=&#8221;center&#8221; align_phone=&#8221;center&#8221; align_last_edited=&#8221;off|desktop&#8221; module_class=&#8221;kunden-img&#8221; _builder_version=&#8221;4.27.6&#8243; _module_preset=&#8221;default&#8221; global_colors_info=&#8221;{}&#8221;][\/et_pb_image][et_pb_text content_phone=&#8221;<\/p>\n<p style=%22text-align: center;%22>Tobias Angerer<\/p>\n<h6 style=%22text-align: center;%22>Sciatore di fondo<\/h6>\n<p>&#8221; content_last_edited=&#8221;off|desktop&#8221; module_class=&#8221;kundenrezension-name&#8221; _builder_version=&#8221;4.27.6&#8243; _module_preset=&#8221;default&#8221; vertical_offset=&#8221;70%&#8221; horizontal_offset=&#8221;30%&#8221; horizontal_offset_tablet=&#8221;30%&#8221; horizontal_offset_phone=&#8221;0%&#8221; horizontal_offset_last_edited=&#8221;on|desktop&#8221; position_origin_a_last_edited=&#8221;off|desktop&#8221; position_origin_f_last_edited=&#8221;off|desktop&#8221; position_origin_r_phone=&#8221;top_left&#8221; position_origin_r_last_edited=&#8221;off|desktop&#8221; width=&#8221;100%&#8221; positioning_tablet=&#8221;relative&#8221; positioning_phone=&#8221;relative&#8221; positioning_last_edited=&#8221;off|desktop&#8221; global_colors_info=&#8221;{}&#8221; positioning__hover_enabled=&#8221;off|desktop&#8221; position_origin_a__hover_enabled=&#8221;off|desktop&#8221; position_origin_f__hover_enabled=&#8221;off|desktop&#8221; position_origin_r__hover_enabled=&#8221;off|desktop&#8221; custom_css_main_element_last_edited=&#8221;on|phone&#8221; custom_css_main_element_phone=&#8221;text-align: center !important;&#8221; custom_css_after_last_edited=&#8221;off|desktop&#8221; positioning__hover=&#8221;absolute&#8221;]<\/p>\n<p>Prof. Dr. rer. nat. Michaela D\u00f6ll  <\/p>\n<h5>Esperto in medicina nutrizionale<\/h5>\n<p>[\/et_pb_text][et_pb_text content_phone=&#8221;<\/p>\n<p style=%22text-align: center;%22><em>Il tuo contenuto va qui. Puoi modificare o rimuovere questo testo in linea o nelle impostazioni del modulo Contenuto. Inoltre, puoi personalizzare ogni aspetto di questo contenuto nelle impostazioni del modulo Design e persino applicare un CSS personalizzato a questo testo nelle impostazioni del modulo Avanzate.  <\/em><\/p>\n<p>&#8221; content_last_edited=&#8221;off|desktop&#8221; module_class=&#8221;kundenrezension-text&#8221; _builder_version=&#8221;4.27.6&#8243; _module_preset=&#8221;default&#8221; text_font=&#8221;|300|||||||&#8221; width=&#8221;100%&#8221; global_colors_info=&#8221;{}&#8221;]<\/p>\n<h4>Da oltre 25 anni mi occupo di medicina olistica e naturopatica, con particolare interesse per i temi legati alla nutrizione e alla biologia. Durante questo periodo mi sono dedicato intensamente allo studio dei risultati delle ricerche pi\u00f9 recenti (ad esempio sulla medicina ortomolecolare, l&#8217;epigenetica, la nutrigenomica e la fitoterapia). La filosofia di rubyni, che consiste nell&#8217;utilizzare estratti completi con il profilo d&#8217;azione integrale dell&#8217;intera matrice del frutto, mi ha affascinato e convinto fin dall&#8217;inizio. Per questo ho accettato volentieri l&#8217;incarico di sviluppare nuovi prodotti che contenessero rubyni, ma allo stesso tempo, in un&#8217;ottica di sinergia d&#8217;azione, anche altri ingredienti per uno scopo specifico.   <\/h4>\n<p>[\/et_pb_text][\/et_pb_column][\/et_pb_row][\/et_pb_section]<\/p>\n","protected":false},"excerpt":{"rendered":"<p><div class=\"et_pb_module lwp_divi_breadcrumbs lwp_divi_breadcrumbs_0 breadcrumbs-item\">\n\t\t\t\t\n\t\t\t\t\n\t\t\t\t\n\t\t\t\t\n\t\t\t\t\n\t\t\t\t\n\t\t\t\t<div class=\"et_pb_module_inner\">\n\t\t\t\t\t<div class=\"lwp-breadcrumbs\"> <span class=\"before\"><\/span> <span vocab=\"https:\/\/schema.org\/\" typeof=\"BreadcrumbList\"><span property=\"itemListElement\" typeof=\"ListItem\"><a property=\"item\" typeof=\"WebPage\" href=\"#\" class=\"home\"><span property=\"name\">Home<\/span><\/a><meta property=\"position\" content=\"1\"><\/span> <span class=\"separator et-pb-icon\">9<\/span> <\/span><\/div>\n\t\t\t\t<\/div>\n\t\t\t<\/div>rubyni\u00ae Curcuma Plus Curcuma e zenzero: sostanze vegetali ripensateIntegratore alimentare con curcuma e zenzero da fonti naturali100% vegano, senza glutine e senza lattosio Ingredienti: polvere di foglie di prezzemolo, estratto di curcuma (da Curcuma longa, 30-32:1, 45% di curcuminoidi, 37,5% di curcumina), agente di rivestimento idrossipropilmetilcellulosa (involucro della [&hellip;]<\/p>\n","protected":false},"author":1,"featured_media":17619,"parent":17890,"menu_order":0,"comment_status":"closed","ping_status":"closed","template":"page-no-header.php","meta":{"_acf_changed":false,"_et_pb_use_builder":"on","_et_pb_old_content":"","_et_gb_content_width":"","footnotes":""},"class_list":["post-17816","page","type-page","status-publish","has-post-thumbnail","hentry"],"acf":[],"yoast_head":"<!-- This site is optimized with the Yoast SEO Premium plugin v27.7 (Yoast SEO v27.7) - https:\/\/yoast.com\/product\/yoast-seo-premium-wordpress\/ -->\r\n<title>rubyni CURCUMA PLUS capsule: curcuma e zenzero<\/title>\r\n<meta name=\"description\" content=\"rubyni CURCUMA PLUS con estratto di curcuma a spettro completo, zenzero, curcumina e gingeroli. Vegano e di alta qualit\u00e0. Scoprilo subito.\" \/>\r\n<meta name=\"robots\" content=\"index, follow, max-snippet:-1, max-image-preview:large, max-video-preview:-1\" \/>\r\n<link rel=\"canonical\" href=\"https:\/\/rubyni.com\/produkte\/rubyni-essentials\/rubyni-curcuma-plus\" \/>\r\n<meta property=\"og:locale\" content=\"it_IT\" \/>\r\n<meta property=\"og:type\" content=\"article\" \/>\r\n<meta property=\"og:title\" content=\"CURCUMA PLUS\" \/>\r\n<meta property=\"og:description\" content=\"rubyni CURCUMA PLUS con estratto di curcuma a spettro completo, zenzero, curcumina e gingeroli. Vegano e di alta qualit\u00e0. Scoprilo subito.\" \/>\r\n<meta property=\"og:url\" content=\"https:\/\/rubyni.com\/produkte\/rubyni-essentials\/rubyni-curcuma-plus\" \/>\r\n<meta property=\"og:site_name\" content=\"rubyni\" \/>\r\n<meta property=\"article:modified_time\" content=\"2026-08-26T08:32:27+00:00\" \/>\r\n<meta property=\"og:image\" content=\"https:\/\/rubyni.com\/wp-content\/uploads\/2026\/04\/Curcuma_Bild1.webp\" \/>\r\n\t<meta property=\"og:image:width\" content=\"960\" \/>\r\n\t<meta property=\"og:image:height\" content=\"960\" \/>\r\n\t<meta property=\"og:image:type\" content=\"image\/webp\" \/>\r\n<meta name=\"twitter:card\" content=\"summary_large_image\" \/>\r\n<meta name=\"twitter:label1\" content=\"Tempo di lettura stimato\" \/>\n\t<meta name=\"twitter:data1\" content=\"39 minuti\" \/>\r\n<script type=\"application\/ld+json\" class=\"yoast-schema-graph\">{\"@context\":\"https:\\\/\\\/schema.org\",\"@graph\":[{\"@type\":\"WebPage\",\"@id\":\"https:\\\/\\\/rubyni.com\\\/produkte\\\/rubyni-essentials\\\/rubyni-curcuma-plus\",\"url\":\"https:\\\/\\\/rubyni.com\\\/produkte\\\/rubyni-essentials\\\/rubyni-curcuma-plus\",\"name\":\"rubyni CURCUMA PLUS capsule: curcuma e zenzero\",\"isPartOf\":{\"@id\":\"https:\\\/\\\/rubyni.com\\\/#website\"},\"primaryImageOfPage\":{\"@id\":\"https:\\\/\\\/rubyni.com\\\/produkte\\\/rubyni-essentials\\\/rubyni-curcuma-plus#primaryimage\"},\"image\":{\"@id\":\"https:\\\/\\\/rubyni.com\\\/produkte\\\/rubyni-essentials\\\/rubyni-curcuma-plus#primaryimage\"},\"thumbnailUrl\":\"https:\\\/\\\/rubyni.com\\\/wp-content\\\/uploads\\\/2026\\\/04\\\/Curcuma_Bild1.webp\",\"datePublished\":\"2026-04-01T06:20:02+00:00\",\"dateModified\":\"2026-08-26T08:32:27+00:00\",\"description\":\"rubyni CURCUMA PLUS con estratto di curcuma a spettro completo, zenzero, curcumina e gingeroli. Vegano e di alta qualit\u00e0. Scoprilo subito.\",\"breadcrumb\":{\"@id\":\"https:\\\/\\\/rubyni.com\\\/produkte\\\/rubyni-essentials\\\/rubyni-curcuma-plus#breadcrumb\"},\"inLanguage\":\"it-IT\",\"potentialAction\":[{\"@type\":\"ReadAction\",\"target\":[\"https:\\\/\\\/rubyni.com\\\/produkte\\\/rubyni-essentials\\\/rubyni-curcuma-plus\"]}]},{\"@type\":\"ImageObject\",\"inLanguage\":\"it-IT\",\"@id\":\"https:\\\/\\\/rubyni.com\\\/produkte\\\/rubyni-essentials\\\/rubyni-curcuma-plus#primaryimage\",\"url\":\"https:\\\/\\\/rubyni.com\\\/wp-content\\\/uploads\\\/2026\\\/04\\\/Curcuma_Bild1.webp\",\"contentUrl\":\"https:\\\/\\\/rubyni.com\\\/wp-content\\\/uploads\\\/2026\\\/04\\\/Curcuma_Bild1.webp\",\"width\":960,\"height\":960,\"caption\":\"PET-Dose des Nahrungserg\u00e4nzungsmittels rubyni Curcuma Plus mit schwarzem Etikett und zwei gelben Kapseln davor, versehen mit einem gr\u00fcnen \u201eVegan\u201c-Anh\u00e4nger.\"},{\"@type\":\"BreadcrumbList\",\"@id\":\"https:\\\/\\\/rubyni.com\\\/produkte\\\/rubyni-essentials\\\/rubyni-curcuma-plus#breadcrumb\",\"itemListElement\":[{\"@type\":\"ListItem\",\"position\":1,\"name\":\"Startseite\",\"item\":\"https:\\\/\\\/rubyni.com\\\/\"},{\"@type\":\"ListItem\",\"position\":2,\"name\":\"I nostri prodotti\",\"item\":\"https:\\\/\\\/rubyni.com\\\/it\\\/i-nostri-prodotti\"},{\"@type\":\"ListItem\",\"position\":3,\"name\":\"rubyni Essentials\",\"item\":\"https:\\\/\\\/rubyni.com\\\/produkte\\\/rubyni-essentials\"},{\"@type\":\"ListItem\",\"position\":4,\"name\":\"CURCUMA PLUS\"}]},{\"@type\":\"WebSite\",\"@id\":\"https:\\\/\\\/rubyni.com\\\/#website\",\"url\":\"https:\\\/\\\/rubyni.com\\\/\",\"name\":\"rubyni\",\"description\":\"\",\"potentialAction\":[{\"@type\":\"SearchAction\",\"target\":{\"@type\":\"EntryPoint\",\"urlTemplate\":\"https:\\\/\\\/rubyni.com\\\/?s={search_term_string}\"},\"query-input\":{\"@type\":\"PropertyValueSpecification\",\"valueRequired\":true,\"valueName\":\"search_term_string\"}}],\"inLanguage\":\"it-IT\"}]}<\/script>\r\n<!-- \/ Yoast SEO Premium plugin. -->","yoast_head_json":{"title":"rubyni CURCUMA PLUS capsule: curcuma e zenzero","description":"rubyni CURCUMA PLUS con estratto di curcuma a spettro completo, zenzero, curcumina e gingeroli. Vegano e di alta qualit\u00e0. Scoprilo subito.","robots":{"index":"index","follow":"follow","max-snippet":"max-snippet:-1","max-image-preview":"max-image-preview:large","max-video-preview":"max-video-preview:-1"},"canonical":"https:\/\/rubyni.com\/produkte\/rubyni-essentials\/rubyni-curcuma-plus","og_locale":"it_IT","og_type":"article","og_title":"CURCUMA PLUS","og_description":"rubyni CURCUMA PLUS con estratto di curcuma a spettro completo, zenzero, curcumina e gingeroli. Vegano e di alta qualit\u00e0. Scoprilo subito.","og_url":"https:\/\/rubyni.com\/produkte\/rubyni-essentials\/rubyni-curcuma-plus","og_site_name":"rubyni","article_modified_time":"2026-08-26T08:32:27+00:00","og_image":[{"width":960,"height":960,"url":"https:\/\/rubyni.com\/wp-content\/uploads\/2026\/04\/Curcuma_Bild1.webp","type":"image\/webp"}],"twitter_card":"summary_large_image","twitter_misc":{"Tempo di lettura stimato":"39 minuti"},"schema":{"@context":"https:\/\/schema.org","@graph":[{"@type":"WebPage","@id":"https:\/\/rubyni.com\/produkte\/rubyni-essentials\/rubyni-curcuma-plus","url":"https:\/\/rubyni.com\/produkte\/rubyni-essentials\/rubyni-curcuma-plus","name":"rubyni CURCUMA PLUS capsule: curcuma e zenzero","isPartOf":{"@id":"https:\/\/rubyni.com\/#website"},"primaryImageOfPage":{"@id":"https:\/\/rubyni.com\/produkte\/rubyni-essentials\/rubyni-curcuma-plus#primaryimage"},"image":{"@id":"https:\/\/rubyni.com\/produkte\/rubyni-essentials\/rubyni-curcuma-plus#primaryimage"},"thumbnailUrl":"https:\/\/rubyni.com\/wp-content\/uploads\/2026\/04\/Curcuma_Bild1.webp","datePublished":"2026-04-01T06:20:02+00:00","dateModified":"2026-08-26T08:32:27+00:00","description":"rubyni CURCUMA PLUS con estratto di curcuma a spettro completo, zenzero, curcumina e gingeroli. Vegano e di alta qualit\u00e0. Scoprilo subito.","breadcrumb":{"@id":"https:\/\/rubyni.com\/produkte\/rubyni-essentials\/rubyni-curcuma-plus#breadcrumb"},"inLanguage":"it-IT","potentialAction":[{"@type":"ReadAction","target":["https:\/\/rubyni.com\/produkte\/rubyni-essentials\/rubyni-curcuma-plus"]}]},{"@type":"ImageObject","inLanguage":"it-IT","@id":"https:\/\/rubyni.com\/produkte\/rubyni-essentials\/rubyni-curcuma-plus#primaryimage","url":"https:\/\/rubyni.com\/wp-content\/uploads\/2026\/04\/Curcuma_Bild1.webp","contentUrl":"https:\/\/rubyni.com\/wp-content\/uploads\/2026\/04\/Curcuma_Bild1.webp","width":960,"height":960,"caption":"PET-Dose des Nahrungserg\u00e4nzungsmittels rubyni Curcuma Plus mit schwarzem Etikett und zwei gelben Kapseln davor, versehen mit einem gr\u00fcnen \u201eVegan\u201c-Anh\u00e4nger."},{"@type":"BreadcrumbList","@id":"https:\/\/rubyni.com\/produkte\/rubyni-essentials\/rubyni-curcuma-plus#breadcrumb","itemListElement":[{"@type":"ListItem","position":1,"name":"Startseite","item":"https:\/\/rubyni.com\/"},{"@type":"ListItem","position":2,"name":"I nostri prodotti","item":"https:\/\/rubyni.com\/it\/i-nostri-prodotti"},{"@type":"ListItem","position":3,"name":"rubyni Essentials","item":"https:\/\/rubyni.com\/produkte\/rubyni-essentials"},{"@type":"ListItem","position":4,"name":"CURCUMA PLUS"}]},{"@type":"WebSite","@id":"https:\/\/rubyni.com\/#website","url":"https:\/\/rubyni.com\/","name":"rubyni","description":"","potentialAction":[{"@type":"SearchAction","target":{"@type":"EntryPoint","urlTemplate":"https:\/\/rubyni.com\/?s={search_term_string}"},"query-input":{"@type":"PropertyValueSpecification","valueRequired":true,"valueName":"search_term_string"}}],"inLanguage":"it-IT"}]}},"_links":{"self":[{"href":"https:\/\/rubyni.com\/it\/wp-json\/wp\/v2\/pages\/17816","targetHints":{"allow":["GET"]}}],"collection":[{"href":"https:\/\/rubyni.com\/it\/wp-json\/wp\/v2\/pages"}],"about":[{"href":"https:\/\/rubyni.com\/it\/wp-json\/wp\/v2\/types\/page"}],"author":[{"embeddable":true,"href":"https:\/\/rubyni.com\/it\/wp-json\/wp\/v2\/users\/1"}],"replies":[{"embeddable":true,"href":"https:\/\/rubyni.com\/it\/wp-json\/wp\/v2\/comments?post=17816"}],"version-history":[{"count":14,"href":"https:\/\/rubyni.com\/it\/wp-json\/wp\/v2\/pages\/17816\/revisions"}],"predecessor-version":[{"id":22044,"href":"https:\/\/rubyni.com\/it\/wp-json\/wp\/v2\/pages\/17816\/revisions\/22044"}],"up":[{"embeddable":true,"href":"https:\/\/rubyni.com\/it\/wp-json\/wp\/v2\/pages\/17890"}],"wp:featuredmedia":[{"embeddable":true,"href":"https:\/\/rubyni.com\/it\/wp-json\/wp\/v2\/media\/17619"}],"wp:attachment":[{"href":"https:\/\/rubyni.com\/it\/wp-json\/wp\/v2\/media?parent=17816"}],"curies":[{"name":"wp","href":"https:\/\/api.w.org\/{rel}","templated":true}]}}